{"id":32043,"date":"2026-08-17T20:35:11","date_gmt":"2026-08-17T23:35:11","guid":{"rendered":"https:\/\/proclass.com.br\/home\/?page_id=32043"},"modified":"2026-08-18T12:53:14","modified_gmt":"2026-08-18T15:53:14","slug":"atem","status":"publish","type":"page","link":"https:\/\/proclass.com.br\/home\/cursos\/atem\/","title":{"rendered":"Curso de Atem"},"content":{"rendered":"<div id=\"pl-32043\"  class=\"panel-layout\" ><div id=\"pg-32043-0\"  class=\"panel-grid panel-has-style\" ><div class=\"siteorigin-panels-stretch panel-row-style panel-row-style-for-32043-0\" data-stretch-type=\"full-width-stretch\" ><div id=\"pgc-32043-0-0\"  class=\"panel-grid-cell\" ><div id=\"panel-32043-0-0-0\" class=\"so-panel widget widget_sow-hero panel-first-child panel-last-child\" data-index=\"0\" ><div\n\t\t\t\n\t\t\tclass=\"so-widget-sow-hero so-widget-sow-hero-default-b1541017464b-32043 so-widget-fittext-wrapper\"\n\t\t\t data-fit-text-compressor=\"0.85\"\n\t\t>\t\t\t\t<div class=\"sow-slider-base\" style=\"display: none\" tabindex=\"0\">\n\t\t\t\t\t<ul\n\t\t\t\t\tclass=\"sow-slider-images\"\n\t\t\t\t\tdata-settings=\"{&quot;pagination&quot;:true,&quot;speed&quot;:800,&quot;timeout&quot;:8000,&quot;paused&quot;:false,&quot;pause_on_hover&quot;:false,&quot;swipe&quot;:true,&quot;nav_always_show_desktop&quot;:&quot;&quot;,&quot;nav_always_show_mobile&quot;:&quot;&quot;,&quot;breakpoint&quot;:&quot;780px&quot;,&quot;unmute&quot;:false,&quot;anchor&quot;:null}\"\n\t\t\t\t\t\t\t\t\t\tdata-anchor-id=\"\"\n\t\t\t\t>\t\t<li class=\"sow-slider-image  sow-slider-image-cover\" style=\"visibility: visible;;background-color: #ffffff;background-image: url(https:\/\/proclass.com.br\/home\/wp-content\/uploads\/2026\/08\/Atem-Site-scaled.jpeg)\" >\n\t\t\t\t\t<div class=\"sow-slider-image-container\">\n\t\t\t<div class=\"sow-slider-image-wrapper\">\n\t\t\t\t<h1 style=\"text-align: center\">Curso de ATEM Mini:<\/h1>\n<h1 style=\"text-align: center\">Produ\u00e7\u00e3o ao Vivo, Streaming e P\u00f3s-Produ\u00e7\u00e3o<\/h1>\n\t\t\t<\/div>\n\t\t<\/div>\n\t\t\t\t<\/li>\n\t\t<\/ul>\t\t\t\t<ol class=\"sow-slider-pagination\">\n\t\t\t\t\t\t\t\t\t\t\t<li><a href=\"#\" data-goto=\"0\" aria-label=\"Display slide 1\"><\/a><\/li>\n\t\t\t\t\t\t\t\t\t<\/ol>\n\n\t\t\t\t<div class=\"sow-slide-nav sow-slide-nav-next\">\n\t\t\t\t\t<a href=\"#\" data-goto=\"next\" aria-label=\"Next slide\" data-action=\"next\">\n\t\t\t\t\t\t<em class=\"sow-sld-icon-thin-right\"><\/em>\n\t\t\t\t\t<\/a>\n\t\t\t\t<\/div>\n\n\t\t\t\t<div class=\"sow-slide-nav sow-slide-nav-prev\">\n\t\t\t\t\t<a href=\"#\" data-goto=\"previous\" aria-label=\"Previous slide\" data-action=\"prev\">\n\t\t\t\t\t\t<em class=\"sow-sld-icon-thin-left\"><\/em>\n\t\t\t\t\t<\/a>\n\t\t\t\t<\/div>\n\t\t\t\t<\/div><\/div><\/div><\/div><\/div><\/div><div id=\"pg-32043-1\"  class=\"panel-grid panel-has-style\" ><div class=\"siteorigin-panels-stretch panel-row-style panel-row-style-for-32043-1\" data-stretch-type=\"full\" ><div id=\"pgc-32043-1-0\"  class=\"panel-grid-cell\" ><div id=\"panel-32043-1-0-0\" class=\"so-panel widget widget_sow-headline panel-first-child panel-last-child\" data-index=\"1\" ><div class=\"panel-widget-style panel-widget-style-for-32043-1-0-0\" ><div\n\t\t\t\n\t\t\tclass=\"so-widget-sow-headline so-widget-sow-headline-default-887c93a7c07a-32043\"\n\t\t\t\n\t\t><div class=\"sow-headline-container \">\n\t\t\t\t\t\t\t<h1 class=\"sow-headline\">\n\t\t\t\t\t\tA Blackmagic e a ProClass\t\t\t\t\t\t<\/h1>\n\t\t\t\t\t\t\t\t\t\t\t\t<h3 class=\"sow-sub-headline\">\n\t\t\t\t\t\tA ProClass \u00e9 Centro de Treinamento Autorizado da Blackmagic Design no Brasil, oferecendo ensino oficial com metodologia garantida e foco nas exig\u00eancias reais do mercado.\t\t\t\t\t\t<\/h3>\n\t\t\t\t\t\t<\/div>\n<\/div><\/div><\/div><\/div><\/div><\/div><div id=\"pg-32043-2\"  class=\"panel-grid panel-no-style\" ><div id=\"pgc-32043-2-0\"  class=\"panel-grid-cell\" ><div id=\"panel-32043-2-0-0\" class=\"so-panel widget widget_sow-editor panel-first-child panel-last-child\" data-index=\"2\" ><div\n\t\t\t\n\t\t\tclass=\"so-widget-sow-editor so-widget-sow-editor-base\"\n\t\t\t\n\t\t>\n<div class=\"siteorigin-widget-tinymce textwidget\">\n\t<h2>Curso de ATEM Mini: Produ\u00e7\u00e3o ao Vivo, Streaming e P\u00f3s-Produ\u00e7\u00e3o<\/h2>\n<p class=\"p1\">Neste curso, o aluno ser\u00e1 apresentado ao fluxo completo de produ\u00e7\u00e3o ao vivo com o ATEM Mini. O treinamento abrange do setup inicial ao streaming profissional, \u00e1udio e grava\u00e7\u00e3o ISO em multic\u00e2mera. \u00c9 o preparo ideal para atuar com seguran\u00e7a em transmiss\u00f5es de eventos, podcasts e aulas online.<\/p>\n<p>Curso realizado em turmas fechadas, para grupos ou empresas, com hor\u00e1rio marcado previamente.<\/p>\n<p><strong>Entre em contato para solicitar um or\u00e7amento, ou receber mais informa\u00e7\u00f5es: info@proclass.com.br ou WhatsApp: (21)\u00a0<a href=\"https:\/\/api.whatsapp.com\/send?phone=5521976157922\">97615-7922<\/a><\/strong><\/p>\n<div id=\"accordions-32047\" class=\"accordions-32047 accordions\" data-accordions={&quot;lazyLoad&quot;:true,&quot;id&quot;:&quot;32047&quot;,&quot;event&quot;:&quot;click&quot;,&quot;collapsible&quot;:&quot;true&quot;,&quot;heightStyle&quot;:&quot;content&quot;,&quot;animateStyle&quot;:&quot;swing&quot;,&quot;animateDelay&quot;:1000,&quot;navigation&quot;:true,&quot;active&quot;:999,&quot;expandedOther&quot;:&quot;no&quot;}>\r\n                <div id=\"accordions-lazy-32047\" class=\"accordions-lazy\" accordionsId=\"32047\">\r\n                    <\/div>\r\n\r\n    <div class=\"items\"  style=\"display:none\" >\r\n    \r\n            <div post_id=\"32047\" itemcount=\"0\"  header_id=\"header-0\" id=\"header-0\" style=\"\" class=\"accordions-head head0 border-none\" toggle-text=\"\" main-text=\"Objetivos\">\r\n                                    <span id=\"accordion-icons-0\" class=\"accordion-icons\">\r\n                        <span class=\"accordion-icon-active accordion-plus\"><i class=\"fa fa-plus-square\"><\/i><\/span>\r\n                        <span class=\"accordion-icon-inactive accordion-minus\"><i class=\"fa fa-minus-square\"><\/i><\/span>\r\n                    <\/span>\r\n                    <span id=\"header-text-0\" class=\"accordions-head-title\">Objetivos<\/span>\r\n                            <\/div>\r\n            <div class=\"accordion-content content0 \">\r\n                <p>Trabalhar com os arquivos gravados na atem.<\/p>\n<p>Gerenciar m\u00faltiplas c\u00e2meras e fontes HDMI. Realizar cortes, transi\u00e7\u00f5es e composi\u00e7\u00e3o de imagens.<\/p>\n<p>Substituir os arquivos gerados pela atem pelos arquivos em alta gravados na c\u00e2mera.<\/p>\n<p>Trabalhar com \u00e1udio de forma profissional.<\/p>\n<p>Utilizar gr\u00e1ficos, t\u00edtulos e m\u00eddias.<\/p>\n<p>Configurar streaming.<\/p>\n<p>Operar uma produ\u00e7\u00e3o ao vivo.<\/p>\n<p>Planejar um setup profissional de acordo com cada tipo de produ\u00e7\u00e3o.<\/p>\n            <\/div>\r\n    \r\n            <div post_id=\"32047\" itemcount=\"1\"  header_id=\"header-1482875900075\" id=\"header-1482875900075\" style=\"\" class=\"accordions-head head1482875900075 border-none\" toggle-text=\"\" main-text=\"Conte\u00fados\">\r\n                                    <span id=\"accordion-icons-1482875900075\" class=\"accordion-icons\">\r\n                        <span class=\"accordion-icon-active accordion-plus\"><i class=\"fa fa-plus-square\"><\/i><\/span>\r\n                        <span class=\"accordion-icon-inactive accordion-minus\"><i class=\"fa fa-minus-square\"><\/i><\/span>\r\n                    <\/span>\r\n                    <span id=\"header-text-1482875900075\" class=\"accordions-head-title\">Conte\u00fados<\/span>\r\n                            <\/div>\r\n            <div class=\"accordion-content content1482875900075 \">\r\n                <p><strong>Fundamentos da produ\u00e7\u00e3o ao vivo:<\/strong><br \/>\n* O que \u00e9 um switcher<br \/>\n* Conceito de produ\u00e7\u00e3o multic\u00e2mera<br \/>\n* Input, Preview, Program e Aux<br \/>\n* Conceito de corte, transi\u00e7\u00e3o e composi\u00e7\u00e3o<br \/>\n* Diferen\u00e7a entre produ\u00e7\u00e3o ao vivo, streaming e grava\u00e7\u00e3o<\/p>\n<p><strong>O Switcher ATEM Mini:<\/strong><br \/>\n* Linha ATEM Mini: diferen\u00e7as entre modelos<br \/>\n* Interface f\u00edsica<br \/>\n* Entradas HDMI<br \/>\n* Sa\u00eddas<br \/>\n* USB<br \/>\n* Ethernet<br \/>\n* \u00c1udio<br \/>\n* Bot\u00f5es e controles<br \/>\n* ATEM Software Control<\/p>\n<p><strong>Configura\u00e7\u00e3o profissional:<\/strong><br \/>\n* Resolu\u00e7\u00e3o e frame rate<br \/>\n* Compatibilidade entre c\u00e2meras<br \/>\n* HDMI e gerenciamento de sinais<br \/>\n* Configura\u00e7\u00e3o das entradas<br \/>\n* Sa\u00eddas<\/p>\n<p><strong>Opera\u00e7\u00e3o de v\u00eddeo:<\/strong><br \/>\n* Program e Preview<br \/>\n* Cut<br \/>\n* Auto<br \/>\n* Transi\u00e7\u00f5es<br \/>\n* Opera\u00e7\u00e3o com m\u00faltiplas c\u00e2meras<br \/>\n* T\u00e9cnicas para cortes mais profissionais<\/p>\n<p><strong>SuperSource:<\/strong><br \/>\n* Conceito do SuperSource<br \/>\n* Configura\u00e7\u00e3o<br \/>\n* Boxes<br \/>\n* Posi\u00e7\u00e3o e tamanho<\/p>\n<p><strong>\u00c1udio profissional:<\/strong><br \/>\n* Estrutura de \u00e1udio do ATEM<br \/>\n* Cabos corretos<br \/>\n* Mixagem durante a transmiss\u00e3o<br \/>\n* Sincroniza\u00e7\u00e3o entre \u00e1udio e v\u00eddeo<\/p>\n<p><strong>Streaming profissional:<\/strong><br \/>\n* Como o ATEM funciona como encoder<br \/>\n* Configura\u00e7\u00e3o de streaming<br \/>\n* YouTube<br \/>\n* Facebook<br \/>\n* RTMP<br \/>\n* Stream Key<br \/>\n* Bitrate<br \/>\n* Resolu\u00e7\u00e3o<br \/>\n* Frame rate<br \/>\n* Configura\u00e7\u00e3o de rede<br \/>\n* Ethernet x Wi-Fi<br \/>\n* Testes antes da transmiss\u00e3o<br \/>\n* Monitoramento do streaming<\/p>\n<p><strong>Grava\u00e7\u00e3o:<\/strong><br \/>\n* Grava\u00e7\u00e3o via USB-C<br \/>\n* Codec<br \/>\n* Configura\u00e7\u00e3o de grava\u00e7\u00e3o<br \/>\n* SSD<br \/>\n* Organiza\u00e7\u00e3o dos arquivos<br \/>\n* Grava\u00e7\u00e3o ISO<br \/>\n* Fluxo para p\u00f3s-produ\u00e7\u00e3o<br \/>\n* Integra\u00e7\u00e3o com DaVinci Resolve<\/p>\n<p><strong>\u00a0Opera\u00e7\u00e3o com c\u00e2meras<\/strong><br \/>\n* Como preparar as c\u00e2meras para o ATEM Mini<br \/>\n* White Balance<br \/>\n* Frame rate<br \/>\n* Shutter<\/p>\n            <\/div>\r\n    <\/div>\r\n\r\n\r\n\r\n            <\/div>\n<\/div>\n<\/div><\/div><\/div><\/div><\/div>","protected":false},"excerpt":{"rendered":"<p>Curso de ATEM Mini: Produ\u00e7\u00e3o ao Vivo, Streaming e P\u00f3s-Produ\u00e7\u00e3o A Blackmagic e a ProClass A ProClass \u00e9 Centro de Treinamento Autorizado da Blackmagic Design no Brasil, oferecendo ensino oficial com metodologia garantida e foco nas exig\u00eancias reais do mercado. Curso de ATEM Mini: Produ\u00e7\u00e3o ao Vivo, Streaming e P\u00f3s-Produ\u00e7\u00e3o Neste curso, o aluno ser\u00e1Continue reading &rarr;<\/p>\n","protected":false},"author":4,"featured_media":0,"parent":7277,"menu_order":0,"comment_status":"closed","ping_status":"open","template":"","meta":{"footnotes":""},"class_list":["post-32043","page","type-page","status-publish","hentry","no-thumb"],"yoast_head":"<!-- This site is optimized with the Yoast SEO plugin v26.9 - https:\/\/yoast.com\/product\/yoast-seo-wordpress\/ -->\n<title>Curso de Atem - PROCLASS<\/title>\n<meta name=\"description\" content=\"Aprenda a operar o ATEM Mini do zero ao avan\u00e7ado. Domine transmiss\u00f5es ao vivo, podcasts, grava\u00e7\u00e3o ISO e integra\u00e7\u00e3o com DaVinci Resolve.\" \/>\n<meta name=\"robots\" content=\"index, follow, max-snippet:-1, max-image-preview:large, max-video-preview:-1\" \/>\n<link rel=\"canonical\" href=\"https:\/\/proclass.com.br\/home\/cursos\/atem\/\" \/>\n<meta property=\"og:locale\" content=\"pt_BR\" \/>\n<meta property=\"og:type\" content=\"article\" \/>\n<meta property=\"og:title\" content=\"Curso de Atem - PROCLASS\" \/>\n<meta property=\"og:description\" content=\"Aprenda a operar o ATEM Mini do zero ao avan\u00e7ado. Domine transmiss\u00f5es ao vivo, podcasts, grava\u00e7\u00e3o ISO e integra\u00e7\u00e3o com DaVinci Resolve.\" \/>\n<meta property=\"og:url\" content=\"https:\/\/proclass.com.br\/home\/cursos\/atem\/\" \/>\n<meta property=\"og:site_name\" content=\"PROCLASS\" \/>\n<meta property=\"article:modified_time\" content=\"2026-08-18T15:53:14+00:00\" \/>\n<meta name=\"twitter:card\" content=\"summary_large_image\" \/>\n<meta name=\"twitter:label1\" content=\"Est. tempo de leitura\" \/>\n\t<meta name=\"twitter:data1\" content=\"3 minutos\" \/>\n<script type=\"application\/ld+json\" class=\"yoast-schema-graph\">{\"@context\":\"https:\/\/schema.org\",\"@graph\":[{\"@type\":\"WebPage\",\"@id\":\"https:\/\/proclass.com.br\/home\/cursos\/atem\/\",\"url\":\"https:\/\/proclass.com.br\/home\/cursos\/atem\/\",\"name\":\"Curso de Atem - PROCLASS\",\"isPartOf\":{\"@id\":\"https:\/\/proclass.com.br\/home\/#website\"},\"datePublished\":\"2026-08-17T23:35:11+00:00\",\"dateModified\":\"2026-08-18T15:53:14+00:00\",\"description\":\"Aprenda a operar o ATEM Mini do zero ao avan\u00e7ado. Domine transmiss\u00f5es ao vivo, podcasts, grava\u00e7\u00e3o ISO e integra\u00e7\u00e3o com DaVinci Resolve.\",\"breadcrumb\":{\"@id\":\"https:\/\/proclass.com.br\/home\/cursos\/atem\/#breadcrumb\"},\"inLanguage\":\"pt-BR\",\"potentialAction\":[{\"@type\":\"ReadAction\",\"target\":[\"https:\/\/proclass.com.br\/home\/cursos\/atem\/\"]}]},{\"@type\":\"BreadcrumbList\",\"@id\":\"https:\/\/proclass.com.br\/home\/cursos\/atem\/#breadcrumb\",\"itemListElement\":[{\"@type\":\"ListItem\",\"position\":1,\"name\":\"In\u00edcio\",\"item\":\"https:\/\/proclass.com.br\/home\/\"},{\"@type\":\"ListItem\",\"position\":2,\"name\":\"CURSOS\",\"item\":\"https:\/\/proclass.com.br\/home\/cursos\/\"},{\"@type\":\"ListItem\",\"position\":3,\"name\":\"Curso de Atem\"}]},{\"@type\":\"WebSite\",\"@id\":\"https:\/\/proclass.com.br\/home\/#website\",\"url\":\"https:\/\/proclass.com.br\/home\/\",\"name\":\"PROCLASS\",\"description\":\"CURSOS E TREINAMENTOS\",\"publisher\":{\"@id\":\"https:\/\/proclass.com.br\/home\/#organization\"},\"potentialAction\":[{\"@type\":\"SearchAction\",\"target\":{\"@type\":\"EntryPoint\",\"urlTemplate\":\"https:\/\/proclass.com.br\/home\/?s={search_term_string}\"},\"query-input\":{\"@type\":\"PropertyValueSpecification\",\"valueRequired\":true,\"valueName\":\"search_term_string\"}}],\"inLanguage\":\"pt-BR\"},{\"@type\":\"Organization\",\"@id\":\"https:\/\/proclass.com.br\/home\/#organization\",\"name\":\"PROCLASS\",\"url\":\"https:\/\/proclass.com.br\/home\/\",\"logo\":{\"@type\":\"ImageObject\",\"inLanguage\":\"pt-BR\",\"@id\":\"https:\/\/proclass.com.br\/home\/#\/schema\/logo\/image\/\",\"url\":\"https:\/\/proclass.com.br\/home\/wp-content\/uploads\/2026\/06\/CABECALHO-SITE-PROCLASS-2026-scaled.webp\",\"contentUrl\":\"https:\/\/proclass.com.br\/home\/wp-content\/uploads\/2026\/06\/CABECALHO-SITE-PROCLASS-2026-scaled.webp\",\"width\":2560,\"height\":843,\"caption\":\"PROCLASS\"},\"image\":{\"@id\":\"https:\/\/proclass.com.br\/home\/#\/schema\/logo\/image\/\"}}]}<\/script>\n<!-- \/ Yoast SEO plugin. -->","yoast_head_json":{"title":"Curso de Atem - PROCLASS","description":"Aprenda a operar o ATEM Mini do zero ao avan\u00e7ado. Domine transmiss\u00f5es ao vivo, podcasts, grava\u00e7\u00e3o ISO e integra\u00e7\u00e3o com DaVinci Resolve.","robots":{"index":"index","follow":"follow","max-snippet":"max-snippet:-1","max-image-preview":"max-image-preview:large","max-video-preview":"max-video-preview:-1"},"canonical":"https:\/\/proclass.com.br\/home\/cursos\/atem\/","og_locale":"pt_BR","og_type":"article","og_title":"Curso de Atem - PROCLASS","og_description":"Aprenda a operar o ATEM Mini do zero ao avan\u00e7ado. Domine transmiss\u00f5es ao vivo, podcasts, grava\u00e7\u00e3o ISO e integra\u00e7\u00e3o com DaVinci Resolve.","og_url":"https:\/\/proclass.com.br\/home\/cursos\/atem\/","og_site_name":"PROCLASS","article_modified_time":"2026-08-18T15:53:14+00:00","twitter_card":"summary_large_image","twitter_misc":{"Est. tempo de leitura":"3 minutos"},"schema":{"@context":"https:\/\/schema.org","@graph":[{"@type":"WebPage","@id":"https:\/\/proclass.com.br\/home\/cursos\/atem\/","url":"https:\/\/proclass.com.br\/home\/cursos\/atem\/","name":"Curso de Atem - PROCLASS","isPartOf":{"@id":"https:\/\/proclass.com.br\/home\/#website"},"datePublished":"2026-08-17T23:35:11+00:00","dateModified":"2026-08-18T15:53:14+00:00","description":"Aprenda a operar o ATEM Mini do zero ao avan\u00e7ado. Domine transmiss\u00f5es ao vivo, podcasts, grava\u00e7\u00e3o ISO e integra\u00e7\u00e3o com DaVinci Resolve.","breadcrumb":{"@id":"https:\/\/proclass.com.br\/home\/cursos\/atem\/#breadcrumb"},"inLanguage":"pt-BR","potentialAction":[{"@type":"ReadAction","target":["https:\/\/proclass.com.br\/home\/cursos\/atem\/"]}]},{"@type":"BreadcrumbList","@id":"https:\/\/proclass.com.br\/home\/cursos\/atem\/#breadcrumb","itemListElement":[{"@type":"ListItem","position":1,"name":"In\u00edcio","item":"https:\/\/proclass.com.br\/home\/"},{"@type":"ListItem","position":2,"name":"CURSOS","item":"https:\/\/proclass.com.br\/home\/cursos\/"},{"@type":"ListItem","position":3,"name":"Curso de Atem"}]},{"@type":"WebSite","@id":"https:\/\/proclass.com.br\/home\/#website","url":"https:\/\/proclass.com.br\/home\/","name":"PROCLASS","description":"CURSOS E TREINAMENTOS","publisher":{"@id":"https:\/\/proclass.com.br\/home\/#organization"},"potentialAction":[{"@type":"SearchAction","target":{"@type":"EntryPoint","urlTemplate":"https:\/\/proclass.com.br\/home\/?s={search_term_string}"},"query-input":{"@type":"PropertyValueSpecification","valueRequired":true,"valueName":"search_term_string"}}],"inLanguage":"pt-BR"},{"@type":"Organization","@id":"https:\/\/proclass.com.br\/home\/#organization","name":"PROCLASS","url":"https:\/\/proclass.com.br\/home\/","logo":{"@type":"ImageObject","inLanguage":"pt-BR","@id":"https:\/\/proclass.com.br\/home\/#\/schema\/logo\/image\/","url":"https:\/\/proclass.com.br\/home\/wp-content\/uploads\/2026\/06\/CABECALHO-SITE-PROCLASS-2026-scaled.webp","contentUrl":"https:\/\/proclass.com.br\/home\/wp-content\/uploads\/2026\/06\/CABECALHO-SITE-PROCLASS-2026-scaled.webp","width":2560,"height":843,"caption":"PROCLASS"},"image":{"@id":"https:\/\/proclass.com.br\/home\/#\/schema\/logo\/image\/"}}]}},"_links":{"self":[{"href":"https:\/\/proclass.com.br\/home\/wp-json\/wp\/v2\/pages\/32043","targetHints":{"allow":["GET"]}}],"collection":[{"href":"https:\/\/proclass.com.br\/home\/wp-json\/wp\/v2\/pages"}],"about":[{"href":"https:\/\/proclass.com.br\/home\/wp-json\/wp\/v2\/types\/page"}],"author":[{"embeddable":true,"href":"https:\/\/proclass.com.br\/home\/wp-json\/wp\/v2\/users\/4"}],"replies":[{"embeddable":true,"href":"https:\/\/proclass.com.br\/home\/wp-json\/wp\/v2\/comments?post=32043"}],"version-history":[{"count":16,"href":"https:\/\/proclass.com.br\/home\/wp-json\/wp\/v2\/pages\/32043\/revisions"}],"predecessor-version":[{"id":32071,"href":"https:\/\/proclass.com.br\/home\/wp-json\/wp\/v2\/pages\/32043\/revisions\/32071"}],"up":[{"embeddable":true,"href":"https:\/\/proclass.com.br\/home\/wp-json\/wp\/v2\/pages\/7277"}],"wp:attachment":[{"href":"https:\/\/proclass.com.br\/home\/wp-json\/wp\/v2\/media?parent=32043"}],"curies":[{"name":"wp","href":"https:\/\/api.w.org\/{rel}","templated":true}]}}