{"id":2531,"date":"2013-01-03T13:03:11","date_gmt":"2013-01-03T16:03:11","guid":{"rendered":"http:\/\/proclass.com.br\/home\/?page_id=2531"},"modified":"2021-06-16T19:45:21","modified_gmt":"2021-06-16T22:45:21","slug":"os-x-100","status":"publish","type":"page","link":"https:\/\/proclass.com.br\/home\/cursos\/os-x-100\/","title":{"rendered":"Fundamentos do Mac"},"content":{"rendered":"<div id=\"pl-2531\"  class=\"panel-layout\" ><div id=\"pg-2531-0\"  class=\"panel-grid panel-has-style\" ><div class=\"siteorigin-panels-stretch panel-row-style panel-row-style-for-2531-0\" data-stretch-type=\"full-stretched\" ><div id=\"pgc-2531-0-0\"  class=\"panel-grid-cell\" ><div id=\"panel-2531-0-0-0\" class=\"so-panel widget widget_sow-hero panel-first-child panel-last-child\" data-index=\"0\" ><div\n\t\t\t\n\t\t\tclass=\"so-widget-sow-hero so-widget-sow-hero-default-aab92b2c6559-2531 so-widget-fittext-wrapper\"\n\t\t\t data-fit-text-compressor=\"0.85\"\n\t\t>\t\t\t\t<div class=\"sow-slider-base\" style=\"display: none\" tabindex=\"0\">\n\t\t\t\t\t<ul\n\t\t\t\t\tclass=\"sow-slider-images\"\n\t\t\t\t\tdata-settings=\"{&quot;pagination&quot;:true,&quot;speed&quot;:800,&quot;timeout&quot;:8000,&quot;paused&quot;:false,&quot;pause_on_hover&quot;:false,&quot;swipe&quot;:true,&quot;nav_always_show_desktop&quot;:&quot;&quot;,&quot;nav_always_show_mobile&quot;:&quot;&quot;,&quot;breakpoint&quot;:&quot;780px&quot;,&quot;unmute&quot;:false,&quot;anchor&quot;:null}\"\n\t\t\t\t\t\t\t\t\t\tdata-anchor-id=\"\"\n\t\t\t\t>\t\t<li class=\"sow-slider-image  sow-slider-image-cover\" style=\"visibility: visible;;background-color: #333333;background-image: url(https:\/\/proclass.com.br\/home\/wp-content\/uploads\/2013\/01\/macbook_13___by_mexximillian.jpg)\" >\n\t\t\t\t\t<div class=\"sow-slider-image-container\">\n\t\t\t<div class=\"sow-slider-image-wrapper\">\n\t\t\t\t<h1 style=\"text-align: center\">Fundamentos do Mac<\/h1>\n<p style=\"text-align: center\">Treinamento para Grupos ou Empresas<\/p>\n<p style=\"text-align: center\">\n<\/p>\t\t\t<\/div>\n\t\t<\/div>\n\t\t\t\t<\/li>\n\t\t<\/ul>\t\t\t\t<ol class=\"sow-slider-pagination\">\n\t\t\t\t\t\t\t\t\t\t\t<li><a href=\"#\" data-goto=\"0\" aria-label=\"Display slide 1\"><\/a><\/li>\n\t\t\t\t\t\t\t\t\t<\/ol>\n\n\t\t\t\t<div class=\"sow-slide-nav sow-slide-nav-next\">\n\t\t\t\t\t<a href=\"#\" data-goto=\"next\" aria-label=\"Next slide\" data-action=\"next\">\n\t\t\t\t\t\t<em class=\"sow-sld-icon-thin-right\"><\/em>\n\t\t\t\t\t<\/a>\n\t\t\t\t<\/div>\n\n\t\t\t\t<div class=\"sow-slide-nav sow-slide-nav-prev\">\n\t\t\t\t\t<a href=\"#\" data-goto=\"previous\" aria-label=\"Previous slide\" data-action=\"prev\">\n\t\t\t\t\t\t<em class=\"sow-sld-icon-thin-left\"><\/em>\n\t\t\t\t\t<\/a>\n\t\t\t\t<\/div>\n\t\t\t\t<\/div><\/div><\/div><\/div><\/div><\/div><div id=\"pg-2531-1\"  class=\"panel-grid panel-has-style\" ><div class=\"siteorigin-panels-stretch panel-row-style panel-row-style-for-2531-1\" data-stretch-type=\"full\" ><div id=\"pgc-2531-1-0\"  class=\"panel-grid-cell\" ><div id=\"panel-2531-1-0-0\" class=\"so-panel widget widget_sow-headline panel-first-child panel-last-child\" data-index=\"1\" ><div class=\"panel-widget-style panel-widget-style-for-2531-1-0-0\" ><div\n\t\t\t\n\t\t\tclass=\"so-widget-sow-headline so-widget-sow-headline-default-8c430a345832-2531\"\n\t\t\t\n\t\t><div class=\"sow-headline-container \">\n\t\t\t\t\t\t\t<h1 class=\"sow-headline\">\n\t\t\t\t\t\tApple e a ProClass\t\t\t\t\t\t<\/h1>\n\t\t\t\t\t\t\t\t\t\t\t\t<h3 class=\"sow-sub-headline\">\n\t\t\t\t\t\tA ProClass foi, entre 2012 e 2020, a \u00fanica escola homologada Apple do Brasil. Em Janeiro de 2021 a Apple encerrou seu sistema de parcerias com as escolas, mas a ProClass continua oferecendo os treinamentos Apple\t\t\t\t\t\t<\/h3>\n\t\t\t\t\t\t<\/div>\n<\/div><\/div><\/div><\/div><\/div><\/div><div id=\"pg-2531-2\"  class=\"panel-grid panel-no-style\" ><div id=\"pgc-2531-2-0\"  class=\"panel-grid-cell\" ><div id=\"panel-2531-2-0-0\" class=\"so-panel widget widget_sow-editor panel-first-child panel-last-child\" data-index=\"2\" ><div\n\t\t\t\n\t\t\tclass=\"so-widget-sow-editor so-widget-sow-editor-base\"\n\t\t\t\n\t\t>\n<div class=\"siteorigin-widget-tinymce textwidget\">\n\t<h2><strong><img decoding=\"async\" class=\"size-thumbnail wp-image-6159 alignleft\" src=\"http:\/\/proclass.com.br\/home\/wp-content\/uploads\/2016\/05\/Apple-MacBook-Pro-icon-logo-150x150.png\" alt=\"\" width=\"150\" height=\"150\" srcset=\"https:\/\/proclass.com.br\/home\/wp-content\/uploads\/2016\/05\/Apple-MacBook-Pro-icon-logo-150x150.png 150w, https:\/\/proclass.com.br\/home\/wp-content\/uploads\/2016\/05\/Apple-MacBook-Pro-icon-logo-300x300.png 300w, https:\/\/proclass.com.br\/home\/wp-content\/uploads\/2016\/05\/Apple-MacBook-Pro-icon-logo.png 512w\" sizes=\"(max-width: 150px) 100vw, 150px\" \/><\/strong><strong>Fundamentos do Mac<br \/>\n<\/strong><\/h2>\n<p>Migrar e aprender a usar um computador\u00a0Apple, hoje em dia \u00e9 mais simples do que se imagina. Por\u00e9m, o sistema operacional do Mac tem recursos, ferramentas e truques que passam desapercebidos pela maioria dos usu\u00e1rios.<\/p>\n<p>Este curso \u00e9 voltado para quem quer\u00a0dominar\u00a0e utilizar todo o poder do seu\u00a0Mac, para trabalho, lazer e produ\u00e7\u00e3o de conte\u00fado em \u00e1udio, v\u00eddeo ou fotografia.<\/p>\n<p>Curso realizado em turmas fechadas, para grupos ou empresas, com hor\u00e1rios marcados previamente.<\/p>\n<p><strong>Entre em contato para solicitar um or\u00e7amento, ou receber mais informa\u00e7\u00f5es: info@proclass.com.br ou WhatsApp: (21)\u00a0<a href=\"https:\/\/api.whatsapp.com\/send?phone=5521976157922\">97615-7922<\/a><\/strong><\/p>\n<div id=\"accordions-6813\" class=\"accordions accordions-themes flat accordions-6813 ui-accordion ui-widget ui-helper-reset\" role=\"tablist\">\n<div id=\"ui-id-1\" class=\"accordions-head ui-accordion-header ui-state-default ui-corner-all ui-accordion-icons\" tabindex=\"0\" role=\"tab\" aria-controls=\"ui-id-2\" aria-selected=\"false\" aria-expanded=\"false\"><div id=\"accordions-6846\" class=\"accordions-6846 accordions\" data-accordions={&quot;lazyLoad&quot;:false,&quot;id&quot;:&quot;6846&quot;,&quot;event&quot;:&quot;click&quot;,&quot;collapsible&quot;:&quot;true&quot;,&quot;heightStyle&quot;:&quot;content&quot;,&quot;animateStyle&quot;:&quot;swing&quot;,&quot;animateDelay&quot;:1000,&quot;navigation&quot;:true,&quot;active&quot;:999,&quot;expandedOther&quot;:&quot;no&quot;}>\r\n                <div class=\"items\" >\r\n    \r\n            <div post_id=\"6846\" itemcount=\"0\"  header_id=\"header-0\" id=\"header-0\" style=\"\" class=\"accordions-head head0 border-none\" toggle-text=\"\" main-text=\"Objetivos\">\r\n                                    <span id=\"accordion-icons-0\" class=\"accordion-icons\">\r\n                        <span class=\"accordion-icon-active accordion-plus\"><i class=\"fa fa-plus-square\"><\/i><\/span>\r\n                        <span class=\"accordion-icon-inactive accordion-minus\"><i class=\"fa fa-minus-square\"><\/i><\/span>\r\n                    <\/span>\r\n                    <span id=\"header-text-0\" class=\"accordions-head-title\">Objetivos<\/span>\r\n                            <\/div>\r\n            <div class=\"accordion-content content0 \">\r\n                <p>Dominar o gerenciamento completo de arquivos e pastas<\/p>\n<p>Configurar o sistema ao seu gosto pessoal<\/p>\n<p>Entender as utilidades de uma Apple ID<\/p>\n<p>Compreender o sistema iCloud para compartilhar e sincronizar arquivos com todos seus produtos Apple<\/p>\n<p>Criar e gerenciar \u00e1lbuns de fotos, v\u00eddeos, m\u00fasicas e livros<\/p>\n<p>Criar e restaurar c\u00f3pias de seguran\u00e7a<\/p>\n            <\/div>\r\n    \r\n            <div post_id=\"6846\" itemcount=\"1\"  header_id=\"header-1482875900075\" id=\"header-1482875900075\" style=\"\" class=\"accordions-head head1482875900075 border-none\" toggle-text=\"\" main-text=\"Conte\u00fados\">\r\n                                    <span id=\"accordion-icons-1482875900075\" class=\"accordion-icons\">\r\n                        <span class=\"accordion-icon-active accordion-plus\"><i class=\"fa fa-plus-square\"><\/i><\/span>\r\n                        <span class=\"accordion-icon-inactive accordion-minus\"><i class=\"fa fa-minus-square\"><\/i><\/span>\r\n                    <\/span>\r\n                    <span id=\"header-text-1482875900075\" class=\"accordions-head-title\">Conte\u00fados<\/span>\r\n                            <\/div>\r\n            <div class=\"accordion-content content1482875900075 \">\r\n                <p>Finder<\/p>\n<p>Dashboard<\/p>\n<p>Notifica\u00e7\u00f5es<\/p>\n<p>Mission control<\/p>\n<p>M\u00faltiplos desktops<\/p>\n<p>Capturas de tela (foto e v\u00eddeo)<\/p>\n<p>Gestos com trackpad<\/p>\n<p>Configura\u00e7\u00f5es de sistema<\/p>\n<p>Apple ID<\/p>\n<p>iCloud<\/p>\n<p>Instala\u00e7\u00e3o de aplicativos<\/p>\n<p>Download via App store<\/p>\n<p>iTunes<\/p>\n<p>iMovie<\/p>\n<p>Fotos<\/p>\n<p>Garageband<\/p>\n<p>Recursos avan\u00e7ados do Quicktime<\/p>\n<p>Preview: trabalhos em figuras e PDFs.<\/p>\n<p>Impress\u00e3o em PDF<\/p>\n<p>Time Machine<\/p>\n<p>Atalhos de teclado<\/p>\n<p>Fun\u00e7\u00f5es escondidas<\/p>\n<p>Boas pr\u00e1ticas de manuten\u00e7\u00e3o de sistema<\/p>\n            <\/div>\r\n    <\/div>\r\n\r\n\r\n\r\n            <\/div><\/div>\n<\/div>\n<\/div>\n<\/div><\/div><\/div><\/div><\/div>","protected":false},"excerpt":{"rendered":"<p>Fundamentos do Mac Treinamento para Grupos ou Empresas Apple e a ProClass A ProClass foi, entre 2012 e 2020, a \u00fanica escola homologada Apple do Brasil. Em Janeiro de 2021 a Apple encerrou seu sistema de parcerias com as escolas, mas a ProClass continua oferecendo os treinamentos Apple Fundamentos do Mac Migrar e aprender aContinue reading &rarr;<\/p>\n","protected":false},"author":4,"featured_media":0,"parent":7277,"menu_order":0,"comment_status":"closed","ping_status":"open","template":"","meta":{"footnotes":""},"class_list":["post-2531","page","type-page","status-publish","hentry","no-thumb"],"yoast_head":"<!-- This site is optimized with the Yoast SEO plugin v26.9 - https:\/\/yoast.com\/product\/yoast-seo-wordpress\/ -->\n<title>Fundamentos do Mac - PROCLASS<\/title>\n<meta name=\"robots\" content=\"index, follow, max-snippet:-1, max-image-preview:large, max-video-preview:-1\" \/>\n<link rel=\"canonical\" href=\"https:\/\/proclass.com.br\/home\/cursos\/os-x-100\/\" \/>\n<meta property=\"og:locale\" content=\"pt_BR\" \/>\n<meta property=\"og:type\" content=\"article\" \/>\n<meta property=\"og:title\" content=\"Fundamentos do Mac - PROCLASS\" \/>\n<meta property=\"og:description\" content=\"Fundamentos do Mac Treinamento para Grupos ou Empresas Apple e a ProClass A ProClass foi, entre 2012 e 2020, a \u00fanica escola homologada Apple do Brasil. Em Janeiro de 2021 a Apple encerrou seu sistema de parcerias com as escolas, mas a ProClass continua oferecendo os treinamentos Apple Fundamentos do Mac Migrar e aprender aContinue reading &rarr;\" \/>\n<meta property=\"og:url\" content=\"https:\/\/proclass.com.br\/home\/cursos\/os-x-100\/\" \/>\n<meta property=\"og:site_name\" content=\"PROCLASS\" \/>\n<meta property=\"article:modified_time\" content=\"2021-06-16T22:45:21+00:00\" \/>\n<meta property=\"og:image\" content=\"https:\/\/proclass.com.br\/home\/wp-content\/uploads\/2016\/05\/Apple-MacBook-Pro-icon-logo.png\" \/>\n\t<meta property=\"og:image:width\" content=\"512\" \/>\n\t<meta property=\"og:image:height\" content=\"512\" \/>\n\t<meta property=\"og:image:type\" content=\"image\/png\" \/>\n<meta name=\"twitter:card\" content=\"summary_large_image\" \/>\n<meta name=\"twitter:label1\" content=\"Est. tempo de leitura\" \/>\n\t<meta name=\"twitter:data1\" content=\"1 minuto\" \/>\n<script type=\"application\/ld+json\" class=\"yoast-schema-graph\">{\"@context\":\"https:\/\/schema.org\",\"@graph\":[{\"@type\":\"WebPage\",\"@id\":\"https:\/\/proclass.com.br\/home\/cursos\/os-x-100\/\",\"url\":\"https:\/\/proclass.com.br\/home\/cursos\/os-x-100\/\",\"name\":\"Fundamentos do Mac - PROCLASS\",\"isPartOf\":{\"@id\":\"https:\/\/proclass.com.br\/home\/#website\"},\"primaryImageOfPage\":{\"@id\":\"https:\/\/proclass.com.br\/home\/cursos\/os-x-100\/#primaryimage\"},\"image\":{\"@id\":\"https:\/\/proclass.com.br\/home\/cursos\/os-x-100\/#primaryimage\"},\"thumbnailUrl\":\"http:\/\/proclass.com.br\/home\/wp-content\/uploads\/2016\/05\/Apple-MacBook-Pro-icon-logo-150x150.png\",\"datePublished\":\"2013-01-03T16:03:11+00:00\",\"dateModified\":\"2021-06-16T22:45:21+00:00\",\"breadcrumb\":{\"@id\":\"https:\/\/proclass.com.br\/home\/cursos\/os-x-100\/#breadcrumb\"},\"inLanguage\":\"pt-BR\",\"potentialAction\":[{\"@type\":\"ReadAction\",\"target\":[\"https:\/\/proclass.com.br\/home\/cursos\/os-x-100\/\"]}]},{\"@type\":\"ImageObject\",\"inLanguage\":\"pt-BR\",\"@id\":\"https:\/\/proclass.com.br\/home\/cursos\/os-x-100\/#primaryimage\",\"url\":\"https:\/\/proclass.com.br\/home\/wp-content\/uploads\/2016\/05\/Apple-MacBook-Pro-icon-logo.png\",\"contentUrl\":\"https:\/\/proclass.com.br\/home\/wp-content\/uploads\/2016\/05\/Apple-MacBook-Pro-icon-logo.png\",\"width\":512,\"height\":512},{\"@type\":\"BreadcrumbList\",\"@id\":\"https:\/\/proclass.com.br\/home\/cursos\/os-x-100\/#breadcrumb\",\"itemListElement\":[{\"@type\":\"ListItem\",\"position\":1,\"name\":\"In\u00edcio\",\"item\":\"https:\/\/proclass.com.br\/home\/\"},{\"@type\":\"ListItem\",\"position\":2,\"name\":\"CURSOS\",\"item\":\"https:\/\/proclass.com.br\/home\/cursos\/\"},{\"@type\":\"ListItem\",\"position\":3,\"name\":\"Fundamentos do Mac\"}]},{\"@type\":\"WebSite\",\"@id\":\"https:\/\/proclass.com.br\/home\/#website\",\"url\":\"https:\/\/proclass.com.br\/home\/\",\"name\":\"PROCLASS\",\"description\":\"CURSOS E TREINAMENTOS\",\"publisher\":{\"@id\":\"https:\/\/proclass.com.br\/home\/#organization\"},\"potentialAction\":[{\"@type\":\"SearchAction\",\"target\":{\"@type\":\"EntryPoint\",\"urlTemplate\":\"https:\/\/proclass.com.br\/home\/?s={search_term_string}\"},\"query-input\":{\"@type\":\"PropertyValueSpecification\",\"valueRequired\":true,\"valueName\":\"search_term_string\"}}],\"inLanguage\":\"pt-BR\"},{\"@type\":\"Organization\",\"@id\":\"https:\/\/proclass.com.br\/home\/#organization\",\"name\":\"PROCLASS\",\"url\":\"https:\/\/proclass.com.br\/home\/\",\"logo\":{\"@type\":\"ImageObject\",\"inLanguage\":\"pt-BR\",\"@id\":\"https:\/\/proclass.com.br\/home\/#\/schema\/logo\/image\/\",\"url\":\"https:\/\/proclass.com.br\/home\/wp-content\/uploads\/2023\/06\/CABECALHO-black_PROCLASS-2023.png\",\"contentUrl\":\"https:\/\/proclass.com.br\/home\/wp-content\/uploads\/2023\/06\/CABECALHO-black_PROCLASS-2023.png\",\"width\":2563,\"height\":911,\"caption\":\"PROCLASS\"},\"image\":{\"@id\":\"https:\/\/proclass.com.br\/home\/#\/schema\/logo\/image\/\"}}]}<\/script>\n<!-- \/ Yoast SEO plugin. -->","yoast_head_json":{"title":"Fundamentos do Mac - PROCLASS","robots":{"index":"index","follow":"follow","max-snippet":"max-snippet:-1","max-image-preview":"max-image-preview:large","max-video-preview":"max-video-preview:-1"},"canonical":"https:\/\/proclass.com.br\/home\/cursos\/os-x-100\/","og_locale":"pt_BR","og_type":"article","og_title":"Fundamentos do Mac - PROCLASS","og_description":"Fundamentos do Mac Treinamento para Grupos ou Empresas Apple e a ProClass A ProClass foi, entre 2012 e 2020, a \u00fanica escola homologada Apple do Brasil. Em Janeiro de 2021 a Apple encerrou seu sistema de parcerias com as escolas, mas a ProClass continua oferecendo os treinamentos Apple Fundamentos do Mac Migrar e aprender aContinue reading &rarr;","og_url":"https:\/\/proclass.com.br\/home\/cursos\/os-x-100\/","og_site_name":"PROCLASS","article_modified_time":"2021-06-16T22:45:21+00:00","og_image":[{"width":512,"height":512,"url":"https:\/\/proclass.com.br\/home\/wp-content\/uploads\/2016\/05\/Apple-MacBook-Pro-icon-logo.png","type":"image\/png"}],"twitter_card":"summary_large_image","twitter_misc":{"Est. tempo de leitura":"1 minuto"},"schema":{"@context":"https:\/\/schema.org","@graph":[{"@type":"WebPage","@id":"https:\/\/proclass.com.br\/home\/cursos\/os-x-100\/","url":"https:\/\/proclass.com.br\/home\/cursos\/os-x-100\/","name":"Fundamentos do Mac - PROCLASS","isPartOf":{"@id":"https:\/\/proclass.com.br\/home\/#website"},"primaryImageOfPage":{"@id":"https:\/\/proclass.com.br\/home\/cursos\/os-x-100\/#primaryimage"},"image":{"@id":"https:\/\/proclass.com.br\/home\/cursos\/os-x-100\/#primaryimage"},"thumbnailUrl":"http:\/\/proclass.com.br\/home\/wp-content\/uploads\/2016\/05\/Apple-MacBook-Pro-icon-logo-150x150.png","datePublished":"2013-01-03T16:03:11+00:00","dateModified":"2021-06-16T22:45:21+00:00","breadcrumb":{"@id":"https:\/\/proclass.com.br\/home\/cursos\/os-x-100\/#breadcrumb"},"inLanguage":"pt-BR","potentialAction":[{"@type":"ReadAction","target":["https:\/\/proclass.com.br\/home\/cursos\/os-x-100\/"]}]},{"@type":"ImageObject","inLanguage":"pt-BR","@id":"https:\/\/proclass.com.br\/home\/cursos\/os-x-100\/#primaryimage","url":"https:\/\/proclass.com.br\/home\/wp-content\/uploads\/2016\/05\/Apple-MacBook-Pro-icon-logo.png","contentUrl":"https:\/\/proclass.com.br\/home\/wp-content\/uploads\/2016\/05\/Apple-MacBook-Pro-icon-logo.png","width":512,"height":512},{"@type":"BreadcrumbList","@id":"https:\/\/proclass.com.br\/home\/cursos\/os-x-100\/#breadcrumb","itemListElement":[{"@type":"ListItem","position":1,"name":"In\u00edcio","item":"https:\/\/proclass.com.br\/home\/"},{"@type":"ListItem","position":2,"name":"CURSOS","item":"https:\/\/proclass.com.br\/home\/cursos\/"},{"@type":"ListItem","position":3,"name":"Fundamentos do Mac"}]},{"@type":"WebSite","@id":"https:\/\/proclass.com.br\/home\/#website","url":"https:\/\/proclass.com.br\/home\/","name":"PROCLASS","description":"CURSOS E TREINAMENTOS","publisher":{"@id":"https:\/\/proclass.com.br\/home\/#organization"},"potentialAction":[{"@type":"SearchAction","target":{"@type":"EntryPoint","urlTemplate":"https:\/\/proclass.com.br\/home\/?s={search_term_string}"},"query-input":{"@type":"PropertyValueSpecification","valueRequired":true,"valueName":"search_term_string"}}],"inLanguage":"pt-BR"},{"@type":"Organization","@id":"https:\/\/proclass.com.br\/home\/#organization","name":"PROCLASS","url":"https:\/\/proclass.com.br\/home\/","logo":{"@type":"ImageObject","inLanguage":"pt-BR","@id":"https:\/\/proclass.com.br\/home\/#\/schema\/logo\/image\/","url":"https:\/\/proclass.com.br\/home\/wp-content\/uploads\/2023\/06\/CABECALHO-black_PROCLASS-2023.png","contentUrl":"https:\/\/proclass.com.br\/home\/wp-content\/uploads\/2023\/06\/CABECALHO-black_PROCLASS-2023.png","width":2563,"height":911,"caption":"PROCLASS"},"image":{"@id":"https:\/\/proclass.com.br\/home\/#\/schema\/logo\/image\/"}}]}},"_links":{"self":[{"href":"https:\/\/proclass.com.br\/home\/wp-json\/wp\/v2\/pages\/2531","targetHints":{"allow":["GET"]}}],"collection":[{"href":"https:\/\/proclass.com.br\/home\/wp-json\/wp\/v2\/pages"}],"about":[{"href":"https:\/\/proclass.com.br\/home\/wp-json\/wp\/v2\/types\/page"}],"author":[{"embeddable":true,"href":"https:\/\/proclass.com.br\/home\/wp-json\/wp\/v2\/users\/4"}],"replies":[{"embeddable":true,"href":"https:\/\/proclass.com.br\/home\/wp-json\/wp\/v2\/comments?post=2531"}],"version-history":[{"count":0,"href":"https:\/\/proclass.com.br\/home\/wp-json\/wp\/v2\/pages\/2531\/revisions"}],"up":[{"embeddable":true,"href":"https:\/\/proclass.com.br\/home\/wp-json\/wp\/v2\/pages\/7277"}],"wp:attachment":[{"href":"https:\/\/proclass.com.br\/home\/wp-json\/wp\/v2\/media?parent=2531"}],"curies":[{"name":"wp","href":"https:\/\/api.w.org\/{rel}","templated":true}]}}