{"id":17556,"date":"2021-06-15T19:53:18","date_gmt":"2021-06-15T22:53:18","guid":{"rendered":"https:\/\/proclass.com.br\/home\/?page_id=17556"},"modified":"2021-06-18T17:20:30","modified_gmt":"2021-06-18T20:20:30","slug":"final-cut-empresas","status":"publish","type":"page","link":"https:\/\/proclass.com.br\/home\/final-cut-empresas\/","title":{"rendered":"EM &#8211; Treinamentos em Final Cut Pro X"},"content":{"rendered":"<div id=\"pl-17556\"  class=\"panel-layout\" ><div id=\"pg-17556-0\"  class=\"panel-grid panel-has-style\" ><div class=\"siteorigin-panels-stretch panel-row-style panel-row-style-for-17556-0\" data-stretch-type=\"full-stretched\" ><div id=\"pgc-17556-0-0\"  class=\"panel-grid-cell\" ><div id=\"panel-17556-0-0-0\" class=\"so-panel widget widget_sow-hero panel-first-child panel-last-child\" data-index=\"0\" ><div\n\t\t\t\n\t\t\tclass=\"so-widget-sow-hero so-widget-sow-hero-default-09a9c2aa85c6-17556 so-widget-fittext-wrapper\"\n\t\t\t data-fit-text-compressor=\"0.85\"\n\t\t>\t\t\t\t<div class=\"sow-slider-base\" style=\"display: none\" tabindex=\"0\">\n\t\t\t\t\t<ul\n\t\t\t\t\tclass=\"sow-slider-images\"\n\t\t\t\t\tdata-settings=\"{&quot;pagination&quot;:true,&quot;speed&quot;:800,&quot;timeout&quot;:8000,&quot;paused&quot;:false,&quot;pause_on_hover&quot;:false,&quot;swipe&quot;:true,&quot;nav_always_show_desktop&quot;:&quot;&quot;,&quot;nav_always_show_mobile&quot;:&quot;&quot;,&quot;breakpoint&quot;:&quot;780px&quot;,&quot;unmute&quot;:false,&quot;anchor&quot;:null}\"\n\t\t\t\t\t\t\t\t\t\tdata-anchor-id=\"\"\n\t\t\t\t>\t\t<li class=\"sow-slider-image  sow-slider-image-cover\" style=\"visibility: visible;;background-color: #333333\" >\n\t\t\t\t\t<div class=\"sow-slider-image-container\">\n\t\t\t<div class=\"sow-slider-image-wrapper\">\n\t\t\t\t<h1 style=\"text-align: center\">Final Cut Pro X<\/h1>\n<p style=\"text-align: center\">Treinamentos para Grupos ou Empresas<\/p>\n<p style=\"text-align: center\">\n<\/p>\t\t\t<\/div>\n\t\t<\/div>\n\t\t<div class=\"sow-slider-image-overlay sow-slider-image-cover\" style=\"opacity: 0.41;background-image: url(https:\/\/proclass.com.br\/home\/wp-content\/uploads\/2012\/08\/hero1.jpg)\"  ><\/div>\t\t<\/li>\n\t\t<\/ul>\t\t\t\t<ol class=\"sow-slider-pagination\">\n\t\t\t\t\t\t\t\t\t\t\t<li><a href=\"#\" data-goto=\"0\" aria-label=\"Display slide 1\"><\/a><\/li>\n\t\t\t\t\t\t\t\t\t<\/ol>\n\n\t\t\t\t<div class=\"sow-slide-nav sow-slide-nav-next\">\n\t\t\t\t\t<a href=\"#\" data-goto=\"next\" aria-label=\"Next slide\" data-action=\"next\">\n\t\t\t\t\t\t<em class=\"sow-sld-icon-thin-right\"><\/em>\n\t\t\t\t\t<\/a>\n\t\t\t\t<\/div>\n\n\t\t\t\t<div class=\"sow-slide-nav sow-slide-nav-prev\">\n\t\t\t\t\t<a href=\"#\" data-goto=\"previous\" aria-label=\"Previous slide\" data-action=\"prev\">\n\t\t\t\t\t\t<em class=\"sow-sld-icon-thin-left\"><\/em>\n\t\t\t\t\t<\/a>\n\t\t\t\t<\/div>\n\t\t\t\t<\/div><\/div><\/div><\/div><\/div><\/div><div id=\"pg-17556-1\"  class=\"panel-grid panel-has-style\" ><div class=\"siteorigin-panels-stretch panel-row-style panel-row-style-for-17556-1\" data-stretch-type=\"full\" ><div id=\"pgc-17556-1-0\"  class=\"panel-grid-cell\" ><div id=\"panel-17556-1-0-0\" class=\"so-panel widget widget_sow-headline panel-first-child panel-last-child\" data-index=\"1\" ><div class=\"panel-widget-style panel-widget-style-for-17556-1-0-0\" ><div\n\t\t\t\n\t\t\tclass=\"so-widget-sow-headline so-widget-sow-headline-default-8c430a345832-17556\"\n\t\t\t\n\t\t><div class=\"sow-headline-container \">\n\t\t\t\t\t\t\t<h1 class=\"sow-headline\">\n\t\t\t\t\t\tApple e a ProClass\t\t\t\t\t\t<\/h1>\n\t\t\t\t\t\t\t\t\t\t\t\t<h3 class=\"sow-sub-headline\">\n\t\t\t\t\t\tA ProClass foi, entre 2012 e 2020, a \u00fanica escola homologada Apple do Brasil. Em Janeiro de 2021 a Apple encerrou seu sistema de certifica\u00e7\u00f5es em Final Cut, mas a ProClass continua oferecendo os cursos oficiais\t\t\t\t\t\t<\/h3>\n\t\t\t\t\t\t<\/div>\n<\/div><\/div><\/div><\/div><\/div><\/div><div id=\"pg-17556-2\"  class=\"panel-grid panel-has-style\" ><div class=\"panel-row-style panel-row-style-for-17556-2\" ><div id=\"pgc-17556-2-0\"  class=\"panel-grid-cell panel-grid-cell-empty\" ><div class=\"panel-cell-style panel-cell-style-for-17556-2-0\" ><\/div><\/div><div id=\"pgc-17556-2-1\"  class=\"panel-grid-cell panel-grid-cell-mobile-last\" ><div id=\"panel-17556-2-1-0\" class=\"so-panel widget widget_sow-editor panel-first-child panel-last-child\" data-index=\"2\" ><div\n\t\t\t\n\t\t\tclass=\"so-widget-sow-editor so-widget-sow-editor-base\"\n\t\t\t\n\t\t>\n<div class=\"siteorigin-widget-tinymce textwidget\">\n\t<p><a name=\"full\"><\/a><\/p>\n<p style=\"text-align: center;\"><a href=\"https:\/\/proclass.com.br\/home\/wp-content\/uploads\/2021\/06\/de923ab9e773e2e22648e0a94bf4fd6c.png\"><img fetchpriority=\"high\" fetchpriority=\"high\" decoding=\"async\" class=\"alignnone wp-image-17571 \" src=\"https:\/\/proclass.com.br\/home\/wp-content\/uploads\/2021\/06\/de923ab9e773e2e22648e0a94bf4fd6c-300x99.png\" alt=\"\" width=\"482\" height=\"159\" srcset=\"https:\/\/proclass.com.br\/home\/wp-content\/uploads\/2021\/06\/de923ab9e773e2e22648e0a94bf4fd6c-300x99.png 300w, https:\/\/proclass.com.br\/home\/wp-content\/uploads\/2021\/06\/de923ab9e773e2e22648e0a94bf4fd6c.png 722w\" sizes=\"(max-width: 482px) 100vw, 482px\" \/><\/a><\/p>\n<p><a href=\"https:\/\/proclass.com.br\/home\/wp-content\/uploads\/2021\/06\/Final-Cut-Pro-X-10.4.5-Full-Crack.png\"><br \/>\n<\/a>Oferecemos treinamentos para grupos ou empresas em diversas modalidades de ensino. Online, com aulas gravadas ou em turmas ao vivo, por videoconfer\u00eancia; e presencial, na ProClass ou no seu local de trabalho.<\/p>\n<p>Os treinamentos podem ser os oficiais da fabricante, ou seja, que tem carga hor\u00e1ria e conte\u00fados j\u00e1 estabelecidos; ou podem ser personalizados, com carga hor\u00e1ria e conte\u00fados de acordo com as necessidades da equipe.<\/p>\n<p>Entre em contato para solicitar um or\u00e7amento, ou receber mais informa\u00e7\u00f5es: info@proclass.com.br ou\u00a0<a href=\"https:\/\/api.whatsapp.com\/send?phone=5521976157922\">WhatsApp: (21) 97615-7922<\/a><\/p>\n<p>Abaixo, mais informa\u00e7\u00f5es sobre os treinamentos em baseados nos cursos oficiais da fabricante<\/p>\n<p>Para cursos individuais,\u00a0<a href=\"https:\/\/proclass.com.br\/home\/final-cut-online\/\">clique aqui<\/a><\/p>\n<p>&nbsp;<\/p>\n<h2><strong>FINAL CUT PRO X\u00a0 - CURSO OFICIAL<\/strong><\/h2>\n<p><iframe title=\"Curso Final Cut X 101 - Oficial Apple\" width=\"1440\" height=\"810\" src=\"https:\/\/www.youtube.com\/embed\/TdX0jfyt_hY?feature=oembed\" frameborder=\"0\" allow=\"accelerometer; autoplay; clipboard-write; encrypted-media; gyroscope; picture-in-picture; web-share\" referrerpolicy=\"strict-origin-when-cross-origin\" allowfullscreen><\/iframe><\/p>\n<div id=\"accordions-6602\" class=\"accordions-6602 accordions\" data-accordions={&quot;lazyLoad&quot;:false,&quot;id&quot;:&quot;6602&quot;,&quot;event&quot;:&quot;click&quot;,&quot;collapsible&quot;:&quot;true&quot;,&quot;heightStyle&quot;:&quot;content&quot;,&quot;animateStyle&quot;:&quot;swing&quot;,&quot;animateDelay&quot;:1000,&quot;navigation&quot;:true,&quot;active&quot;:999,&quot;expandedOther&quot;:&quot;no&quot;}>\r\n                <div class=\"items\" >\r\n    \r\n            <div post_id=\"6602\" itemcount=\"0\"  header_id=\"header-0\" id=\"header-0\" style=\"\" class=\"accordions-head head0 border-none\" toggle-text=\"\" main-text=\"Objetivos\">\r\n                                    <span id=\"accordion-icons-0\" class=\"accordion-icons\">\r\n                        <span class=\"accordion-icon-active accordion-plus\"><i class=\"fa fa-plus-square\"><\/i><\/span>\r\n                        <span class=\"accordion-icon-inactive accordion-minus\"><i class=\"fa fa-minus-square\"><\/i><\/span>\r\n                    <\/span>\r\n                    <span id=\"header-text-0\" class=\"accordions-head-title\">Objetivos<\/span>\r\n                            <\/div>\r\n            <div class=\"accordion-content content0 \">\r\n                <div class=\"page\" title=\"Page 13\">\n<div class=\"section\">\n<div class=\"layoutArea\">\n<div class=\"column\">\n<div class=\"page\" title=\"Page 12\">\n<div class=\"section\">\n<div class=\"layoutArea\">\n<div class=\"column\">\n<p>Compreender o sistema de edi\u00e7\u00e3o de v\u00eddeo n\u00e3o-linear<\/p>\n<p>Entender a organiza\u00e7\u00e3o e gerenciamento de arquivos no\u00a0sistema<\/p>\n<p>Aprender a importar, exportar e trabalhar com m\u00eddias\u00a0diversas<\/p>\n<p>Dominar t\u00e9cnicas b\u00e1sicas de captura, edi\u00e7\u00e3o e finaliza\u00e7\u00e3o<\/p>\n<p>Aprender as possibilidades de edi\u00e7\u00e3o de \u00e1udio e ajustes de\u00a0cores no software<\/p>\n<p>Criar t\u00edtulos e temas<\/p>\n<p>Consolidar as diversas t\u00e9cnicas para refinamento de uma\u00a0edi\u00e7\u00e3o art\u00edstica adequada aos modelos criativos do editor<\/p>\n<\/div>\n<\/div>\n<\/div>\n<\/div>\n<\/div>\n<\/div>\n<\/div>\n<\/div>\n            <\/div>\r\n    \r\n            <div post_id=\"6602\" itemcount=\"1\"  header_id=\"header-1482876181799\" id=\"header-1482876181799\" style=\"\" class=\"accordions-head head1482876181799 border-none\" toggle-text=\"\" main-text=\"Conte\u00fados\">\r\n                                    <span id=\"accordion-icons-1482876181799\" class=\"accordion-icons\">\r\n                        <span class=\"accordion-icon-active accordion-plus\"><i class=\"fa fa-plus-square\"><\/i><\/span>\r\n                        <span class=\"accordion-icon-inactive accordion-minus\"><i class=\"fa fa-minus-square\"><\/i><\/span>\r\n                    <\/span>\r\n                    <span id=\"header-text-1482876181799\" class=\"accordions-head-title\">Conte\u00fados<\/span>\r\n                            <\/div>\r\n            <div class=\"accordion-content content1482876181799 \">\r\n                <div class=\"page\" title=\"Page 13\">\n<div class=\"section\">\n<div class=\"layoutArea\">\n<div class=\"column\">\n<div class=\"page\" title=\"Page 13\">\n<div class=\"section\">\n<div class=\"layoutArea\">\n<div class=\"column\">\n<p>Entendendo a interface, menus, atalhos e bot\u00f5es<\/p>\n<p>Organiza\u00e7\u00e3o de Clips<\/p>\n<p>Busca, ordena\u00e7\u00e3o, filtragem de Clips<\/p>\n<p>Visualiza\u00e7\u00f5esImporta\u00e7\u00e3o de \u00e1udio, v\u00eddeo e imagens est\u00e1ticas<\/p>\n<p>An\u00e1lise e corre\u00e7\u00e3o de clips<\/p>\n<p>Metadata<\/p>\n<p>Cria\u00e7\u00e3o de sequ\u00eancias b\u00e1sicas<\/p>\n<p>Ajustes e refinamentos de uma sequ\u00eancia<\/p>\n<p>Markers<\/p>\n<p>Cria\u00e7\u00e3o de storyline<\/p>\n<p>Transi\u00e7\u00f5es<\/p>\n<p>Adicionando m\u00fasica e efeitos<\/p>\n<p>Corre\u00e7\u00f5es e Mixagem de \u00e1udio<\/p>\n<p>Fades<\/p>\n<p>Grava\u00e7\u00e3o de narra\u00e7\u00e3o<\/p>\n<p>Cria\u00e7\u00e3o de t\u00edtulos<\/p>\n<p>Motion effects<\/p>\n<p>Efeitos visuais e corre\u00e7\u00e3o de cor<\/p>\n<p>M\u00e9todos de finaliza\u00e7\u00e3o de projetos<\/p>\n<p>Backup e arquivamento do projeto<\/p>\n<\/div>\n<\/div>\n<\/div>\n<\/div>\n<\/div>\n<\/div>\n<\/div>\n<\/div>\n            <\/div>\r\n    <\/div>\r\n\r\n\r\n\r\n            <\/div>\n<\/div>\n<\/div><\/div><\/div><div id=\"pgc-17556-2-2\"  class=\"panel-grid-cell panel-grid-cell-empty\" ><\/div><\/div><\/div><\/div>","protected":false},"excerpt":{"rendered":"<p>Final Cut Pro X Treinamentos para Grupos ou Empresas Apple e a ProClass A ProClass foi, entre 2012 e 2020, a \u00fanica escola homologada Apple do Brasil. Em Janeiro de 2021 a Apple encerrou seu sistema de certifica\u00e7\u00f5es em Final Cut, mas a ProClass continua oferecendo os cursos oficiais Oferecemos treinamentos para grupos ou empresasContinue reading &rarr;<\/p>\n","protected":false},"author":4,"featured_media":0,"parent":0,"menu_order":0,"comment_status":"closed","ping_status":"closed","template":"","meta":{"footnotes":""},"class_list":["post-17556","page","type-page","status-publish","hentry","no-thumb"],"yoast_head":"<!-- This site is optimized with the Yoast SEO plugin v26.9 - https:\/\/yoast.com\/product\/yoast-seo-wordpress\/ -->\n<title>EM - Treinamentos em Final Cut Pro X - PROCLASS<\/title>\n<meta name=\"robots\" content=\"index, follow, max-snippet:-1, max-image-preview:large, max-video-preview:-1\" \/>\n<link rel=\"canonical\" href=\"https:\/\/proclass.com.br\/home\/final-cut-empresas\/\" \/>\n<meta property=\"og:locale\" content=\"pt_BR\" \/>\n<meta property=\"og:type\" content=\"article\" \/>\n<meta property=\"og:title\" content=\"EM - Treinamentos em Final Cut Pro X - PROCLASS\" \/>\n<meta property=\"og:description\" content=\"Final Cut Pro X Treinamentos para Grupos ou Empresas Apple e a ProClass A ProClass foi, entre 2012 e 2020, a \u00fanica escola homologada Apple do Brasil. Em Janeiro de 2021 a Apple encerrou seu sistema de certifica\u00e7\u00f5es em Final Cut, mas a ProClass continua oferecendo os cursos oficiais Oferecemos treinamentos para grupos ou empresasContinue reading &rarr;\" \/>\n<meta property=\"og:url\" content=\"https:\/\/proclass.com.br\/home\/final-cut-empresas\/\" \/>\n<meta property=\"og:site_name\" content=\"PROCLASS\" \/>\n<meta property=\"article:modified_time\" content=\"2021-06-18T20:20:30+00:00\" \/>\n<meta property=\"og:image\" content=\"https:\/\/proclass.com.br\/home\/wp-content\/uploads\/2021\/06\/de923ab9e773e2e22648e0a94bf4fd6c.png\" \/>\n\t<meta property=\"og:image:width\" content=\"722\" \/>\n\t<meta property=\"og:image:height\" content=\"238\" \/>\n\t<meta property=\"og:image:type\" content=\"image\/png\" \/>\n<meta name=\"twitter:card\" content=\"summary_large_image\" \/>\n<meta name=\"twitter:label1\" content=\"Est. tempo de leitura\" \/>\n\t<meta name=\"twitter:data1\" content=\"1 minuto\" \/>\n<script type=\"application\/ld+json\" class=\"yoast-schema-graph\">{\"@context\":\"https:\/\/schema.org\",\"@graph\":[{\"@type\":\"WebPage\",\"@id\":\"https:\/\/proclass.com.br\/home\/final-cut-empresas\/\",\"url\":\"https:\/\/proclass.com.br\/home\/final-cut-empresas\/\",\"name\":\"EM - Treinamentos em Final Cut Pro X - PROCLASS\",\"isPartOf\":{\"@id\":\"https:\/\/proclass.com.br\/home\/#website\"},\"primaryImageOfPage\":{\"@id\":\"https:\/\/proclass.com.br\/home\/final-cut-empresas\/#primaryimage\"},\"image\":{\"@id\":\"https:\/\/proclass.com.br\/home\/final-cut-empresas\/#primaryimage\"},\"thumbnailUrl\":\"https:\/\/proclass.com.br\/home\/wp-content\/uploads\/2021\/06\/de923ab9e773e2e22648e0a94bf4fd6c-300x99.png\",\"datePublished\":\"2021-06-15T22:53:18+00:00\",\"dateModified\":\"2021-06-18T20:20:30+00:00\",\"breadcrumb\":{\"@id\":\"https:\/\/proclass.com.br\/home\/final-cut-empresas\/#breadcrumb\"},\"inLanguage\":\"pt-BR\",\"potentialAction\":[{\"@type\":\"ReadAction\",\"target\":[\"https:\/\/proclass.com.br\/home\/final-cut-empresas\/\"]}]},{\"@type\":\"ImageObject\",\"inLanguage\":\"pt-BR\",\"@id\":\"https:\/\/proclass.com.br\/home\/final-cut-empresas\/#primaryimage\",\"url\":\"https:\/\/proclass.com.br\/home\/wp-content\/uploads\/2021\/06\/de923ab9e773e2e22648e0a94bf4fd6c.png\",\"contentUrl\":\"https:\/\/proclass.com.br\/home\/wp-content\/uploads\/2021\/06\/de923ab9e773e2e22648e0a94bf4fd6c.png\",\"width\":722,\"height\":238},{\"@type\":\"BreadcrumbList\",\"@id\":\"https:\/\/proclass.com.br\/home\/final-cut-empresas\/#breadcrumb\",\"itemListElement\":[{\"@type\":\"ListItem\",\"position\":1,\"name\":\"In\u00edcio\",\"item\":\"https:\/\/proclass.com.br\/home\/\"},{\"@type\":\"ListItem\",\"position\":2,\"name\":\"EM &#8211; Treinamentos em Final Cut Pro X\"}]},{\"@type\":\"WebSite\",\"@id\":\"https:\/\/proclass.com.br\/home\/#website\",\"url\":\"https:\/\/proclass.com.br\/home\/\",\"name\":\"PROCLASS\",\"description\":\"CURSOS E TREINAMENTOS\",\"publisher\":{\"@id\":\"https:\/\/proclass.com.br\/home\/#organization\"},\"potentialAction\":[{\"@type\":\"SearchAction\",\"target\":{\"@type\":\"EntryPoint\",\"urlTemplate\":\"https:\/\/proclass.com.br\/home\/?s={search_term_string}\"},\"query-input\":{\"@type\":\"PropertyValueSpecification\",\"valueRequired\":true,\"valueName\":\"search_term_string\"}}],\"inLanguage\":\"pt-BR\"},{\"@type\":\"Organization\",\"@id\":\"https:\/\/proclass.com.br\/home\/#organization\",\"name\":\"PROCLASS\",\"url\":\"https:\/\/proclass.com.br\/home\/\",\"logo\":{\"@type\":\"ImageObject\",\"inLanguage\":\"pt-BR\",\"@id\":\"https:\/\/proclass.com.br\/home\/#\/schema\/logo\/image\/\",\"url\":\"https:\/\/proclass.com.br\/home\/wp-content\/uploads\/2023\/06\/CABECALHO-black_PROCLASS-2023.png\",\"contentUrl\":\"https:\/\/proclass.com.br\/home\/wp-content\/uploads\/2023\/06\/CABECALHO-black_PROCLASS-2023.png\",\"width\":2563,\"height\":911,\"caption\":\"PROCLASS\"},\"image\":{\"@id\":\"https:\/\/proclass.com.br\/home\/#\/schema\/logo\/image\/\"}}]}<\/script>\n<!-- \/ Yoast SEO plugin. -->","yoast_head_json":{"title":"EM - Treinamentos em Final Cut Pro X - PROCLASS","robots":{"index":"index","follow":"follow","max-snippet":"max-snippet:-1","max-image-preview":"max-image-preview:large","max-video-preview":"max-video-preview:-1"},"canonical":"https:\/\/proclass.com.br\/home\/final-cut-empresas\/","og_locale":"pt_BR","og_type":"article","og_title":"EM - Treinamentos em Final Cut Pro X - PROCLASS","og_description":"Final Cut Pro X Treinamentos para Grupos ou Empresas Apple e a ProClass A ProClass foi, entre 2012 e 2020, a \u00fanica escola homologada Apple do Brasil. Em Janeiro de 2021 a Apple encerrou seu sistema de certifica\u00e7\u00f5es em Final Cut, mas a ProClass continua oferecendo os cursos oficiais Oferecemos treinamentos para grupos ou empresasContinue reading &rarr;","og_url":"https:\/\/proclass.com.br\/home\/final-cut-empresas\/","og_site_name":"PROCLASS","article_modified_time":"2021-06-18T20:20:30+00:00","og_image":[{"width":722,"height":238,"url":"https:\/\/proclass.com.br\/home\/wp-content\/uploads\/2021\/06\/de923ab9e773e2e22648e0a94bf4fd6c.png","type":"image\/png"}],"twitter_card":"summary_large_image","twitter_misc":{"Est. tempo de leitura":"1 minuto"},"schema":{"@context":"https:\/\/schema.org","@graph":[{"@type":"WebPage","@id":"https:\/\/proclass.com.br\/home\/final-cut-empresas\/","url":"https:\/\/proclass.com.br\/home\/final-cut-empresas\/","name":"EM - Treinamentos em Final Cut Pro X - PROCLASS","isPartOf":{"@id":"https:\/\/proclass.com.br\/home\/#website"},"primaryImageOfPage":{"@id":"https:\/\/proclass.com.br\/home\/final-cut-empresas\/#primaryimage"},"image":{"@id":"https:\/\/proclass.com.br\/home\/final-cut-empresas\/#primaryimage"},"thumbnailUrl":"https:\/\/proclass.com.br\/home\/wp-content\/uploads\/2021\/06\/de923ab9e773e2e22648e0a94bf4fd6c-300x99.png","datePublished":"2021-06-15T22:53:18+00:00","dateModified":"2021-06-18T20:20:30+00:00","breadcrumb":{"@id":"https:\/\/proclass.com.br\/home\/final-cut-empresas\/#breadcrumb"},"inLanguage":"pt-BR","potentialAction":[{"@type":"ReadAction","target":["https:\/\/proclass.com.br\/home\/final-cut-empresas\/"]}]},{"@type":"ImageObject","inLanguage":"pt-BR","@id":"https:\/\/proclass.com.br\/home\/final-cut-empresas\/#primaryimage","url":"https:\/\/proclass.com.br\/home\/wp-content\/uploads\/2021\/06\/de923ab9e773e2e22648e0a94bf4fd6c.png","contentUrl":"https:\/\/proclass.com.br\/home\/wp-content\/uploads\/2021\/06\/de923ab9e773e2e22648e0a94bf4fd6c.png","width":722,"height":238},{"@type":"BreadcrumbList","@id":"https:\/\/proclass.com.br\/home\/final-cut-empresas\/#breadcrumb","itemListElement":[{"@type":"ListItem","position":1,"name":"In\u00edcio","item":"https:\/\/proclass.com.br\/home\/"},{"@type":"ListItem","position":2,"name":"EM &#8211; Treinamentos em Final Cut Pro X"}]},{"@type":"WebSite","@id":"https:\/\/proclass.com.br\/home\/#website","url":"https:\/\/proclass.com.br\/home\/","name":"PROCLASS","description":"CURSOS E TREINAMENTOS","publisher":{"@id":"https:\/\/proclass.com.br\/home\/#organization"},"potentialAction":[{"@type":"SearchAction","target":{"@type":"EntryPoint","urlTemplate":"https:\/\/proclass.com.br\/home\/?s={search_term_string}"},"query-input":{"@type":"PropertyValueSpecification","valueRequired":true,"valueName":"search_term_string"}}],"inLanguage":"pt-BR"},{"@type":"Organization","@id":"https:\/\/proclass.com.br\/home\/#organization","name":"PROCLASS","url":"https:\/\/proclass.com.br\/home\/","logo":{"@type":"ImageObject","inLanguage":"pt-BR","@id":"https:\/\/proclass.com.br\/home\/#\/schema\/logo\/image\/","url":"https:\/\/proclass.com.br\/home\/wp-content\/uploads\/2023\/06\/CABECALHO-black_PROCLASS-2023.png","contentUrl":"https:\/\/proclass.com.br\/home\/wp-content\/uploads\/2023\/06\/CABECALHO-black_PROCLASS-2023.png","width":2563,"height":911,"caption":"PROCLASS"},"image":{"@id":"https:\/\/proclass.com.br\/home\/#\/schema\/logo\/image\/"}}]}},"_links":{"self":[{"href":"https:\/\/proclass.com.br\/home\/wp-json\/wp\/v2\/pages\/17556","targetHints":{"allow":["GET"]}}],"collection":[{"href":"https:\/\/proclass.com.br\/home\/wp-json\/wp\/v2\/pages"}],"about":[{"href":"https:\/\/proclass.com.br\/home\/wp-json\/wp\/v2\/types\/page"}],"author":[{"embeddable":true,"href":"https:\/\/proclass.com.br\/home\/wp-json\/wp\/v2\/users\/4"}],"replies":[{"embeddable":true,"href":"https:\/\/proclass.com.br\/home\/wp-json\/wp\/v2\/comments?post=17556"}],"version-history":[{"count":0,"href":"https:\/\/proclass.com.br\/home\/wp-json\/wp\/v2\/pages\/17556\/revisions"}],"wp:attachment":[{"href":"https:\/\/proclass.com.br\/home\/wp-json\/wp\/v2\/media?parent=17556"}],"curies":[{"name":"wp","href":"https:\/\/api.w.org\/{rel}","templated":true}]}}