{"id":17480,"date":"2021-06-15T17:28:34","date_gmt":"2021-06-15T20:28:34","guid":{"rendered":"https:\/\/proclass.com.br\/home\/?page_id=17480"},"modified":"2025-09-09T14:35:28","modified_gmt":"2025-09-09T17:35:28","slug":"media-composer-empresas","status":"publish","type":"page","link":"https:\/\/proclass.com.br\/home\/media-composer-empresas\/","title":{"rendered":"Curso Oficial de Avid Media Composer &#8211; Empresarial"},"content":{"rendered":"<div id=\"pl-17480\"  class=\"panel-layout\" ><div id=\"pg-17480-0\"  class=\"panel-grid panel-has-style\" ><div class=\"siteorigin-panels-stretch panel-row-style panel-row-style-for-17480-0\" data-stretch-type=\"full-width-stretch\" ><div id=\"pgc-17480-0-0\"  class=\"panel-grid-cell\" ><div id=\"panel-17480-0-0-0\" class=\"so-panel widget widget_sow-hero panel-first-child panel-last-child\" data-index=\"0\" ><div\n\t\t\t\n\t\t\tclass=\"so-widget-sow-hero so-widget-sow-hero-default-09a9c2aa85c6-17480 so-widget-fittext-wrapper\"\n\t\t\t data-fit-text-compressor=\"0.85\"\n\t\t>\t\t\t\t<div class=\"sow-slider-base\" style=\"display: none\" tabindex=\"0\">\n\t\t\t\t\t<ul\n\t\t\t\t\tclass=\"sow-slider-images\"\n\t\t\t\t\tdata-settings=\"{&quot;pagination&quot;:true,&quot;speed&quot;:800,&quot;timeout&quot;:8000,&quot;paused&quot;:false,&quot;pause_on_hover&quot;:false,&quot;swipe&quot;:true,&quot;nav_always_show_desktop&quot;:&quot;&quot;,&quot;nav_always_show_mobile&quot;:&quot;&quot;,&quot;breakpoint&quot;:&quot;780px&quot;,&quot;unmute&quot;:false,&quot;anchor&quot;:null}\"\n\t\t\t\t\t\t\t\t\t\tdata-anchor-id=\"\"\n\t\t\t\t>\t\t<li class=\"sow-slider-image  sow-slider-image-cover\" style=\"visibility: visible;;background-color: #333333\" >\n\t\t\t\t\t<div class=\"sow-slider-image-container\">\n\t\t\t<div class=\"sow-slider-image-wrapper\">\n\t\t\t\t<h1 style=\"text-align: center\">Avid Media Composer<\/h1>\n<p style=\"text-align: center\">Treinamentos e Certifica\u00e7\u00f5es Oficiais para Grupos ou Empresas<\/p>\n<p style=\"text-align: center\">\n<\/p>\t\t\t<\/div>\n\t\t<\/div>\n\t\t<div class=\"sow-slider-image-overlay sow-slider-image-cover\" style=\"opacity: 0.46;background-image: url(https:\/\/proclass.com.br\/home\/wp-content\/uploads\/2019\/05\/Avid-Imagem-Site-Big-Hero-Hero-Mayo.jpeg)\"  ><\/div>\t\t<\/li>\n\t\t<\/ul>\t\t\t\t<ol class=\"sow-slider-pagination\">\n\t\t\t\t\t\t\t\t\t\t\t<li><a href=\"#\" data-goto=\"0\" aria-label=\"Display slide 1\"><\/a><\/li>\n\t\t\t\t\t\t\t\t\t<\/ol>\n\n\t\t\t\t<div class=\"sow-slide-nav sow-slide-nav-next\">\n\t\t\t\t\t<a href=\"#\" data-goto=\"next\" aria-label=\"Next slide\" data-action=\"next\">\n\t\t\t\t\t\t<em class=\"sow-sld-icon-thin-right\"><\/em>\n\t\t\t\t\t<\/a>\n\t\t\t\t<\/div>\n\n\t\t\t\t<div class=\"sow-slide-nav sow-slide-nav-prev\">\n\t\t\t\t\t<a href=\"#\" data-goto=\"previous\" aria-label=\"Previous slide\" data-action=\"prev\">\n\t\t\t\t\t\t<em class=\"sow-sld-icon-thin-left\"><\/em>\n\t\t\t\t\t<\/a>\n\t\t\t\t<\/div>\n\t\t\t\t<\/div><\/div><\/div><\/div><\/div><\/div><div id=\"pg-17480-1\"  class=\"panel-grid panel-has-style\" ><div class=\"siteorigin-panels-stretch panel-row-style panel-row-style-for-17480-1\" data-stretch-type=\"full\" ><div id=\"pgc-17480-1-0\"  class=\"panel-grid-cell\" ><div id=\"panel-17480-1-0-0\" class=\"so-panel widget widget_sow-headline panel-first-child panel-last-child\" data-index=\"1\" ><div class=\"panel-widget-style panel-widget-style-for-17480-1-0-0\" ><div\n\t\t\t\n\t\t\tclass=\"so-widget-sow-headline so-widget-sow-headline-default-8c430a345832-17480\"\n\t\t\t\n\t\t><div class=\"sow-headline-container \">\n\t\t\t\t\t\t\t<h1 class=\"sow-headline\">\n\t\t\t\t\t\tAvid Media Composer e a ProClass\t\t\t\t\t\t<\/h1>\n\t\t\t\t\t\t\t\t\t\t\t\t<h3 class=\"sow-sub-headline\">\n\t\t\t\t\t\tA ProClass \u00e9 a \u00fanica escola do Brasil autorizada pela Avid a realizar os cursos oficiais em Avid Media Composer. \t\t\t\t\t\t<\/h3>\n\t\t\t\t\t\t<\/div>\n<\/div><\/div><\/div><\/div><\/div><\/div><div id=\"pg-17480-2\"  class=\"panel-grid panel-has-style\" ><div class=\"panel-row-style panel-row-style-for-17480-2\" ><div id=\"pgc-17480-2-0\"  class=\"panel-grid-cell panel-grid-cell-empty\" ><div class=\"panel-cell-style panel-cell-style-for-17480-2-0\" ><\/div><\/div><div id=\"pgc-17480-2-1\"  class=\"panel-grid-cell panel-grid-cell-mobile-last\" ><div id=\"panel-17480-2-1-0\" class=\"so-panel widget widget_sow-editor panel-first-child panel-last-child\" data-index=\"2\" ><div\n\t\t\t\n\t\t\tclass=\"so-widget-sow-editor so-widget-sow-editor-base\"\n\t\t\t\n\t\t>\n<div class=\"siteorigin-widget-tinymce textwidget\">\n\t<h3><img decoding=\"async\" class=\"aligncenter wp-image-7605\" src=\"http:\/\/proclass.com.br\/home\/wp-content\/uploads\/2012\/08\/ALP_Professional-transparent-1024x129.png\" alt=\"\" width=\"609\" height=\"77\" srcset=\"https:\/\/proclass.com.br\/home\/wp-content\/uploads\/2012\/08\/ALP_Professional-transparent-1024x129.png 1024w, https:\/\/proclass.com.br\/home\/wp-content\/uploads\/2012\/08\/ALP_Professional-transparent-300x38.png 300w, https:\/\/proclass.com.br\/home\/wp-content\/uploads\/2012\/08\/ALP_Professional-transparent-768x97.png 768w, https:\/\/proclass.com.br\/home\/wp-content\/uploads\/2012\/08\/ALP_Professional-transparent.png 1207w\" sizes=\"(max-width: 609px) 100vw, 609px\" \/><\/h3>\n<p>&nbsp;<\/p>\n<p><a name=\"inicio\"><\/a><\/p>\n<p>Oferecemos treinamentos para grupos ou empresas em diversas modalidades de ensino. Online, com aulas gravadas ou em turmas ao vivo, por videoconfer\u00eancia; e presencial, na ProClass ou no seu local de trabalho.<\/p>\n<p>Os treinamentos podem ser os oficiais da fabricante, ou seja, que preparam para os exames oficiais e que tem carga hor\u00e1ria e conte\u00fados j\u00e1 estabelecidos; ou podem ser personalizados, com carga hor\u00e1ria e conte\u00fados de acordo com as necessidades da equipe.<\/p>\n<p>Entre em contato para solicitar um or\u00e7amento, ou receber mais informa\u00e7\u00f5es: info@proclass.com.br ou\u00a0<a href=\"https:\/\/api.whatsapp.com\/send?phone=5521976157922\">WhatsApp: (21) 97615-7922<\/a><\/p>\n<p>Abaixo, mais informa\u00e7\u00f5es sobre os treinamentos em Avid Media Composer oficiais da fabricante, que preparam para os exames de certifica\u00e7\u00e3o oficial.<\/p>\n<p>Para cursos individuais,\u00a0<a href=\"https:\/\/proclass.com.br\/home\/ld-avid-online\/\">clique aqui<\/a><\/p>\n<h2><\/h2>\n<h2><strong><a name=\"full\"><\/a>AVID MEDIA COMPOSER N\u00cdVEL 100<\/strong><\/h2>\n<p><iframe title=\"Curso de Avid Media Composer N\u00edvel 100\" width=\"1440\" height=\"810\" src=\"https:\/\/www.youtube.com\/embed\/f-6JdbiU-_g?feature=oembed\" frameborder=\"0\" allow=\"accelerometer; autoplay; clipboard-write; encrypted-media; gyroscope; picture-in-picture; web-share\" referrerpolicy=\"strict-origin-when-cross-origin\" allowfullscreen><\/iframe><\/p>\n<p>&nbsp;<\/p>\n<\/div>\n<\/div><\/div><\/div><div id=\"pgc-17480-2-2\"  class=\"panel-grid-cell panel-grid-cell-empty\" ><\/div><\/div><\/div><div id=\"pg-17480-3\"  class=\"panel-grid panel-no-style\" ><div id=\"pgc-17480-3-0\"  class=\"panel-grid-cell\" ><div id=\"panel-17480-3-0-0\" class=\"so-panel widget widget_sow-editor panel-first-child panel-last-child\" data-index=\"3\" ><div\n\t\t\t\n\t\t\tclass=\"so-widget-sow-editor so-widget-sow-editor-base\"\n\t\t\t\n\t\t>\n<div class=\"siteorigin-widget-tinymce textwidget\">\n\t<p>Este \u00e9 o primeiro n\u00edvel dos treinamentos oficiais em Avid Media Composer, e corresponde ao m\u00f3dulo 100 (101+110). Ao concluir o curso e passar nos exames, o aluno recebe a certifica\u00e7\u00e3o oficial: Avid Certified User.<\/p>\n<p>O curso \u00e9 voltado para iniciantes; para quem utiliza outros Softwares e quer come\u00e7ar a editar no Media Composer; para quem j\u00e1 edita no Media Composer, mas sente que poderia editar de maneira mais r\u00e1pida e eficiente.<\/p>\n<p><span style=\"text-decoration: underline;\">A certifica\u00e7\u00e3o oficial \u00e9 opcional e deve ser paga \u00e0 parte.<\/span><\/p>\n<div id=\"accordions-6560\" class=\"accordions-6560 accordions\" data-accordions={&quot;lazyLoad&quot;:true,&quot;id&quot;:&quot;6560&quot;,&quot;event&quot;:&quot;click&quot;,&quot;collapsible&quot;:&quot;true&quot;,&quot;heightStyle&quot;:&quot;content&quot;,&quot;animateStyle&quot;:&quot;swing&quot;,&quot;animateDelay&quot;:1000,&quot;navigation&quot;:true,&quot;active&quot;:999,&quot;expandedOther&quot;:&quot;no&quot;}>\r\n                <div id=\"accordions-lazy-6560\" class=\"accordions-lazy\" accordionsId=\"6560\">\r\n                    <\/div>\r\n\r\n    <div class=\"items\"  style=\"display:none\" >\r\n    \r\n            <div post_id=\"6560\" itemcount=\"0\"  header_id=\"header-0\" id=\"header-0\" style=\"\" class=\"accordions-head head0 border-none\" toggle-text=\"\" main-text=\"Objetivos\">\r\n                                    <span id=\"accordion-icons-0\" class=\"accordion-icons\">\r\n                        <span class=\"accordion-icon-active accordion-plus\"><i class=\"fa fa-plus-square\"><\/i><\/span>\r\n                        <span class=\"accordion-icon-inactive accordion-minus\"><i class=\"fa fa-minus-square\"><\/i><\/span>\r\n                    <\/span>\r\n                    <span id=\"header-text-0\" class=\"accordions-head-title\">Objetivos<\/span>\r\n                            <\/div>\r\n            <div class=\"accordion-content content0 \">\r\n                <div class=\"page\">\n<div class=\"section\">\n<div class=\"layoutArea\">\n<div class=\"column\">\n<p>Compreender toda a interface e fluxo de trabalho em Avid;<\/p>\n<p>Conhecer as t\u00e9cnicas de edi\u00e7\u00e3o e atalhos\u00a0para agilizar processos<\/p>\n<p>Saber criar t\u00edtulos avan\u00e7ados, em 3D e com anima\u00e7\u00e3o<\/p>\n<p>Aprender t\u00e9cnicas de mixagem de \u00e1udio profissional.<\/p>\n<p>Aprender como preparar material para ser exportado Broadcast e servi\u00e7os de streaming como YouTube, Vimeo etc.<\/p>\n<p>Saber\u00a0trabalhar com efeitos e composi\u00e7\u00e3o de imagens<\/p>\n<p>Realizar processos de corre\u00e7\u00e3o de imagens como estabiliza\u00e7\u00e3o e corre\u00e7\u00e3o de cor<\/p>\n<\/div>\n<\/div>\n<\/div>\n<\/div>\n            <\/div>\r\n    \r\n            <div post_id=\"6560\" itemcount=\"1\"  header_id=\"header-1482876181799\" id=\"header-1482876181799\" style=\"\" class=\"accordions-head head1482876181799 border-none\" toggle-text=\"\" main-text=\"Conte\u00fados\">\r\n                                    <span id=\"accordion-icons-1482876181799\" class=\"accordion-icons\">\r\n                        <span class=\"accordion-icon-active accordion-plus\"><i class=\"fa fa-plus-square\"><\/i><\/span>\r\n                        <span class=\"accordion-icon-inactive accordion-minus\"><i class=\"fa fa-minus-square\"><\/i><\/span>\r\n                    <\/span>\r\n                    <span id=\"header-text-1482876181799\" class=\"accordions-head-title\">Conte\u00fados<\/span>\r\n                            <\/div>\r\n            <div class=\"accordion-content content1482876181799 \">\r\n                <div class=\"page\">\n<div class=\"section\">\n<div class=\"layoutArea\">\n<div class=\"column\">\n<p>Vis\u00e3o expandida da interface<\/p>\n<p>T\u00e1ticas de organiza\u00e7\u00e3o de bins, folders e busca de material<\/p>\n<p>T\u00e9cnicas de trimming avan\u00e7ada<\/p>\n<p>Sincronismo de \u00e1udio e v\u00eddeo<\/p>\n<p>Processamento de \u00e1udio<\/p>\n<p>Workflows de importa\u00e7\u00e3o e Link<\/p>\n<p>Importa\u00e7\u00e3o de imagens<\/p>\n<p>Consolidate vs. Transcode<\/p>\n<p>Markers<\/p>\n<p>Transi\u00e7\u00f5es avan\u00e7adas<\/p>\n<p>Tracking and Blurring<\/p>\n<p>Keyframes<\/p>\n<p>Fluid Morph<\/p>\n<p>Motion Effects e Timewarp<\/p>\n<p>Color Correction<\/p>\n<p>Nesting Effects<\/p>\n<p>Multilayer Effects<\/p>\n<p>Image Resize, Flop and Crop<\/p>\n<p>Chroma Key<\/p>\n<p>Performance e Render<\/p>\n<\/div>\n<\/div>\n<\/div>\n<\/div>\n            <\/div>\r\n    \r\n            <div post_id=\"6560\" itemcount=\"2\"  header_id=\"header-1483132892629\" id=\"header-1483132892629\" style=\"\" class=\"accordions-head head1483132892629 border-none\" toggle-text=\"\" main-text=\"Certifica\u00e7\u00e3o Oficial (opcional)\">\r\n                                    <span id=\"accordion-icons-1483132892629\" class=\"accordion-icons\">\r\n                        <span class=\"accordion-icon-active accordion-plus\"><i class=\"fa fa-plus-square\"><\/i><\/span>\r\n                        <span class=\"accordion-icon-inactive accordion-minus\"><i class=\"fa fa-minus-square\"><\/i><\/span>\r\n                    <\/span>\r\n                    <span id=\"header-text-1483132892629\" class=\"accordions-head-title\">Certifica\u00e7\u00e3o Oficial (opcional)<\/span>\r\n                            <\/div>\r\n            <div class=\"accordion-content content1483132892629 \">\r\n                <p><iframe src=\"https:\/\/www.youtube.com\/embed\/x2lEI9kNDYo\" width=\"320\" height=\"180\"><\/iframe><\/p>\n<p><strong>O que as certifica\u00e7\u00f5es oficiais da Avid oferecem?<\/strong><\/p>\n<p>Seu nome, seu curr\u00edculo e seus contatos no site da Avid, na lista de profissionais certificados. http:\/\/www.avid.com\/education\/find-a-certified-professional<br \/>\nUso da marca Avid e seu n\u00edvel de certifica\u00e7\u00e3o em sua correspond\u00eancia digital, cart\u00f5es de visita, site, blog etc.<br \/>\nReconhecimento de suas capacidades perante ao mercado de trabalho: Atualmente algumas emissoras televisivas t\u00eam exigido certifica\u00e7\u00e3o oficial de seus funcion\u00e1rios.<\/p>\n<p><strong>O que as certifica\u00e7\u00f5es representam?<\/strong><\/p>\n<p>Demonstram sua compet\u00eancia fundamental em edi\u00e7\u00e3o de \u00e1udio e\/ou v\u00eddeo na vers\u00e3o atual do software<br \/>\nDiferenciam voc\u00ea dos seus competidores e chama aten\u00e7\u00e3o para seu curr\u00edculo.<br \/>\nConfirmam suas credenciais com o diploma Certificate of Achievement e com seu nome na lista de profissionais no site da Avid.<\/p>\n<p><strong>S\u00e3o quantos exames?<\/strong><\/p>\n<p>Em cada n\u00edvel de certifica\u00e7\u00e3o, o candidato ser\u00e1 submetido a dois exames com conte\u00fados diferentes: O 101 e o 110, por\u00e9m n\u00e3o h\u00e1 exames pr\u00e1ticos. Os dois exames s\u00e3o te\u00f3ricos, com 50 quest\u00f5es de m\u00faltipla escolha.<\/p>\n<p><strong>Os exames de certifica\u00e7\u00e3o s\u00e3o pagos a partes?<\/strong><\/p>\n<p>Sim. Os pre\u00e7os variam de acordo com o software e o n\u00edvel de certifica\u00e7\u00e3o.<\/p>\n<p><strong>O que est\u00e1 incluso?<\/strong><\/p>\n<p>Dois livros digitais (em ingl\u00eas) fornecidos pela Avid<br \/>\n02 tentativas para ser aprovado no primeiro exame + 2 tentativas para ser aprovado no segundo exame de certifica\u00e7\u00e3o.<\/p>\n<p><strong>O exame pode ser feito online?<\/strong><\/p>\n<p>Sim! Por conta da pandemia o exame pode ser feito de maneira online com supervis\u00e3o por videoconfer\u00eancia. O exame \u00e9 agendado diretamente com nosso atendimento.<\/p>\n<p><strong>Qual o idioma dos exames?<\/strong><\/p>\n<p>Os exames s\u00e3o em ingl\u00eas.<\/p>\n<p><strong>Qual a taxa para ser aprovado?<\/strong><\/p>\n<p>\u00c9 necess\u00e1rio ter o m\u00ednimo de 80% de acertos para ser aprovado. Ou seja \u00e9 preciso acertar 40 quest\u00f5es.<\/p>\n<p><strong>Caso eu seja reprovado, o que acontece?<\/strong><\/p>\n<p>O candidato pode fazer uma segunda tentativa ap\u00f3s 24 horas sem nenhum custo adicional. A partir da terceira tentativa, a Avid cobra $30 d\u00f3lares por cada nova tentativa.<\/p>\n<p><img decoding=\"async\" width=\"527\" height=\"407\" class=\"aligncenter size-full wp-image-9087\" src=\"http:\/\/proclass.com.br\/home\/wp-content\/uploads\/2016\/12\/Screen-Shot-2018-03-13-at-14.47.01.png\" alt=\"\" srcset=\"https:\/\/proclass.com.br\/home\/wp-content\/uploads\/2016\/12\/Screen-Shot-2018-03-13-at-14.47.01.png 527w, https:\/\/proclass.com.br\/home\/wp-content\/uploads\/2016\/12\/Screen-Shot-2018-03-13-at-14.47.01-300x232.png 300w\" sizes=\"(max-width: 527px) 100vw, 527px\" \/><\/p>\n            <\/div>\r\n    <\/div>\r\n\r\n\r\n\r\n            <\/div>\n<p>&nbsp;<\/p>\n<h3>\u00a0<a href=\"#inicio\">Voltar ao in\u00edcio<\/a><\/h3>\n<hr \/>\n<\/div>\n<\/div><\/div><\/div><\/div><div id=\"pg-17480-4\"  class=\"panel-grid panel-has-style\" ><div class=\"panel-row-style panel-row-style-for-17480-4\" ><div id=\"pgc-17480-4-0\"  class=\"panel-grid-cell panel-grid-cell-empty\" ><div class=\"panel-cell-style panel-cell-style-for-17480-4-0\" ><\/div><\/div><div id=\"pgc-17480-4-1\"  class=\"panel-grid-cell panel-grid-cell-mobile-last\" ><div id=\"panel-17480-4-1-0\" class=\"so-panel widget widget_sow-editor panel-first-child panel-last-child\" data-index=\"4\" ><div\n\t\t\t\n\t\t\tclass=\"so-widget-sow-editor so-widget-sow-editor-base\"\n\t\t\t\n\t\t>\n<div class=\"siteorigin-widget-tinymce textwidget\">\n\t<h2><strong><a name=\"full\"><\/a>AVID MEDIA COMPOSER N\u00cdVEL 200<\/strong><\/h2>\n<p><img fetchpriority=\"high\" fetchpriority=\"high\" decoding=\"async\" class=\"aligncenter size-full wp-image-9036\" src=\"http:\/\/proclass.com.br\/home\/wp-content\/uploads\/2018\/03\/MINIATURA-AVID-NIVEL_200.jpg\" alt=\"\" width=\"906\" height=\"505\" srcset=\"https:\/\/proclass.com.br\/home\/wp-content\/uploads\/2018\/03\/MINIATURA-AVID-NIVEL_200.jpg 906w, https:\/\/proclass.com.br\/home\/wp-content\/uploads\/2018\/03\/MINIATURA-AVID-NIVEL_200-300x167.jpg 300w, https:\/\/proclass.com.br\/home\/wp-content\/uploads\/2018\/03\/MINIATURA-AVID-NIVEL_200-768x428.jpg 768w\" sizes=\"(max-width: 906px) 100vw, 906px\" \/><\/p>\n<\/div>\n<\/div><\/div><\/div><div id=\"pgc-17480-4-2\"  class=\"panel-grid-cell panel-grid-cell-empty\" ><\/div><\/div><\/div><div id=\"pg-17480-5\"  class=\"panel-grid panel-no-style\" ><div id=\"pgc-17480-5-0\"  class=\"panel-grid-cell\" ><div id=\"panel-17480-5-0-0\" class=\"so-panel widget widget_sow-editor panel-first-child panel-last-child\" data-index=\"5\" ><div\n\t\t\t\n\t\t\tclass=\"so-widget-sow-editor so-widget-sow-editor-base\"\n\t\t\t\n\t\t>\n<div class=\"siteorigin-widget-tinymce textwidget\">\n\t<p>Alunos formados no n\u00edvel 100, podem se tornar verdadeiros especialistas em Avid Media Composer\u00a0com o n\u00edvel 200. Com o objetivo de estabelecer uma diferen\u00e7a clara entre o editor\/operador de Media Composer e o especialista da ferramenta n\u00e3o apenas com rela\u00e7\u00e3o a opera\u00e7\u00e3o, mas tamb\u00e9m o suporte, gest\u00e3o e integra\u00e7\u00e3o com outras \u00e1reas.<\/p>\n<p>Este curso foi desenvolvido com o intuito de abordar aspectos mais t\u00e9cnicos: importa\u00e7\u00e3o e gerenciamento profissional de m\u00eddia, manuseio de metadados, m\u00e9todos de edi\u00e7\u00e3o em grandes fluxos de trabalho, mixagem profissional de \u00e1udio e composi\u00e7\u00e3o avan\u00e7ada de efeitos, essenciais em projetos de grande porte. Ao concluir o curso e passar nos exames, o aluno recebe a certifica\u00e7\u00e3o oficial: Avid Certified Professional.<\/p>\n<p><span style=\"text-decoration: underline;\">A certifica\u00e7\u00e3o oficial \u00e9 opcional e deve ser paga \u00e0 parte.<\/span><\/p>\n<div id=\"accordions-6561\" class=\"accordions-6561 accordions\" data-accordions={&quot;lazyLoad&quot;:false,&quot;id&quot;:&quot;6561&quot;,&quot;event&quot;:&quot;click&quot;,&quot;collapsible&quot;:&quot;true&quot;,&quot;heightStyle&quot;:&quot;content&quot;,&quot;animateStyle&quot;:&quot;swing&quot;,&quot;animateDelay&quot;:1000,&quot;navigation&quot;:true,&quot;active&quot;:999,&quot;expandedOther&quot;:&quot;no&quot;}>\r\n                <div class=\"items\" >\r\n    \r\n            <div post_id=\"6561\" itemcount=\"0\"  header_id=\"header-0\" id=\"header-0\" style=\"\" class=\"accordions-head head0 border-none\" toggle-text=\"\" main-text=\"Objetivos\">\r\n                                    <span id=\"accordion-icons-0\" class=\"accordion-icons\">\r\n                        <span class=\"accordion-icon-active accordion-plus\"><i class=\"fa fa-plus-square\"><\/i><\/span>\r\n                        <span class=\"accordion-icon-inactive accordion-minus\"><i class=\"fa fa-minus-square\"><\/i><\/span>\r\n                    <\/span>\r\n                    <span id=\"header-text-0\" class=\"accordions-head-title\">Objetivos<\/span>\r\n                            <\/div>\r\n            <div class=\"accordion-content content0 \">\r\n                <div class=\"page\" title=\"Page 13\">\n<div class=\"section\">\n<div class=\"layoutArea\">\n<div class=\"column\">\n<div class=\"page\" title=\"Page 15\">\n<div class=\"section\">\n<div class=\"layoutArea\">\n<div class=\"column\">\n<p>Ser capaz de organizar, arquivar, deletar e gerenciar m\u00eddia em projetos de grande porte.<\/p>\n<p>Realizar processos de prepara\u00e7\u00e3o para edi\u00e7\u00e3o online e finaliza\u00e7\u00e3o<\/p>\n<p>Entender os processos de transforma\u00e7\u00f5es de espa\u00e7o de cor<\/p>\n<p>Fundamentos de suporte e configura\u00e7\u00f5es do sistema e usu\u00e1rios<\/p>\n<p>Conhecer recursos e m\u00e9todos de entrega mais modernos e espec\u00edficos para TV e cinema<\/p>\n<p>Entender os processos de edi\u00e7\u00e3o baseados em script para curta e longa metragem<\/p>\n<p>Saber lidar com os\u00a0processos de produ\u00e7\u00e3o e edi\u00e7\u00e3o\u00a0multicamera<\/p>\n<p>Compreender tipos de codifica\u00e7\u00e3o, formatos e restri\u00e7\u00f5es de compatibilidade.<\/p>\n<p>Entender os fundamentos e t\u00e9cnicas de cada efeito<\/p>\n<p>Compreender todas as possibilidades da manipula\u00e7\u00e3o de keyframes<\/p>\n<p>Ser capaz de operar com efici\u00eancia a ferramenta de tracking do Media Composer<\/p>\n<p>Recortar Chroma Key, animar backgrounds e produzir outros tipos de m\u00e1scaras<\/p>\n<\/div>\n<\/div>\n<\/div>\n<\/div>\n<\/div>\n<\/div>\n<\/div>\n<\/div>\n            <\/div>\r\n    \r\n            <div post_id=\"6561\" itemcount=\"1\"  header_id=\"header-1482876181799\" id=\"header-1482876181799\" style=\"\" class=\"accordions-head head1482876181799 border-none\" toggle-text=\"\" main-text=\"Conte\u00fados\">\r\n                                    <span id=\"accordion-icons-1482876181799\" class=\"accordion-icons\">\r\n                        <span class=\"accordion-icon-active accordion-plus\"><i class=\"fa fa-plus-square\"><\/i><\/span>\r\n                        <span class=\"accordion-icon-inactive accordion-minus\"><i class=\"fa fa-minus-square\"><\/i><\/span>\r\n                    <\/span>\r\n                    <span id=\"header-text-1482876181799\" class=\"accordions-head-title\">Conte\u00fados<\/span>\r\n                            <\/div>\r\n            <div class=\"accordion-content content1482876181799 \">\r\n                <div class=\"page\" title=\"Page 13\">\n<div class=\"section\">\n<div class=\"layoutArea\">\n<div class=\"column\">\n<div class=\"page\" title=\"Page 15\">\n<div class=\"section\">\n<div class=\"layoutArea\">\n<div class=\"column\">\n<p>Workflows em Alta resolu\u00e7\u00e3o, UHD, 4K etc<\/p>\n<p>Offline\/Online Workflows<\/p>\n<p>Audio Project Settings<\/p>\n<p>Estrat\u00e9gias para Relink<\/p>\n<p>Sistemas de transforma\u00e7\u00e3o de cor com CDL e LUTs<\/p>\n<p>Linear vs. Log Color Space<\/p>\n<p>Intraframe vs. Long GOP<\/p>\n<p>8-bit vs. 10-bit CODECs<\/p>\n<p>MXF OP1a vs. OP-Atom<\/p>\n<p>T\u00e1ticas para Ingest, Consolidate, Transcode e uso de CODECs<\/p>\n<p>Visualiza\u00e7\u00e3o de Render\/Precompute Clips<\/p>\n<p>Dynamic Media Folders<\/p>\n<p>Background services<\/p>\n<p>Adaptadores de m\u00eddia<\/p>\n<p>AutoSync, Multicam Group Clips e Multigroup Clips<\/p>\n<p>Logging, gerenciamento e compartilhamento de metadados<\/p>\n<p>ALE - Avid Log Exchange<\/p>\n<p>Gerenciamento de configura\u00e7\u00f5es de sistema e usu\u00e1rio<\/p>\n<p>Gerenciamento de m\u00eddia<\/p>\n<p>Fundamentos de suporte<\/p>\n<p>Slip Sync<\/p>\n<p>Mask Margins<\/p>\n<p>Gerenciamento com Media Tool<\/p>\n<p>M\u00e9todos para arquivar projetos<\/p>\n<p>Edi\u00e7\u00f5es baseadas em script<\/p>\n<p>Edi\u00e7\u00e3o Multicamera avan\u00e7ada<\/p>\n<p>Integra\u00e7\u00e3o entre Media Composer e Pro Tools<\/p>\n<p>Fundamentos da mixagem de \u00e1udio<\/p>\n<p>T\u00e9cnicas avan\u00e7adas de edi\u00e7\u00e3o<\/p>\n<p>Recursos avan\u00e7ados de trimming<\/p>\n<p>Recursos de gerenciamento, busca e organiza\u00e7\u00e3o de timelines<\/p>\n<p>Phantom Marks<\/p>\n<p>Sync Point Editing<\/p>\n<p>Edi\u00e7\u00e3o com m\u00faltiplos formatos<\/p>\n<p>Workflows com gr\u00e1ficos<\/p>\n<p>Manuseio de arquivos de Photoshop<\/p>\n<p>Reformata\u00e7\u00e3o de m\u00eddia<\/p>\n<p>Manuseio de \u00e1udio surround<\/p>\n<p>Efeitos de \u00e1udio: EQ, Compressor, Gate\/Expander, Normalize, Time Strech entre outros<\/p>\n<p>Audio Ducking<\/p>\n<p>Corre\u00e7\u00e3o de cor, Safe Color Settings e Color Limiter<\/p>\n<p>Real-Time AudioSuite<\/p>\n<p>Composi\u00e7\u00e3o de imagens<\/p>\n<p>Pan and Zoom<\/p>\n<p>Design de efeitos<\/p>\n<p>Keyframes\u00a0avan\u00e7ado<\/p>\n<p>3D Warp Effect<\/p>\n<p>Animatte<\/p>\n<p>Id\u00e9ias com Paint Effect<\/p>\n<p>Clone e Scratch Removal<\/p>\n<p>Magic Mask<\/p>\n<p>Spot Color Effect<\/p>\n<p>Prepara\u00e7\u00e3o para uso do Spectramatte<\/p>\n<p>Tipos de\u00a0Mattes<\/p>\n<p>T\u00e9cnicas de Tracking avan\u00e7adas<\/p>\n<p>M\u00e9todos de entrega: AAF, AS-02, AS-11 e DPX.<\/p>\n<p>Timecode Burn-in<\/p>\n<p>Subcap Effect<\/p>\n<p>Masking<\/p>\n<p>Closed Caption<\/p>\n<p>Reformat Sequence<\/p>\n<p>Active Description Format<\/p>\n<p>Audio, Video e Data Mixdown<\/p>\n<\/div>\n<\/div>\n<\/div>\n<\/div>\n<\/div>\n<\/div>\n<\/div>\n<\/div>\n            <\/div>\r\n    \r\n            <div post_id=\"6561\" itemcount=\"2\"  header_id=\"header-1483133096020\" id=\"header-1483133096020\" style=\"\" class=\"accordions-head head1483133096020 border-none\" toggle-text=\"\" main-text=\"Certifica\u00e7\u00e3o Oficial (opcional)\">\r\n                                    <span id=\"accordion-icons-1483133096020\" class=\"accordion-icons\">\r\n                        <span class=\"accordion-icon-active accordion-plus\"><i class=\"fa fa-plus-square\"><\/i><\/span>\r\n                        <span class=\"accordion-icon-inactive accordion-minus\"><i class=\"fa fa-minus-square\"><\/i><\/span>\r\n                    <\/span>\r\n                    <span id=\"header-text-1483133096020\" class=\"accordions-head-title\">Certifica\u00e7\u00e3o Oficial (opcional)<\/span>\r\n                            <\/div>\r\n            <div class=\"accordion-content content1483133096020 \">\r\n                <p><iframe src=\"https:\/\/www.youtube.com\/embed\/x2lEI9kNDYo\" width=\"320\" height=\"180\" frameborder=\"0\" allowfullscreen=\"allowfullscreen\"><\/iframe><\/p>\n<p><strong>O que as certifica\u00e7\u00f5es oficiais da Avid oferecem?<\/strong><\/p>\n<p>Seu nome, seu curr\u00edculo e seus contatos no site da Avid, na lista de profissionais certificados. http:\/\/www.avid.com\/education\/find-a-certified-professional<br \/>\nUso da marca Avid e seu n\u00edvel de certifica\u00e7\u00e3o em sua correspond\u00eancia digital, cart\u00f5es de visita, site, blog etc.<br \/>\nReconhecimento de suas capacidades perante ao mercado de trabalho: Atualmente algumas emissoras televisivas t\u00eam exigido certifica\u00e7\u00e3o oficial de seus funcion\u00e1rios.<\/p>\n<p><strong>O que as certifica\u00e7\u00f5es representam?<\/strong><\/p>\n<p>Demonstram sua compet\u00eancia fundamental em edi\u00e7\u00e3o de \u00e1udio e\/ou v\u00eddeo na vers\u00e3o atual do software<br \/>\nDiferenciam voc\u00ea dos seus competidores e chama aten\u00e7\u00e3o para seu curr\u00edculo.<br \/>\nConfirmam suas credenciais com o diploma Certificate of Achievement e com seu nome na lista de profissionais no site da Avid.<\/p>\n<p><strong>S\u00e3o quantos exames?<\/strong><\/p>\n<p>Em cada n\u00edvel de certifica\u00e7\u00e3o, o candidato ser\u00e1 submetido a dois exames com conte\u00fados diferentes. O PT 101 e o PT 110, por\u00e9m n\u00e3o h\u00e1 exames pr\u00e1ticos. Os dois exames s\u00e3o te\u00f3ricos, com 50 quest\u00f5es de m\u00faltipla escolha.<\/p>\n<p><strong>Os exames de certifica\u00e7\u00e3o s\u00e3o pagos a partes?<\/strong><\/p>\n<p>Sim. Os pre\u00e7os variam de acordo com o software e o n\u00edvel de certifica\u00e7\u00e3o.<\/p>\n<p><strong>O que est\u00e1 incluso?<\/strong><\/p>\n<p>Dois livros digitais (em ingl\u00eas) fornecidos pela Avid<br \/>\n02 tentativas para ser aprovado no primeiro exame + 2 tentativas para ser aprovado no segundo exame de certifica\u00e7\u00e3o.<\/p>\n<p><strong>O exame pode ser feito online?<\/strong><\/p>\n<p>Sim! Por conta da pandemia o exame pode ser feito de maneira online com supervis\u00e3o por videoconfer\u00eancia. O exame \u00e9 agendado diretamente com nosso atendimento.<\/p>\n<p><strong>Qual o idioma dos exames?<\/strong><\/p>\n<p>Os exames s\u00e3o em ingl\u00eas.<\/p>\n<p><strong>Qual a taxa para ser aprovado?<\/strong><\/p>\n<p>\u00c9 necess\u00e1rio ter o m\u00ednimo de 80% de acertos para ser aprovado. Ou seja \u00e9 preciso acertar 40 quest\u00f5es.<\/p>\n<p><strong>Caso eu seja reprovado, o que acontece?<\/strong><\/p>\n<p>O candidato pode fazer uma segunda tentativa ap\u00f3s 24 horas sem nenhum custo adicional. A partir da terceira tentativa, a Avid cobra $30 d\u00f3lares por cada nova tentativa.<\/p>\n<p><img loading=\"lazy\" decoding=\"async\" class=\"aligncenter  wp-image-9086\" src=\"http:\/\/proclass.com.br\/home\/wp-content\/uploads\/2016\/12\/ABREU_AVID_PRO-1024x791.jpg\" alt=\"\" width=\"566\" height=\"437\" srcset=\"https:\/\/proclass.com.br\/home\/wp-content\/uploads\/2016\/12\/ABREU_AVID_PRO-1024x791.jpg 1024w, https:\/\/proclass.com.br\/home\/wp-content\/uploads\/2016\/12\/ABREU_AVID_PRO-300x232.jpg 300w, https:\/\/proclass.com.br\/home\/wp-content\/uploads\/2016\/12\/ABREU_AVID_PRO-768x593.jpg 768w, https:\/\/proclass.com.br\/home\/wp-content\/uploads\/2016\/12\/ABREU_AVID_PRO.jpg 1650w\" sizes=\"(max-width: 566px) 100vw, 566px\" \/><\/p>\n<p>&nbsp;<\/p>\n            <\/div>\r\n    <\/div>\r\n\r\n\r\n\r\n            <\/div>\n<p>&nbsp;<\/p>\n<p>Entre em contato para solicitar um or\u00e7amento, ou receber mais informa\u00e7\u00f5es: info@proclass.com.br ou\u00a0<a href=\"https:\/\/api.whatsapp.com\/send?phone=5521976157922\">WhatsApp: (21) 97615-7922<\/a><\/p>\n<p>&nbsp;<\/p>\n<h3>\u00a0<a href=\"#inicio\">Voltar ao in\u00edcio<\/a><\/h3>\n<hr \/>\n<\/div>\n<\/div><\/div><\/div><\/div><\/div>","protected":false},"excerpt":{"rendered":"<p>Avid Media Composer Treinamentos e Certifica\u00e7\u00f5es Oficiais para Grupos ou Empresas Avid Media Composer e a ProClass A ProClass \u00e9 a \u00fanica escola do Brasil autorizada pela Avid a realizar os cursos oficiais em Avid Media Composer. &nbsp; Oferecemos treinamentos para grupos ou empresas em diversas modalidades de ensino. Online, com aulas gravadas ou emContinue reading &rarr;<\/p>\n","protected":false},"author":4,"featured_media":0,"parent":0,"menu_order":0,"comment_status":"closed","ping_status":"closed","template":"","meta":{"footnotes":""},"class_list":["post-17480","page","type-page","status-publish","hentry","no-thumb"],"yoast_head":"<!-- This site is optimized with the Yoast SEO plugin v26.9 - https:\/\/yoast.com\/product\/yoast-seo-wordpress\/ -->\n<title>Curso Oficial de Avid Media Composer - Empresarial - PROCLASS<\/title>\n<meta name=\"robots\" content=\"index, follow, max-snippet:-1, max-image-preview:large, max-video-preview:-1\" \/>\n<link rel=\"canonical\" href=\"https:\/\/proclass.com.br\/home\/media-composer-empresas\/\" \/>\n<meta property=\"og:locale\" content=\"pt_BR\" \/>\n<meta property=\"og:type\" content=\"article\" \/>\n<meta property=\"og:title\" content=\"Curso Oficial de Avid Media Composer - Empresarial - PROCLASS\" \/>\n<meta property=\"og:description\" content=\"Avid Media Composer Treinamentos e Certifica\u00e7\u00f5es Oficiais para Grupos ou Empresas Avid Media Composer e a ProClass A ProClass \u00e9 a \u00fanica escola do Brasil autorizada pela Avid a realizar os cursos oficiais em Avid Media Composer. &nbsp; Oferecemos treinamentos para grupos ou empresas em diversas modalidades de ensino. Online, com aulas gravadas ou emContinue reading &rarr;\" \/>\n<meta property=\"og:url\" content=\"https:\/\/proclass.com.br\/home\/media-composer-empresas\/\" \/>\n<meta property=\"og:site_name\" content=\"PROCLASS\" \/>\n<meta property=\"article:modified_time\" content=\"2025-09-09T17:35:28+00:00\" \/>\n<meta property=\"og:image\" content=\"https:\/\/proclass.com.br\/home\/wp-content\/uploads\/2012\/08\/ALP_Professional-transparent.png\" \/>\n\t<meta property=\"og:image:width\" content=\"1207\" \/>\n\t<meta property=\"og:image:height\" content=\"152\" \/>\n\t<meta property=\"og:image:type\" content=\"image\/png\" \/>\n<meta name=\"twitter:card\" content=\"summary_large_image\" \/>\n<meta name=\"twitter:label1\" content=\"Est. tempo de leitura\" \/>\n\t<meta name=\"twitter:data1\" content=\"10 minutos\" \/>\n<script type=\"application\/ld+json\" class=\"yoast-schema-graph\">{\"@context\":\"https:\/\/schema.org\",\"@graph\":[{\"@type\":\"WebPage\",\"@id\":\"https:\/\/proclass.com.br\/home\/media-composer-empresas\/\",\"url\":\"https:\/\/proclass.com.br\/home\/media-composer-empresas\/\",\"name\":\"Curso Oficial de Avid Media Composer - Empresarial - PROCLASS\",\"isPartOf\":{\"@id\":\"https:\/\/proclass.com.br\/home\/#website\"},\"primaryImageOfPage\":{\"@id\":\"https:\/\/proclass.com.br\/home\/media-composer-empresas\/#primaryimage\"},\"image\":{\"@id\":\"https:\/\/proclass.com.br\/home\/media-composer-empresas\/#primaryimage\"},\"thumbnailUrl\":\"http:\/\/proclass.com.br\/home\/wp-content\/uploads\/2012\/08\/ALP_Professional-transparent-1024x129.png\",\"datePublished\":\"2021-06-15T20:28:34+00:00\",\"dateModified\":\"2025-09-09T17:35:28+00:00\",\"breadcrumb\":{\"@id\":\"https:\/\/proclass.com.br\/home\/media-composer-empresas\/#breadcrumb\"},\"inLanguage\":\"pt-BR\",\"potentialAction\":[{\"@type\":\"ReadAction\",\"target\":[\"https:\/\/proclass.com.br\/home\/media-composer-empresas\/\"]}]},{\"@type\":\"ImageObject\",\"inLanguage\":\"pt-BR\",\"@id\":\"https:\/\/proclass.com.br\/home\/media-composer-empresas\/#primaryimage\",\"url\":\"https:\/\/proclass.com.br\/home\/wp-content\/uploads\/2012\/08\/ALP_Professional-transparent.png\",\"contentUrl\":\"https:\/\/proclass.com.br\/home\/wp-content\/uploads\/2012\/08\/ALP_Professional-transparent.png\",\"width\":1207,\"height\":152},{\"@type\":\"BreadcrumbList\",\"@id\":\"https:\/\/proclass.com.br\/home\/media-composer-empresas\/#breadcrumb\",\"itemListElement\":[{\"@type\":\"ListItem\",\"position\":1,\"name\":\"In\u00edcio\",\"item\":\"https:\/\/proclass.com.br\/home\/\"},{\"@type\":\"ListItem\",\"position\":2,\"name\":\"Curso Oficial de Avid Media Composer &#8211; Empresarial\"}]},{\"@type\":\"WebSite\",\"@id\":\"https:\/\/proclass.com.br\/home\/#website\",\"url\":\"https:\/\/proclass.com.br\/home\/\",\"name\":\"PROCLASS\",\"description\":\"CURSOS E TREINAMENTOS\",\"publisher\":{\"@id\":\"https:\/\/proclass.com.br\/home\/#organization\"},\"potentialAction\":[{\"@type\":\"SearchAction\",\"target\":{\"@type\":\"EntryPoint\",\"urlTemplate\":\"https:\/\/proclass.com.br\/home\/?s={search_term_string}\"},\"query-input\":{\"@type\":\"PropertyValueSpecification\",\"valueRequired\":true,\"valueName\":\"search_term_string\"}}],\"inLanguage\":\"pt-BR\"},{\"@type\":\"Organization\",\"@id\":\"https:\/\/proclass.com.br\/home\/#organization\",\"name\":\"PROCLASS\",\"url\":\"https:\/\/proclass.com.br\/home\/\",\"logo\":{\"@type\":\"ImageObject\",\"inLanguage\":\"pt-BR\",\"@id\":\"https:\/\/proclass.com.br\/home\/#\/schema\/logo\/image\/\",\"url\":\"https:\/\/proclass.com.br\/home\/wp-content\/uploads\/2023\/06\/CABECALHO-black_PROCLASS-2023.png\",\"contentUrl\":\"https:\/\/proclass.com.br\/home\/wp-content\/uploads\/2023\/06\/CABECALHO-black_PROCLASS-2023.png\",\"width\":2563,\"height\":911,\"caption\":\"PROCLASS\"},\"image\":{\"@id\":\"https:\/\/proclass.com.br\/home\/#\/schema\/logo\/image\/\"}}]}<\/script>\n<!-- \/ Yoast SEO plugin. -->","yoast_head_json":{"title":"Curso Oficial de Avid Media Composer - Empresarial - PROCLASS","robots":{"index":"index","follow":"follow","max-snippet":"max-snippet:-1","max-image-preview":"max-image-preview:large","max-video-preview":"max-video-preview:-1"},"canonical":"https:\/\/proclass.com.br\/home\/media-composer-empresas\/","og_locale":"pt_BR","og_type":"article","og_title":"Curso Oficial de Avid Media Composer - Empresarial - PROCLASS","og_description":"Avid Media Composer Treinamentos e Certifica\u00e7\u00f5es Oficiais para Grupos ou Empresas Avid Media Composer e a ProClass A ProClass \u00e9 a \u00fanica escola do Brasil autorizada pela Avid a realizar os cursos oficiais em Avid Media Composer. &nbsp; Oferecemos treinamentos para grupos ou empresas em diversas modalidades de ensino. Online, com aulas gravadas ou emContinue reading &rarr;","og_url":"https:\/\/proclass.com.br\/home\/media-composer-empresas\/","og_site_name":"PROCLASS","article_modified_time":"2025-09-09T17:35:28+00:00","og_image":[{"width":1207,"height":152,"url":"https:\/\/proclass.com.br\/home\/wp-content\/uploads\/2012\/08\/ALP_Professional-transparent.png","type":"image\/png"}],"twitter_card":"summary_large_image","twitter_misc":{"Est. tempo de leitura":"10 minutos"},"schema":{"@context":"https:\/\/schema.org","@graph":[{"@type":"WebPage","@id":"https:\/\/proclass.com.br\/home\/media-composer-empresas\/","url":"https:\/\/proclass.com.br\/home\/media-composer-empresas\/","name":"Curso Oficial de Avid Media Composer - Empresarial - PROCLASS","isPartOf":{"@id":"https:\/\/proclass.com.br\/home\/#website"},"primaryImageOfPage":{"@id":"https:\/\/proclass.com.br\/home\/media-composer-empresas\/#primaryimage"},"image":{"@id":"https:\/\/proclass.com.br\/home\/media-composer-empresas\/#primaryimage"},"thumbnailUrl":"http:\/\/proclass.com.br\/home\/wp-content\/uploads\/2012\/08\/ALP_Professional-transparent-1024x129.png","datePublished":"2021-06-15T20:28:34+00:00","dateModified":"2025-09-09T17:35:28+00:00","breadcrumb":{"@id":"https:\/\/proclass.com.br\/home\/media-composer-empresas\/#breadcrumb"},"inLanguage":"pt-BR","potentialAction":[{"@type":"ReadAction","target":["https:\/\/proclass.com.br\/home\/media-composer-empresas\/"]}]},{"@type":"ImageObject","inLanguage":"pt-BR","@id":"https:\/\/proclass.com.br\/home\/media-composer-empresas\/#primaryimage","url":"https:\/\/proclass.com.br\/home\/wp-content\/uploads\/2012\/08\/ALP_Professional-transparent.png","contentUrl":"https:\/\/proclass.com.br\/home\/wp-content\/uploads\/2012\/08\/ALP_Professional-transparent.png","width":1207,"height":152},{"@type":"BreadcrumbList","@id":"https:\/\/proclass.com.br\/home\/media-composer-empresas\/#breadcrumb","itemListElement":[{"@type":"ListItem","position":1,"name":"In\u00edcio","item":"https:\/\/proclass.com.br\/home\/"},{"@type":"ListItem","position":2,"name":"Curso Oficial de Avid Media Composer &#8211; Empresarial"}]},{"@type":"WebSite","@id":"https:\/\/proclass.com.br\/home\/#website","url":"https:\/\/proclass.com.br\/home\/","name":"PROCLASS","description":"CURSOS E TREINAMENTOS","publisher":{"@id":"https:\/\/proclass.com.br\/home\/#organization"},"potentialAction":[{"@type":"SearchAction","target":{"@type":"EntryPoint","urlTemplate":"https:\/\/proclass.com.br\/home\/?s={search_term_string}"},"query-input":{"@type":"PropertyValueSpecification","valueRequired":true,"valueName":"search_term_string"}}],"inLanguage":"pt-BR"},{"@type":"Organization","@id":"https:\/\/proclass.com.br\/home\/#organization","name":"PROCLASS","url":"https:\/\/proclass.com.br\/home\/","logo":{"@type":"ImageObject","inLanguage":"pt-BR","@id":"https:\/\/proclass.com.br\/home\/#\/schema\/logo\/image\/","url":"https:\/\/proclass.com.br\/home\/wp-content\/uploads\/2023\/06\/CABECALHO-black_PROCLASS-2023.png","contentUrl":"https:\/\/proclass.com.br\/home\/wp-content\/uploads\/2023\/06\/CABECALHO-black_PROCLASS-2023.png","width":2563,"height":911,"caption":"PROCLASS"},"image":{"@id":"https:\/\/proclass.com.br\/home\/#\/schema\/logo\/image\/"}}]}},"_links":{"self":[{"href":"https:\/\/proclass.com.br\/home\/wp-json\/wp\/v2\/pages\/17480","targetHints":{"allow":["GET"]}}],"collection":[{"href":"https:\/\/proclass.com.br\/home\/wp-json\/wp\/v2\/pages"}],"about":[{"href":"https:\/\/proclass.com.br\/home\/wp-json\/wp\/v2\/types\/page"}],"author":[{"embeddable":true,"href":"https:\/\/proclass.com.br\/home\/wp-json\/wp\/v2\/users\/4"}],"replies":[{"embeddable":true,"href":"https:\/\/proclass.com.br\/home\/wp-json\/wp\/v2\/comments?post=17480"}],"version-history":[{"count":1,"href":"https:\/\/proclass.com.br\/home\/wp-json\/wp\/v2\/pages\/17480\/revisions"}],"predecessor-version":[{"id":30172,"href":"https:\/\/proclass.com.br\/home\/wp-json\/wp\/v2\/pages\/17480\/revisions\/30172"}],"wp:attachment":[{"href":"https:\/\/proclass.com.br\/home\/wp-json\/wp\/v2\/media?parent=17480"}],"curies":[{"name":"wp","href":"https:\/\/api.w.org\/{rel}","templated":true}]}}