{"id":17472,"date":"2021-06-15T17:01:18","date_gmt":"2021-06-15T20:01:18","guid":{"rendered":"https:\/\/proclass.com.br\/home\/?page_id=17472"},"modified":"2025-09-09T14:36:38","modified_gmt":"2025-09-09T17:36:38","slug":"premiere-empresas","status":"publish","type":"page","link":"https:\/\/proclass.com.br\/home\/premiere-empresas\/","title":{"rendered":"Curso de Adobe Premiere &#8211; Empresarial"},"content":{"rendered":"<div id=\"pl-17472\"  class=\"panel-layout\" ><div id=\"pg-17472-0\"  class=\"panel-grid panel-has-style\" ><div class=\"siteorigin-panels-stretch panel-row-style panel-row-style-for-17472-0\" data-stretch-type=\"full-width-stretch\" ><div id=\"pgc-17472-0-0\"  class=\"panel-grid-cell\" ><div id=\"panel-17472-0-0-0\" class=\"so-panel widget widget_sow-hero panel-first-child panel-last-child\" data-index=\"0\" ><div\n\t\t\t\n\t\t\tclass=\"so-widget-sow-hero so-widget-sow-hero-default-09a9c2aa85c6-17472 so-widget-fittext-wrapper\"\n\t\t\t data-fit-text-compressor=\"0.85\"\n\t\t>\t\t\t\t<div class=\"sow-slider-base\" style=\"display: none\" tabindex=\"0\">\n\t\t\t\t\t<ul\n\t\t\t\t\tclass=\"sow-slider-images\"\n\t\t\t\t\tdata-settings=\"{&quot;pagination&quot;:true,&quot;speed&quot;:800,&quot;timeout&quot;:8000,&quot;paused&quot;:false,&quot;pause_on_hover&quot;:false,&quot;swipe&quot;:true,&quot;nav_always_show_desktop&quot;:&quot;&quot;,&quot;nav_always_show_mobile&quot;:&quot;&quot;,&quot;breakpoint&quot;:&quot;780px&quot;,&quot;unmute&quot;:false,&quot;anchor&quot;:null}\"\n\t\t\t\t\t\t\t\t\t\tdata-anchor-id=\"\"\n\t\t\t\t>\t\t<li class=\"sow-slider-image  sow-slider-image-cover\" style=\"visibility: visible;;background-color: #333333\" >\n\t\t\t\t\t<div class=\"sow-slider-image-container\">\n\t\t\t<div class=\"sow-slider-image-wrapper\">\n\t\t\t\t<h1 style=\"text-align: center\">Adobe Premiere<\/h1>\n<p style=\"text-align: center\">Treinamentos para Grupos ou Empresas<\/p>\n<p style=\"text-align: center\">\n<\/p>\t\t\t<\/div>\n\t\t<\/div>\n\t\t<div class=\"sow-slider-image-overlay sow-slider-image-cover\" style=\"opacity: 0.41;background-image: url(https:\/\/proclass.com.br\/home\/wp-content\/uploads\/2012\/08\/e834b50e2df4043ecd0b4204e2445b97e77fe0d21fb3164796_1920.jpg)\"  ><\/div>\t\t<\/li>\n\t\t<\/ul>\t\t\t\t<ol class=\"sow-slider-pagination\">\n\t\t\t\t\t\t\t\t\t\t\t<li><a href=\"#\" data-goto=\"0\" aria-label=\"Display slide 1\"><\/a><\/li>\n\t\t\t\t\t\t\t\t\t<\/ol>\n\n\t\t\t\t<div class=\"sow-slide-nav sow-slide-nav-next\">\n\t\t\t\t\t<a href=\"#\" data-goto=\"next\" aria-label=\"Next slide\" data-action=\"next\">\n\t\t\t\t\t\t<em class=\"sow-sld-icon-thin-right\"><\/em>\n\t\t\t\t\t<\/a>\n\t\t\t\t<\/div>\n\n\t\t\t\t<div class=\"sow-slide-nav sow-slide-nav-prev\">\n\t\t\t\t\t<a href=\"#\" data-goto=\"previous\" aria-label=\"Previous slide\" data-action=\"prev\">\n\t\t\t\t\t\t<em class=\"sow-sld-icon-thin-left\"><\/em>\n\t\t\t\t\t<\/a>\n\t\t\t\t<\/div>\n\t\t\t\t<\/div><\/div><\/div><\/div><\/div><\/div><div id=\"pg-17472-1\"  class=\"panel-grid panel-has-style\" ><div class=\"siteorigin-panels-stretch panel-row-style panel-row-style-for-17472-1\" data-stretch-type=\"full\" ><div id=\"pgc-17472-1-0\"  class=\"panel-grid-cell\" ><div id=\"panel-17472-1-0-0\" class=\"so-panel widget widget_sow-headline panel-first-child panel-last-child\" data-index=\"1\" ><div class=\"panel-widget-style panel-widget-style-for-17472-1-0-0\" ><div\n\t\t\t\n\t\t\tclass=\"so-widget-sow-headline so-widget-sow-headline-default-8c430a345832-17472\"\n\t\t\t\n\t\t><div class=\"sow-headline-container \">\n\t\t\t\t\t\t\t<h1 class=\"sow-headline\">\n\t\t\t\t\t\tAdobe Premiere e a ProClass\t\t\t\t\t\t<\/h1>\n\t\t\t\t\t\t\t\t\t\t\t\t<h3 class=\"sow-sub-headline\">\n\t\t\t\t\t\tA ProClass \u00e9 uma Adobe Authorized Testing Center, e \u00e9 autorizada pela Adobe a realizar e supervisionar os exames de certifica\u00e7\u00e3o oficial em Adobe Premiere\t\t\t\t\t\t<\/h3>\n\t\t\t\t\t\t<\/div>\n<\/div><\/div><\/div><\/div><\/div><\/div><div id=\"pg-17472-2\"  class=\"panel-grid panel-has-style\" ><div class=\"panel-row-style panel-row-style-for-17472-2\" ><div id=\"pgc-17472-2-0\"  class=\"panel-grid-cell panel-grid-cell-empty\" ><div class=\"panel-cell-style panel-cell-style-for-17472-2-0\" ><\/div><\/div><div id=\"pgc-17472-2-1\"  class=\"panel-grid-cell panel-grid-cell-mobile-last\" ><div id=\"panel-17472-2-1-0\" class=\"so-panel widget widget_sow-editor panel-first-child panel-last-child\" data-index=\"2\" ><div\n\t\t\t\n\t\t\tclass=\"so-widget-sow-editor so-widget-sow-editor-base\"\n\t\t\t\n\t\t>\n<div class=\"siteorigin-widget-tinymce textwidget\">\n\t<p><img fetchpriority=\"high\" fetchpriority=\"high\" decoding=\"async\" class=\"aligncenter size-full wp-image-7801\" src=\"http:\/\/proclass.com.br\/home\/wp-content\/uploads\/2015\/03\/adobe-logo-pro-site.png\" alt=\"\" width=\"450\" height=\"112\" srcset=\"https:\/\/proclass.com.br\/home\/wp-content\/uploads\/2015\/03\/adobe-logo-pro-site.png 450w, https:\/\/proclass.com.br\/home\/wp-content\/uploads\/2015\/03\/adobe-logo-pro-site-300x75.png 300w\" sizes=\"(max-width: 450px) 100vw, 450px\" \/><\/p>\n<p><a name=\"inicio\"><\/a><\/p>\n<p>Oferecemos treinamentos para grupos ou empresas em diversas modalidades de ensino. Online, com aulas gravadas ou em turmas ao vivo, por videoconfer\u00eancia; e presencial, na ProClass ou no seu local de trabalho.<\/p>\n<p>Os treinamentos podem ser os baseados nos cursos oficiais da fabricante, ou seja, que preparam para os exames oficiais e que tem carga hor\u00e1ria e conte\u00fados j\u00e1 estabelecidos; ou podem ser personalizados, com carga hor\u00e1ria e conte\u00fados de acordo com as necessidades da equipe.<\/p>\n<p>Entre em contato para solicitar um or\u00e7amento, ou receber mais informa\u00e7\u00f5es: info@proclass.com.br ou\u00a0<a href=\"https:\/\/api.whatsapp.com\/send?phone=5521976157922\">WhatsApp: (21) 97615-7922<\/a><\/p>\n<p>Abaixo, mais informa\u00e7\u00f5es sobre os treinamentos em Adobe Premiere.<\/p>\n<p>Para cursos individuais,\u00a0<a href=\"https:\/\/proclass.com.br\/home\/premiere-online\/\">clique aqui<\/a><\/p>\n<\/div>\n<\/div><\/div><\/div><div id=\"pgc-17472-2-2\"  class=\"panel-grid-cell panel-grid-cell-empty\" ><\/div><\/div><\/div><div id=\"pg-17472-3\"  class=\"panel-grid panel-has-style\" ><div class=\"panel-row-style panel-row-style-for-17472-3\" ><div id=\"pgc-17472-3-0\"  class=\"panel-grid-cell panel-grid-cell-empty\" ><div class=\"panel-cell-style panel-cell-style-for-17472-3-0\" ><\/div><\/div><div id=\"pgc-17472-3-1\"  class=\"panel-grid-cell panel-grid-cell-mobile-last\" ><div id=\"panel-17472-3-1-0\" class=\"so-panel widget widget_sow-editor panel-first-child panel-last-child\" data-index=\"3\" ><div\n\t\t\t\n\t\t\tclass=\"so-widget-sow-editor so-widget-sow-editor-base\"\n\t\t\t\n\t\t>\n<div class=\"siteorigin-widget-tinymce textwidget\">\n\t<h2><strong><a name=\"full\"><\/a>ADOBE PREMIERE - EDI\u00c7\u00c3O E EFEITOS<\/strong><\/h2>\n<p><iframe title=\"Curso de Premiere - Edi\u00e7\u00e3o e Efeitos\" width=\"1440\" height=\"810\" src=\"https:\/\/www.youtube.com\/embed\/8miulRrqrRI?feature=oembed\" frameborder=\"0\" allow=\"accelerometer; autoplay; clipboard-write; encrypted-media; gyroscope; picture-in-picture; web-share\" referrerpolicy=\"strict-origin-when-cross-origin\" allowfullscreen><\/iframe><\/p>\n<p>&nbsp;<\/p>\n<\/div>\n<\/div><\/div><\/div><div id=\"pgc-17472-3-2\"  class=\"panel-grid-cell panel-grid-cell-empty\" ><\/div><\/div><\/div><div id=\"pg-17472-4\"  class=\"panel-grid panel-no-style\" ><div id=\"pgc-17472-4-0\"  class=\"panel-grid-cell\" ><div id=\"panel-17472-4-0-0\" class=\"so-panel widget widget_sow-editor panel-first-child panel-last-child\" data-index=\"4\" ><div\n\t\t\t\n\t\t\tclass=\"so-widget-sow-editor so-widget-sow-editor-base\"\n\t\t\t\n\t\t>\n<div class=\"siteorigin-widget-tinymce textwidget\">\n\t<p>O curso \u00e9 voltado para iniciantes; para quem utiliza outros Softwares e quer come\u00e7ar a editar no Premiere; ou para quem j\u00e1 edita no Premiere, mas sente que poderia editar de maneira mais r\u00e1pida e eficiente. N\u00e3o \u00e9 necess\u00e1rio ter experi\u00eancia pr\u00e9via. Voc\u00ea deve ter conhecimento b\u00e1sico da utiliza\u00e7\u00e3o do computador, n\u00e3o importa se em Mac ou PC.<\/p>\n<p>Trata-se de um treinamento muito completo, que passa por todas as etapas da produ\u00e7\u00e3o audiovisual: Edi\u00e7\u00e3o, \u00e1udio, efeitos, corre\u00e7\u00e3o de cor...O objetivo \u00e9 formar o aluno para trabalhar em n\u00edvel profissional. S\u00e3o diversas t\u00e9cnicas e atalhos que aprimoram e agilizam o processo de edi\u00e7\u00e3o.<\/p>\n<div id=\"accordions-6546\" class=\"accordions-6546 accordions\" data-accordions={&quot;lazyLoad&quot;:true,&quot;id&quot;:&quot;6546&quot;,&quot;event&quot;:&quot;click&quot;,&quot;collapsible&quot;:&quot;true&quot;,&quot;heightStyle&quot;:&quot;content&quot;,&quot;animateStyle&quot;:&quot;swing&quot;,&quot;animateDelay&quot;:1000,&quot;navigation&quot;:true,&quot;active&quot;:999,&quot;expandedOther&quot;:&quot;no&quot;}>\r\n                <div id=\"accordions-lazy-6546\" class=\"accordions-lazy\" accordionsId=\"6546\">\r\n                    <\/div>\r\n\r\n    <div class=\"items\"  style=\"display:none\" >\r\n    \r\n            <div post_id=\"6546\" itemcount=\"0\"  header_id=\"header-0\" id=\"header-0\" style=\"\" class=\"accordions-head head0 border-none\" toggle-text=\"\" main-text=\"Objetivos\">\r\n                                    <span id=\"accordion-icons-0\" class=\"accordion-icons\">\r\n                        <span class=\"accordion-icon-active accordion-plus\"><i class=\"fa fa-plus-square\"><\/i><\/span>\r\n                        <span class=\"accordion-icon-inactive accordion-minus\"><i class=\"fa fa-minus-square\"><\/i><\/span>\r\n                    <\/span>\r\n                    <span id=\"header-text-0\" class=\"accordions-head-title\">Objetivos<\/span>\r\n                            <\/div>\r\n            <div class=\"accordion-content content0 \">\r\n                <p>Compreender toda a interface e fluxo de trabalho do Premiere Pro;<\/p>\n<p>Conceber projetos audiovisuais do come\u00e7o ao fim: Editando de maneira avan\u00e7ada e eficiente com v\u00e1rios atalhos de teclado, criando t\u00edtulos, transi\u00e7\u00f5es, efeitos avan\u00e7ados, ajustes e efeitos de \u00e1udio;<\/p>\n<p>Entender como o Premiere lida com as m\u00eddias importadas e administrar com seguran\u00e7a a organiza\u00e7\u00e3o das m\u00eddias.<\/p>\n<p>Saber configurar a interface do Premiere Pro ao seu gosto;<\/p>\n<p>Entender os diferentes m\u00e9todos de edi\u00e7\u00e3o para cada tipo de produto: document\u00e1rio, publicidade, fic\u00e7\u00e3o, clips musicais\u2026<\/p>\n<p>Aprender os m\u00e9todos de exporta\u00e7\u00e3o para v\u00e1rios tipos de exibi\u00e7\u00e3o: Internet, Televis\u00e3o, DVD etc.<\/p>\n            <\/div>\r\n    \r\n            <div post_id=\"6546\" itemcount=\"1\"  header_id=\"header-1482876181799\" id=\"header-1482876181799\" style=\"\" class=\"accordions-head head1482876181799 border-none\" toggle-text=\"\" main-text=\"Conte\u00fados\">\r\n                                    <span id=\"accordion-icons-1482876181799\" class=\"accordion-icons\">\r\n                        <span class=\"accordion-icon-active accordion-plus\"><i class=\"fa fa-plus-square\"><\/i><\/span>\r\n                        <span class=\"accordion-icon-inactive accordion-minus\"><i class=\"fa fa-minus-square\"><\/i><\/span>\r\n                    <\/span>\r\n                    <span id=\"header-text-1482876181799\" class=\"accordions-head-title\">Conte\u00fados<\/span>\r\n                            <\/div>\r\n            <div class=\"accordion-content content1482876181799 \">\r\n                <ul>\n<li>Todas as janelas do Premiere e como personalizar a interface do Software;<\/li>\n<li>Configura\u00e7\u00f5es avan\u00e7adas de projetos e sequ\u00eancias;<\/li>\n<li>Importa\u00e7\u00e3o de material, e administra\u00e7\u00e3o das m\u00eddias ;<\/li>\n<li>Importa\u00e7ao de material atrav\u00e9s do Media Browser;<\/li>\n<li>Visualiza\u00e7\u00f5es, configura\u00e7\u00f5es e organiza\u00e7\u00e3o avan\u00e7ada dos Bins;<\/li>\n<li>Edi\u00e7\u00e3o de uma sequ\u00eancia complexa, utilizando diversos atalhos de teclado.<\/li>\n<li>T\u00e9cnicas avan\u00e7adas de edi\u00e7\u00e3o: Slip, Slide, Extend\u2026<\/li>\n<li>T\u00e9cnicas de Trimming com atalhos;<\/li>\n<li>Organiza\u00e7\u00e3o com markers;<\/li>\n<li>Trabalhos com Multicam<\/li>\n<li>As diversas transi\u00e7\u00f5es dispon\u00edveis no Premiere;<\/li>\n<li>Conceitos e t\u00e9cnicas de Keyframe;<\/li>\n<li>Ajustes de enquadramento e rota\u00e7\u00e3o utilizando os Keyframes;<\/li>\n<li>Modifica\u00e7\u00e3o de velocidade utilizando os Keyframes;<\/li>\n<li>Principais efeitos do Premiere: Stabilizer, Blur, Crop, Chroma Key;<\/li>\n<li>Edi\u00e7\u00e3o e mixagem de \u00e1udio;<\/li>\n<li>Efeitos de \u00e1udio: Compressor, reverb, redutor de ru\u00eddo, filtros\u2026;<\/li>\n<li>T\u00e9cnicas de Corre\u00e7\u00e3o de cor;<\/li>\n<li>Cria\u00e7\u00e3o de t\u00edtulos, cr\u00e9ditos, Roll e Crawl;<\/li>\n<li>Exporta\u00e7\u00e3o para diversas m\u00eddias e normas de entrega;<\/li>\n<li>Project Manager: Backup e envio de projeto para outra ilha de edi\u00e7\u00e3o;<\/li>\n<\/ul>\n            <\/div>\r\n    \r\n            <div post_id=\"6546\" itemcount=\"2\"  header_id=\"header-1521070601163\" id=\"header-1521070601163\" style=\"\" class=\"accordions-head head1521070601163 border-none\" toggle-text=\"\" main-text=\"Certifica\u00e7\u00e3o Oficial Adobe (opcional)\">\r\n                                    <span id=\"accordion-icons-1521070601163\" class=\"accordion-icons\">\r\n                        <span class=\"accordion-icon-active accordion-plus\"><i class=\"fa fa-plus-square\"><\/i><\/span>\r\n                        <span class=\"accordion-icon-inactive accordion-minus\"><i class=\"fa fa-minus-square\"><\/i><\/span>\r\n                    <\/span>\r\n                    <span id=\"header-text-1521070601163\" class=\"accordions-head-title\">Certifica\u00e7\u00e3o Oficial Adobe (opcional)<\/span>\r\n                            <\/div>\r\n            <div class=\"accordion-content content1521070601163 \">\r\n                <p><a href=\"https:\/\/proclass.com.br\/home\/wp-content\/uploads\/2022\/05\/Certificado-Premiere-Abreu.jpg\"><img decoding=\"async\" width=\"792\" height=\"612\" class=\"size-full wp-image-21191 aligncenter\" src=\"https:\/\/proclass.com.br\/home\/wp-content\/uploads\/2022\/05\/Certificado-Premiere-Abreu.jpg\" alt=\"\" srcset=\"https:\/\/proclass.com.br\/home\/wp-content\/uploads\/2022\/05\/Certificado-Premiere-Abreu.jpg 792w, https:\/\/proclass.com.br\/home\/wp-content\/uploads\/2022\/05\/Certificado-Premiere-Abreu-300x232.jpg 300w, https:\/\/proclass.com.br\/home\/wp-content\/uploads\/2022\/05\/Certificado-Premiere-Abreu-768x593.jpg 768w\" sizes=\"(max-width: 792px) 100vw, 792px\" \/><\/a><\/p>\n<div id=\"pg-12505-3\" class=\"panel-grid panel-has-style\">\n<div class=\"panel-row-style panel-row-style-for-12505-3\">\n<div id=\"pgc-12505-3-1\" class=\"panel-grid-cell panel-grid-cell-mobile-last\">\n<div id=\"panel-12505-3-1-0\" class=\"so-panel widget widget_sow-editor panel-first-child panel-last-child\">\n<div class=\"so-widget-sow-editor so-widget-sow-editor-base\">\n<div class=\"siteorigin-widget-tinymce textwidget\">\n<h3 class=\"p2\"><span class=\"s1\"><strong>O que \u00e9 a certifica\u00e7\u00e3o oficial Adobe?<\/strong><\/span><\/h3>\n<p class=\"p1\"><span class=\"s1\">Com o prop\u00f3sito de atestar a profici\u00eancia em seus produtos, o sistema de certifica\u00e7\u00e3o Adobe \u00e9 um exame online administrado por escolas credenciadas, como a ProClass.<\/span><\/p>\n<h3 class=\"p1\"><span class=\"s1\"><strong>O que as certifica\u00e7\u00f5es oficiais da Adobe oferecem:<\/strong><\/span><\/h3>\n<ul class=\"ul1\">\n<li class=\"li3\"><span class=\"s1\">Reconhecimento de suas capacidades perante ao mercado de trabalho.<\/span><\/li>\n<li class=\"li3\"><span class=\"s1\">Demonstram sua compet\u00eancia fundamental em produtos Adobe<\/span><\/li>\n<li class=\"li3\"><span class=\"s1\">Diferenciam voc\u00ea dos seus competidores e chama aten\u00e7\u00e3o para seu curr\u00edculo.<\/span><\/li>\n<\/ul>\n<h3 class=\"p2\"><span class=\"s1\"><strong>Sobre os exames:<\/strong><\/span><\/h3>\n<h4><\/h4>\n<h4>OS CURSOS DA PROCLASS PREPARAM PARA OS EXAMES ADOBE?<\/h4>\n<p><span class=\"s1\">Sim, os cursos da ProClass, sejam online ou presenciais, preparam os alunos para os exames.\u00a0<\/span><\/p>\n<p>Os alunos que v\u00e3o realizar os exames oficiais tamb\u00e9m t\u00eam acesso a uma revis\u00e3o, com os t\u00f3picos que ser\u00e3o abordados no exame.<\/p>\n<h4 class=\"p1\"><span class=\"s1\"><strong>\u00c9 NECESS\u00c1RIO FAZER O CURSO, PARA FAZER O EXAME?<\/strong><\/span><\/h4>\n<p class=\"p1\"><span class=\"s1\">N\u00e3o. Mesmo quem estudou em outra escola ou at\u00e9 mesmo aprendeu por conta pr\u00f3pria pode realizar o exame.\u00a0<\/span><\/p>\n<h4 class=\"p1\"><span class=\"s1\"><strong>EXISTE ALGUMA TAXA PARA REALIZAR OS EXAMES DE CERTIFICA\u00c7\u00c3O?<\/strong><\/span><\/h4>\n<p class=\"p1\"><span class=\"s1\">Sim, uma taxa \u00e9 cobrada cada tentativa. Os valores variam de acordo com os softwares e n\u00edveis de certifica\u00e7\u00e3o. Alunos da ProClass tem direito a um desconto exclusivo.<\/span><\/p>\n<h4 class=\"p1\"><span class=\"s1\"><strong>O EXAME \u00c9 EM INGL\u00caS OU EM PORTUGUES?<\/strong><\/span><\/h4>\n<p class=\"p1\"><span class=\"s1\">A grande maioria \u00e9 dispon\u00edvel apenas em ingl\u00eas. <a href=\"https:\/\/certiport.pearsonvue.com\/Educator-resources\/Exam-details\/Exam-releases\">Voc\u00ea pode consultar todos os exames e idiomas dispon\u00edveis (procure a sigla PTB para Portugu\u00eas do Brasil).<\/a><\/span><\/p>\n<h4 class=\"p1\"><span class=\"s1\"><strong>QUANTAS QUEST\u00d5ES TEM O EXAME?<\/strong><\/span><\/h4>\n<p class=\"p1\"><span class=\"s1\">Em torno de 50 quest\u00f5es. Varia de acordo com o software. <a href=\"https:\/\/certiport.pearsonvue.com\/Educator-resources\/Exam-details\/Exam-lengths\">Voc\u00ea pode ver aqui a quantidade exata de quest\u00f5es de cada exame.<\/a><\/span><\/p>\n<h4 class=\"p1\"><span class=\"s1\"><strong>COMO \u00c9 O EXAME?<\/strong><\/span><\/h4>\n<p class=\"p1\"><span class=\"s1\">As quest\u00f5es podem ser de m\u00faltipla escolha, preenchimento de lacunas ou ainda quest\u00f5es interativas onde o usu\u00e1rio deve clicar em figuras ou movimentar objetos. H\u00e1 tamb\u00e9m fun\u00e7\u00f5es que devem ser executadas dentro do pr\u00f3prio software. O candidato tem 50 minutos em m\u00e9dia para concluir o exame.<br \/>\n<a href=\"https:\/\/certiport.pearsonvue.com\/Educator-resources\/Exam-details\/Exam-tutorials\">Para saber mais sobre o exame, acesse o PDFs de tutorias de exame e conhe\u00e7a mais sobre o ambiente do exame<\/a><br \/>\n<\/span><\/p>\n<h4>COMO POSSO SABER O QUE CAI NO EXAME?<\/h4>\n<p><a href=\"https:\/\/certiport.pearsonvue.com\/Educator-resources\/Exam-details\/Objective-domains\">Acesse este link e fa\u00e7a o download dos assuntos que fazem parte do exame<\/a><\/p>\n<h4 class=\"p1\"><span class=\"s1\"><strong>QUAL A TAXA DE ACERTOS NECESS\u00c1RIA PARA APROVA\u00c7\u00c3O?<\/strong><\/span><\/h4>\n<p class=\"p1\"><span class=\"s1\">\u00c9 necess\u00e1rio obter 70% de acerto para ser aprovado.<\/span><\/p>\n<h4 class=\"p1\"><span class=\"s1\"><strong>CASO EU TENHA SIDO REPROVADO, O QUE ACONTECE?<\/strong><\/span><\/h4>\n<p class=\"p1\"><span class=\"s1\">Neste caso, \u00e9 necess\u00e1rio pagar uma nova taxa de exame e o candidato precisa aguardar 24 horas ap\u00f3s o primeiro exame para fazer uma nova tentativa.\u00a0<\/span><\/p>\n<\/div>\n<\/div>\n<\/div>\n<\/div>\n<div id=\"pgc-12505-3-2\" class=\"panel-grid-cell panel-grid-cell-empty\"><\/div>\n<\/div>\n<\/div>\n<div id=\"pg-12505-4\" class=\"panel-grid panel-has-style\">\n<div class=\"panel-row-style panel-row-style-for-12505-4\">\n<div id=\"pgc-12505-4-1\" class=\"panel-grid-cell panel-grid-cell-mobile-last\">\n<div id=\"panel-12505-4-1-0\" class=\"so-panel widget widget_sow-editor panel-first-child panel-last-child\">\n<div class=\"so-widget-sow-editor so-widget-sow-editor-base\">\n<div class=\"siteorigin-widget-tinymce textwidget\">\n<h2>Exames dispon\u00edveis:<\/h2>\n<p>Photoshop<\/p>\n<p>Illustrator<\/p>\n<p>Premiere<\/p>\n<p>After Effects<\/p>\n<p>Animate<\/p>\n<p>Dreamweaver<\/p>\n<p>InDesign<\/p>\n<\/div>\n<\/div>\n<\/div>\n<\/div>\n<\/div>\n<\/div>\n            <\/div>\r\n    <\/div>\r\n\r\n\r\n\r\n            <\/div>\n<h3><\/h3>\n<h3>\u00a0<a href=\"#inicio\">Voltar ao in\u00edcio<\/a><\/h3>\n<hr \/>\n<\/div>\n<\/div><\/div><\/div><\/div><\/div>","protected":false},"excerpt":{"rendered":"<p>Adobe Premiere Treinamentos para Grupos ou Empresas Adobe Premiere e a ProClass A ProClass \u00e9 uma Adobe Authorized Testing Center, e \u00e9 autorizada pela Adobe a realizar e supervisionar os exames de certifica\u00e7\u00e3o oficial em Adobe Premiere Oferecemos treinamentos para grupos ou empresas em diversas modalidades de ensino. Online, com aulas gravadas ou em turmasContinue reading &rarr;<\/p>\n","protected":false},"author":4,"featured_media":0,"parent":0,"menu_order":0,"comment_status":"closed","ping_status":"closed","template":"","meta":{"footnotes":""},"class_list":["post-17472","page","type-page","status-publish","hentry","no-thumb"],"yoast_head":"<!-- This site is optimized with the Yoast SEO plugin v26.9 - https:\/\/yoast.com\/product\/yoast-seo-wordpress\/ -->\n<title>Curso de Adobe Premiere - Empresarial - PROCLASS<\/title>\n<meta name=\"robots\" content=\"index, follow, max-snippet:-1, max-image-preview:large, max-video-preview:-1\" \/>\n<link rel=\"canonical\" href=\"https:\/\/proclass.com.br\/home\/premiere-empresas\/\" \/>\n<meta property=\"og:locale\" content=\"pt_BR\" \/>\n<meta property=\"og:type\" content=\"article\" \/>\n<meta property=\"og:title\" content=\"Curso de Adobe Premiere - Empresarial - PROCLASS\" \/>\n<meta property=\"og:description\" content=\"Adobe Premiere Treinamentos para Grupos ou Empresas Adobe Premiere e a ProClass A ProClass \u00e9 uma Adobe Authorized Testing Center, e \u00e9 autorizada pela Adobe a realizar e supervisionar os exames de certifica\u00e7\u00e3o oficial em Adobe Premiere Oferecemos treinamentos para grupos ou empresas em diversas modalidades de ensino. Online, com aulas gravadas ou em turmasContinue reading &rarr;\" \/>\n<meta property=\"og:url\" content=\"https:\/\/proclass.com.br\/home\/premiere-empresas\/\" \/>\n<meta property=\"og:site_name\" content=\"PROCLASS\" \/>\n<meta property=\"article:modified_time\" content=\"2025-09-09T17:36:38+00:00\" \/>\n<meta property=\"og:image\" content=\"https:\/\/proclass.com.br\/home\/wp-content\/uploads\/2015\/03\/adobe-logo-pro-site.png\" \/>\n\t<meta property=\"og:image:width\" content=\"450\" \/>\n\t<meta property=\"og:image:height\" content=\"112\" \/>\n\t<meta property=\"og:image:type\" content=\"image\/png\" \/>\n<meta name=\"twitter:card\" content=\"summary_large_image\" \/>\n<meta name=\"twitter:label1\" content=\"Est. tempo de leitura\" \/>\n\t<meta name=\"twitter:data1\" content=\"6 minutos\" \/>\n<script type=\"application\/ld+json\" class=\"yoast-schema-graph\">{\"@context\":\"https:\/\/schema.org\",\"@graph\":[{\"@type\":\"WebPage\",\"@id\":\"https:\/\/proclass.com.br\/home\/premiere-empresas\/\",\"url\":\"https:\/\/proclass.com.br\/home\/premiere-empresas\/\",\"name\":\"Curso de Adobe Premiere - Empresarial - PROCLASS\",\"isPartOf\":{\"@id\":\"https:\/\/proclass.com.br\/home\/#website\"},\"primaryImageOfPage\":{\"@id\":\"https:\/\/proclass.com.br\/home\/premiere-empresas\/#primaryimage\"},\"image\":{\"@id\":\"https:\/\/proclass.com.br\/home\/premiere-empresas\/#primaryimage\"},\"thumbnailUrl\":\"http:\/\/proclass.com.br\/home\/wp-content\/uploads\/2015\/03\/adobe-logo-pro-site.png\",\"datePublished\":\"2021-06-15T20:01:18+00:00\",\"dateModified\":\"2025-09-09T17:36:38+00:00\",\"breadcrumb\":{\"@id\":\"https:\/\/proclass.com.br\/home\/premiere-empresas\/#breadcrumb\"},\"inLanguage\":\"pt-BR\",\"potentialAction\":[{\"@type\":\"ReadAction\",\"target\":[\"https:\/\/proclass.com.br\/home\/premiere-empresas\/\"]}]},{\"@type\":\"ImageObject\",\"inLanguage\":\"pt-BR\",\"@id\":\"https:\/\/proclass.com.br\/home\/premiere-empresas\/#primaryimage\",\"url\":\"https:\/\/proclass.com.br\/home\/wp-content\/uploads\/2015\/03\/adobe-logo-pro-site.png\",\"contentUrl\":\"https:\/\/proclass.com.br\/home\/wp-content\/uploads\/2015\/03\/adobe-logo-pro-site.png\",\"width\":450,\"height\":112},{\"@type\":\"BreadcrumbList\",\"@id\":\"https:\/\/proclass.com.br\/home\/premiere-empresas\/#breadcrumb\",\"itemListElement\":[{\"@type\":\"ListItem\",\"position\":1,\"name\":\"In\u00edcio\",\"item\":\"https:\/\/proclass.com.br\/home\/\"},{\"@type\":\"ListItem\",\"position\":2,\"name\":\"Curso de Adobe Premiere &#8211; Empresarial\"}]},{\"@type\":\"WebSite\",\"@id\":\"https:\/\/proclass.com.br\/home\/#website\",\"url\":\"https:\/\/proclass.com.br\/home\/\",\"name\":\"PROCLASS\",\"description\":\"CURSOS E TREINAMENTOS\",\"publisher\":{\"@id\":\"https:\/\/proclass.com.br\/home\/#organization\"},\"potentialAction\":[{\"@type\":\"SearchAction\",\"target\":{\"@type\":\"EntryPoint\",\"urlTemplate\":\"https:\/\/proclass.com.br\/home\/?s={search_term_string}\"},\"query-input\":{\"@type\":\"PropertyValueSpecification\",\"valueRequired\":true,\"valueName\":\"search_term_string\"}}],\"inLanguage\":\"pt-BR\"},{\"@type\":\"Organization\",\"@id\":\"https:\/\/proclass.com.br\/home\/#organization\",\"name\":\"PROCLASS\",\"url\":\"https:\/\/proclass.com.br\/home\/\",\"logo\":{\"@type\":\"ImageObject\",\"inLanguage\":\"pt-BR\",\"@id\":\"https:\/\/proclass.com.br\/home\/#\/schema\/logo\/image\/\",\"url\":\"https:\/\/proclass.com.br\/home\/wp-content\/uploads\/2023\/06\/CABECALHO-black_PROCLASS-2023.png\",\"contentUrl\":\"https:\/\/proclass.com.br\/home\/wp-content\/uploads\/2023\/06\/CABECALHO-black_PROCLASS-2023.png\",\"width\":2563,\"height\":911,\"caption\":\"PROCLASS\"},\"image\":{\"@id\":\"https:\/\/proclass.com.br\/home\/#\/schema\/logo\/image\/\"}}]}<\/script>\n<!-- \/ Yoast SEO plugin. -->","yoast_head_json":{"title":"Curso de Adobe Premiere - Empresarial - PROCLASS","robots":{"index":"index","follow":"follow","max-snippet":"max-snippet:-1","max-image-preview":"max-image-preview:large","max-video-preview":"max-video-preview:-1"},"canonical":"https:\/\/proclass.com.br\/home\/premiere-empresas\/","og_locale":"pt_BR","og_type":"article","og_title":"Curso de Adobe Premiere - Empresarial - PROCLASS","og_description":"Adobe Premiere Treinamentos para Grupos ou Empresas Adobe Premiere e a ProClass A ProClass \u00e9 uma Adobe Authorized Testing Center, e \u00e9 autorizada pela Adobe a realizar e supervisionar os exames de certifica\u00e7\u00e3o oficial em Adobe Premiere Oferecemos treinamentos para grupos ou empresas em diversas modalidades de ensino. Online, com aulas gravadas ou em turmasContinue reading &rarr;","og_url":"https:\/\/proclass.com.br\/home\/premiere-empresas\/","og_site_name":"PROCLASS","article_modified_time":"2025-09-09T17:36:38+00:00","og_image":[{"width":450,"height":112,"url":"https:\/\/proclass.com.br\/home\/wp-content\/uploads\/2015\/03\/adobe-logo-pro-site.png","type":"image\/png"}],"twitter_card":"summary_large_image","twitter_misc":{"Est. tempo de leitura":"6 minutos"},"schema":{"@context":"https:\/\/schema.org","@graph":[{"@type":"WebPage","@id":"https:\/\/proclass.com.br\/home\/premiere-empresas\/","url":"https:\/\/proclass.com.br\/home\/premiere-empresas\/","name":"Curso de Adobe Premiere - Empresarial - PROCLASS","isPartOf":{"@id":"https:\/\/proclass.com.br\/home\/#website"},"primaryImageOfPage":{"@id":"https:\/\/proclass.com.br\/home\/premiere-empresas\/#primaryimage"},"image":{"@id":"https:\/\/proclass.com.br\/home\/premiere-empresas\/#primaryimage"},"thumbnailUrl":"http:\/\/proclass.com.br\/home\/wp-content\/uploads\/2015\/03\/adobe-logo-pro-site.png","datePublished":"2021-06-15T20:01:18+00:00","dateModified":"2025-09-09T17:36:38+00:00","breadcrumb":{"@id":"https:\/\/proclass.com.br\/home\/premiere-empresas\/#breadcrumb"},"inLanguage":"pt-BR","potentialAction":[{"@type":"ReadAction","target":["https:\/\/proclass.com.br\/home\/premiere-empresas\/"]}]},{"@type":"ImageObject","inLanguage":"pt-BR","@id":"https:\/\/proclass.com.br\/home\/premiere-empresas\/#primaryimage","url":"https:\/\/proclass.com.br\/home\/wp-content\/uploads\/2015\/03\/adobe-logo-pro-site.png","contentUrl":"https:\/\/proclass.com.br\/home\/wp-content\/uploads\/2015\/03\/adobe-logo-pro-site.png","width":450,"height":112},{"@type":"BreadcrumbList","@id":"https:\/\/proclass.com.br\/home\/premiere-empresas\/#breadcrumb","itemListElement":[{"@type":"ListItem","position":1,"name":"In\u00edcio","item":"https:\/\/proclass.com.br\/home\/"},{"@type":"ListItem","position":2,"name":"Curso de Adobe Premiere &#8211; Empresarial"}]},{"@type":"WebSite","@id":"https:\/\/proclass.com.br\/home\/#website","url":"https:\/\/proclass.com.br\/home\/","name":"PROCLASS","description":"CURSOS E TREINAMENTOS","publisher":{"@id":"https:\/\/proclass.com.br\/home\/#organization"},"potentialAction":[{"@type":"SearchAction","target":{"@type":"EntryPoint","urlTemplate":"https:\/\/proclass.com.br\/home\/?s={search_term_string}"},"query-input":{"@type":"PropertyValueSpecification","valueRequired":true,"valueName":"search_term_string"}}],"inLanguage":"pt-BR"},{"@type":"Organization","@id":"https:\/\/proclass.com.br\/home\/#organization","name":"PROCLASS","url":"https:\/\/proclass.com.br\/home\/","logo":{"@type":"ImageObject","inLanguage":"pt-BR","@id":"https:\/\/proclass.com.br\/home\/#\/schema\/logo\/image\/","url":"https:\/\/proclass.com.br\/home\/wp-content\/uploads\/2023\/06\/CABECALHO-black_PROCLASS-2023.png","contentUrl":"https:\/\/proclass.com.br\/home\/wp-content\/uploads\/2023\/06\/CABECALHO-black_PROCLASS-2023.png","width":2563,"height":911,"caption":"PROCLASS"},"image":{"@id":"https:\/\/proclass.com.br\/home\/#\/schema\/logo\/image\/"}}]}},"_links":{"self":[{"href":"https:\/\/proclass.com.br\/home\/wp-json\/wp\/v2\/pages\/17472","targetHints":{"allow":["GET"]}}],"collection":[{"href":"https:\/\/proclass.com.br\/home\/wp-json\/wp\/v2\/pages"}],"about":[{"href":"https:\/\/proclass.com.br\/home\/wp-json\/wp\/v2\/types\/page"}],"author":[{"embeddable":true,"href":"https:\/\/proclass.com.br\/home\/wp-json\/wp\/v2\/users\/4"}],"replies":[{"embeddable":true,"href":"https:\/\/proclass.com.br\/home\/wp-json\/wp\/v2\/comments?post=17472"}],"version-history":[{"count":1,"href":"https:\/\/proclass.com.br\/home\/wp-json\/wp\/v2\/pages\/17472\/revisions"}],"predecessor-version":[{"id":30174,"href":"https:\/\/proclass.com.br\/home\/wp-json\/wp\/v2\/pages\/17472\/revisions\/30174"}],"wp:attachment":[{"href":"https:\/\/proclass.com.br\/home\/wp-json\/wp\/v2\/media?parent=17472"}],"curies":[{"name":"wp","href":"https:\/\/api.w.org\/{rel}","templated":true}]}}