{"id":17457,"date":"2021-06-15T16:17:36","date_gmt":"2021-06-15T19:17:36","guid":{"rendered":"https:\/\/proclass.com.br\/home\/?page_id=17457"},"modified":"2021-12-24T17:10:10","modified_gmt":"2021-12-24T20:10:10","slug":"pro-tools-empresas","status":"publish","type":"page","link":"https:\/\/proclass.com.br\/home\/pro-tools-empresas\/","title":{"rendered":"Curso de Pro Tools Oficial Avid &#8211; Empresarial"},"content":{"rendered":"<div id=\"pl-17457\"  class=\"panel-layout\" ><div id=\"pg-17457-0\"  class=\"panel-grid panel-has-style\" ><div class=\"siteorigin-panels-stretch panel-row-style panel-row-style-for-17457-0\" data-stretch-type=\"full-stretched\" ><div id=\"pgc-17457-0-0\"  class=\"panel-grid-cell\" ><div id=\"panel-17457-0-0-0\" class=\"so-panel widget widget_sow-hero panel-first-child panel-last-child\" data-index=\"0\" ><div\n\t\t\t\n\t\t\tclass=\"so-widget-sow-hero so-widget-sow-hero-default-09a9c2aa85c6-17457 so-widget-fittext-wrapper\"\n\t\t\t data-fit-text-compressor=\"0.85\"\n\t\t>\t\t\t\t<div class=\"sow-slider-base\" style=\"display: none\" tabindex=\"0\">\n\t\t\t\t\t<ul\n\t\t\t\t\tclass=\"sow-slider-images\"\n\t\t\t\t\tdata-settings=\"{&quot;pagination&quot;:true,&quot;speed&quot;:800,&quot;timeout&quot;:8000,&quot;paused&quot;:false,&quot;pause_on_hover&quot;:false,&quot;swipe&quot;:true,&quot;nav_always_show_desktop&quot;:&quot;&quot;,&quot;nav_always_show_mobile&quot;:&quot;&quot;,&quot;breakpoint&quot;:&quot;780px&quot;,&quot;unmute&quot;:false,&quot;anchor&quot;:null}\"\n\t\t\t\t\t\t\t\t\t\tdata-anchor-id=\"\"\n\t\t\t\t>\t\t<li class=\"sow-slider-image  sow-slider-image-cover\" style=\"visibility: visible;;background-color: #333333\" >\n\t\t\t\t\t<div class=\"sow-slider-image-container\">\n\t\t\t<div class=\"sow-slider-image-wrapper\">\n\t\t\t\t<h1 style=\"text-align: center\">Pro Tools<\/h1>\n<p style=\"text-align: center\">Treinamentos Oficiais Avid - Para Grupos ou Empresas<\/p>\n<p style=\"text-align: center\">\n<\/p>\t\t\t<\/div>\n\t\t<\/div>\n\t\t<div class=\"sow-slider-image-overlay sow-slider-image-cover\" style=\"opacity: 0.85;background-image: url(https:\/\/proclass.com.br\/home\/wp-content\/uploads\/2019\/05\/Pro-Tools-Imagem-Site-Big-Hero-Hero-Mayo.jpeg)\"  ><\/div>\t\t<\/li>\n\t\t\t\t<li class=\"sow-slider-image\" style=\"visibility: hidden;;background-color: #333333\" >\n\t\t\t\t\t<div class=\"sow-slider-image-container\">\n\t\t\t<div class=\"sow-slider-image-wrapper\">\n\t\t\t\t\t\t\t<\/div>\n\t\t<\/div>\n\t\t\t\t<\/li>\n\t\t<\/ul>\t\t\t\t<ol class=\"sow-slider-pagination\">\n\t\t\t\t\t\t\t\t\t\t\t<li><a href=\"#\" data-goto=\"0\" aria-label=\"Display slide 1\"><\/a><\/li>\n\t\t\t\t\t\t\t\t\t\t\t<li><a href=\"#\" data-goto=\"1\" aria-label=\"Display slide 2\"><\/a><\/li>\n\t\t\t\t\t\t\t\t\t<\/ol>\n\n\t\t\t\t<div class=\"sow-slide-nav sow-slide-nav-next\">\n\t\t\t\t\t<a href=\"#\" data-goto=\"next\" aria-label=\"Next slide\" data-action=\"next\">\n\t\t\t\t\t\t<em class=\"sow-sld-icon-thin-right\"><\/em>\n\t\t\t\t\t<\/a>\n\t\t\t\t<\/div>\n\n\t\t\t\t<div class=\"sow-slide-nav sow-slide-nav-prev\">\n\t\t\t\t\t<a href=\"#\" data-goto=\"previous\" aria-label=\"Previous slide\" data-action=\"prev\">\n\t\t\t\t\t\t<em class=\"sow-sld-icon-thin-left\"><\/em>\n\t\t\t\t\t<\/a>\n\t\t\t\t<\/div>\n\t\t\t\t<\/div><\/div><\/div><\/div><\/div><\/div><div id=\"pg-17457-1\"  class=\"panel-grid panel-has-style\" ><div class=\"siteorigin-panels-stretch panel-row-style panel-row-style-for-17457-1\" data-stretch-type=\"full\" ><div id=\"pgc-17457-1-0\"  class=\"panel-grid-cell\" ><div id=\"panel-17457-1-0-0\" class=\"so-panel widget widget_sow-headline panel-first-child panel-last-child\" data-index=\"1\" ><div class=\"panel-widget-style panel-widget-style-for-17457-1-0-0\" ><div\n\t\t\t\n\t\t\tclass=\"so-widget-sow-headline so-widget-sow-headline-default-8c430a345832-17457\"\n\t\t\t\n\t\t><div class=\"sow-headline-container \">\n\t\t\t\t\t\t\t<h1 class=\"sow-headline\">\n\t\t\t\t\t\tPro Tools e a ProClass\t\t\t\t\t\t<\/h1>\n\t\t\t\t\t\t\t\t\t\t\t\t<h3 class=\"sow-sub-headline\">\n\t\t\t\t\t\tEm 2005 a ProClass trouxe pela primeira vez ao Brasil os cursos oficiais de certifica\u00e7\u00e3o. Atualmente, a ProClass \u00e9 a \u00fanica escola do Brasil e uma das poucas do mundo credenciadas a oferecer todos os n\u00edveis de treinamentos. \t\t\t\t\t\t<\/h3>\n\t\t\t\t\t\t<\/div>\n<\/div><\/div><\/div><\/div><\/div><\/div><div id=\"pg-17457-2\"  class=\"panel-grid panel-has-style\" ><div class=\"panel-row-style panel-row-style-for-17457-2\" ><div id=\"pgc-17457-2-0\"  class=\"panel-grid-cell panel-grid-cell-empty\" ><div class=\"panel-cell-style panel-cell-style-for-17457-2-0\" ><\/div><\/div><div id=\"pgc-17457-2-1\"  class=\"panel-grid-cell panel-grid-cell-mobile-last\" ><div id=\"panel-17457-2-1-0\" class=\"so-panel widget widget_sow-editor panel-first-child panel-last-child\" data-index=\"2\" ><div\n\t\t\t\n\t\t\tclass=\"so-widget-sow-editor so-widget-sow-editor-base\"\n\t\t\t\n\t\t>\n<div class=\"siteorigin-widget-tinymce textwidget\">\n\t<h3><img decoding=\"async\" class=\"aligncenter wp-image-7605\" src=\"http:\/\/proclass.com.br\/home\/wp-content\/uploads\/2012\/08\/ALP_Professional-transparent-1024x129.png\" alt=\"\" width=\"609\" height=\"77\" srcset=\"https:\/\/proclass.com.br\/home\/wp-content\/uploads\/2012\/08\/ALP_Professional-transparent-1024x129.png 1024w, https:\/\/proclass.com.br\/home\/wp-content\/uploads\/2012\/08\/ALP_Professional-transparent-300x38.png 300w, https:\/\/proclass.com.br\/home\/wp-content\/uploads\/2012\/08\/ALP_Professional-transparent-768x97.png 768w, https:\/\/proclass.com.br\/home\/wp-content\/uploads\/2012\/08\/ALP_Professional-transparent.png 1207w\" sizes=\"(max-width: 609px) 100vw, 609px\" \/><\/h3>\n<p><a name=\"inicio\"><\/a><\/p>\n<p>Oferecemos treinamentos para grupos ou empresas em diversas modalidades de ensino. Online, com aulas gravadas ou em turmas ao vivo, por videoconfer\u00eancia; e presencial, na ProClass ou no seu local de trabalho.<\/p>\n<p>Os treinamentos podem ser os oficiais da fabricante, ou seja, que preparam para os exames oficiais e que tem carga hor\u00e1ria e conte\u00fados j\u00e1 estabelecidos; ou podem ser personalizados, com carga hor\u00e1ria e conte\u00fados de acordo com as necessidades da equipe.<\/p>\n<p>Entre em contato para solicitar um or\u00e7amento, ou receber mais informa\u00e7\u00f5es: info@proclass.com.br ou <a href=\"https:\/\/api.whatsapp.com\/send?phone=5521976157922\">WhatsApp: (21) 97615-7922<\/a><\/p>\n<p>Abaixo, mais informa\u00e7\u00f5es sobre os treinamentos em Pro Tools oficiais da fabricante, que preparam para os exames de certifica\u00e7\u00e3o oficial.<\/p>\n<p>Para cursos individuais, <a href=\"https:\/\/proclass.com.br\/home\/ld-pro-tools-online\/\">clique aqui<\/a><\/p>\n<hr \/>\n<h2><strong><a name=\"full\"><\/a>PRO TOOLS N\u00cdVEL 100<\/strong><\/h2>\n<p><iframe title=\"Curso Oficial Pro Tools N\u00edvel 100\" width=\"1440\" height=\"810\" src=\"https:\/\/www.youtube.com\/embed\/NHU3SKxeSdg?feature=oembed\" frameborder=\"0\" allow=\"accelerometer; autoplay; clipboard-write; encrypted-media; gyroscope; picture-in-picture; web-share\" referrerpolicy=\"strict-origin-when-cross-origin\" allowfullscreen><\/iframe><\/p>\n<p>&nbsp;<\/p>\n<\/div>\n<\/div><\/div><\/div><div id=\"pgc-17457-2-2\"  class=\"panel-grid-cell panel-grid-cell-empty\" ><\/div><\/div><\/div><div id=\"pg-17457-3\"  class=\"panel-grid panel-no-style\" ><div id=\"pgc-17457-3-0\"  class=\"panel-grid-cell\" ><div id=\"panel-17457-3-0-0\" class=\"so-panel widget widget_sow-editor panel-first-child panel-last-child\" data-index=\"3\" ><div\n\t\t\t\n\t\t\tclass=\"so-widget-sow-editor so-widget-sow-editor-base\"\n\t\t\t\n\t\t>\n<div class=\"siteorigin-widget-tinymce textwidget\">\n\t<p>Este \u00e9 o primeiro n\u00edvel dos treinamentos oficiais em Pro Tools, e corresponde ao m\u00f3dulo 100 (101+110). Ao concluir o curso e passar nos exames, o aluno recebe a certifica\u00e7\u00e3o oficial: Pro Tools\u00a0Certified\u00a0User.<\/p>\n<section class=\"elementor-element elementor-element-46bd03a8 elementor-section-height-min-height elementor-section-content-middle elementor-section-boxed elementor-section-height-default elementor-section-items-middle elementor-section elementor-top-section\" data-id=\"46bd03a8\" data-element_type=\"section\" data-settings=\"{&quot;background_background&quot;:&quot;classic&quot;}\">\n<div class=\"elementor-container elementor-column-gap-default\">\n<div class=\"elementor-row\">\n<div class=\"elementor-element elementor-element-35946642 elementor-column elementor-col-100 elementor-top-column\" data-id=\"35946642\" data-element_type=\"column\">\n<div class=\"elementor-column-wrap elementor-element-populated\">\n<div class=\"elementor-widget-wrap\">\n<div class=\"elementor-element elementor-element-44aeb5e9 elementor-widget elementor-widget-text-editor\" data-id=\"44aeb5e9\" data-element_type=\"widget\" data-widget_type=\"text-editor.default\">\n<div class=\"elementor-widget-container\">\n<div class=\"elementor-text-editor elementor-clearfix\">\n<p>O curso \u00e9 voltado para quem quer aprender a produzir m\u00fasica pelo computador, seja atrav\u00e9s de grava\u00e7\u00e3o de \u00e1udio, instrumentos virtuais MIDI, ou utilizando loops prontos; ou ainda para quem pretende utilizar o Pro Tools na \u00e1rea de sonoriza\u00e7\u00e3o de v\u00eddeos.<\/p>\n<section class=\"elementor-element elementor-element-d5d71b9 elementor-section-height-min-height elementor-section-content-middle elementor-reverse-mobile elementor-section-boxed elementor-section-height-default elementor-section-items-middle elementor-section elementor-top-section\" data-id=\"d5d71b9\" data-element_type=\"section\" data-settings=\"{&quot;background_background&quot;:&quot;none&quot;}\">\n<div class=\"elementor-container elementor-column-gap-default\">\n<div class=\"elementor-row\">\n<div class=\"elementor-element elementor-element-5d0456e0 elementor-column elementor-col-100 elementor-top-column\" data-id=\"5d0456e0\" data-element_type=\"column\">\n<div class=\"elementor-column-wrap elementor-element-populated\">\n<div class=\"elementor-widget-wrap\">\n<div class=\"elementor-element elementor-element-1bf76bb8 elementor-widget elementor-widget-text-editor\" data-id=\"1bf76bb8\" data-element_type=\"widget\" data-widget_type=\"text-editor.default\">\n<div class=\"elementor-widget-container\">\n<div class=\"elementor-text-editor elementor-clearfix\">\n<p>N\u00e3o \u00e9 necess\u00e1rio ter experi\u00eancia pr\u00e9via. Voc\u00ea deve ter conhecimento b\u00e1sico da utiliza\u00e7\u00e3o do computador, n\u00e3o importa se em Mac ou PC.<\/p>\n<\/div>\n<\/div>\n<\/div>\n<\/div>\n<\/div>\n<\/div>\n<\/div>\n<\/div>\n<\/section>\n<\/div>\n<\/div>\n<\/div>\n<\/div>\n<\/div>\n<\/div>\n<\/div>\n<\/div>\n<\/section>\n<p><span style=\"text-decoration: underline;\">A certifica\u00e7\u00e3o oficial \u00e9 opcional e deve ser paga \u00e0 parte.<\/span><\/p>\n<div id=\"accordions-6562\" class=\"accordions-6562 accordions\" data-accordions={&quot;lazyLoad&quot;:true,&quot;id&quot;:&quot;6562&quot;,&quot;event&quot;:&quot;click&quot;,&quot;collapsible&quot;:&quot;true&quot;,&quot;heightStyle&quot;:&quot;content&quot;,&quot;animateStyle&quot;:&quot;swing&quot;,&quot;animateDelay&quot;:1000,&quot;navigation&quot;:true,&quot;active&quot;:999,&quot;expandedOther&quot;:&quot;no&quot;}>\r\n                <div id=\"accordions-lazy-6562\" class=\"accordions-lazy\" accordionsId=\"6562\">\r\n                    <\/div>\r\n\r\n    <div class=\"items\"  style=\"display:none\" >\r\n    \r\n            <div post_id=\"6562\" itemcount=\"0\"  header_id=\"header-17039585530\" id=\"header-17039585530\" style=\"\" class=\"accordions-head head17039585530 border-none\" toggle-text=\"\" main-text=\"Objetivos\">\r\n                                    <span id=\"accordion-icons-17039585530\" class=\"accordion-icons\">\r\n                        <span class=\"accordion-icon-active accordion-plus\"><i class=\"fa fa-plus-square\"><\/i><\/span>\r\n                        <span class=\"accordion-icon-inactive accordion-minus\"><i class=\"fa fa-minus-square\"><\/i><\/span>\r\n                    <\/span>\r\n                    <span id=\"header-text-17039585530\" class=\"accordions-head-title\">Objetivos<\/span>\r\n                            <\/div>\r\n            <div class=\"accordion-content content17039585530 \">\r\n                <div class=\"page\">\n<div class=\"section\">\n<div class=\"layoutArea\">\n<div class=\"column\">\n<p>Aprender todas as possibilidades de importa\u00e7\u00e3o de \u00e1udio, MIDI e v\u00eddeo;<\/p>\n<p>Conhecer t\u00e9cnicas avan\u00e7adas para a grava\u00e7\u00e3o de \u00e1udio e MIDI no Pro Tools;<\/p>\n<p>Entender os fundamentos de edi\u00e7\u00e3o de \u00e1udio e MIDI, incluindo Elastic Audio e quantiza\u00e7\u00e3o;<\/p>\n<p>Aprender t\u00e9cnicas e recursos importantes na etapa de mixagem e finaliza\u00e7\u00e3o;<\/p>\n<p>Entender as diferen\u00e7as entre os sistemas de Pro Tools: Pro Tools First, Pro Tools Standart, Pro Tools HD Native e Pro Tools HDX<\/p>\n<p>Entender o gerenciamento de arquivos no software;<\/p>\n<\/div>\n<\/div>\n<\/div>\n<\/div>\n            <\/div>\r\n    \r\n            <div post_id=\"6562\" itemcount=\"1\"  header_id=\"header-17039585531\" id=\"header-17039585531\" style=\"\" class=\"accordions-head head17039585531 border-none\" toggle-text=\"\" main-text=\"Conte\u00fados\">\r\n                                    <span id=\"accordion-icons-17039585531\" class=\"accordion-icons\">\r\n                        <span class=\"accordion-icon-active accordion-plus\"><i class=\"fa fa-plus-square\"><\/i><\/span>\r\n                        <span class=\"accordion-icon-inactive accordion-minus\"><i class=\"fa fa-minus-square\"><\/i><\/span>\r\n                    <\/span>\r\n                    <span id=\"header-text-17039585531\" class=\"accordions-head-title\">Conte\u00fados<\/span>\r\n                            <\/div>\r\n            <div class=\"accordion-content content17039585531 \">\r\n                <div class=\"page\">\n<div class=\"section\">\n<div class=\"layoutArea\">\n<div class=\"column\">\n<p>Fundamentos b\u00e1sicos em \u00e1udio digital;<\/p>\n<p>Cria\u00e7\u00e3o e configura\u00e7\u00e3o de sess\u00f5es;<\/p>\n<p>Todos os recursos de importa\u00e7\u00e3o de \u00e1udio, v\u00eddeo e MIDI: Menus, Workspace, Import Session Data;<\/p>\n<p>MIDI e Instrumentos virtuais;<\/p>\n<p>T\u00e9cnicas avan\u00e7adas de grava\u00e7\u00e3o de \u00e1udio e MIDI: Pre roll, Count Off, Midi Merge, Wait For Note, Loop Record;<\/p>\n<p>Edi\u00e7\u00e3o de MIDI avan\u00e7ada: Pencil Tool com atalhos e MIDI Real Time Properties;<\/p>\n<p>Elastic Audio;<\/p>\n<p>Quantiza\u00e7\u00e3o de \u00e1udio e MIDI;<\/p>\n<p>Configura\u00e7\u00f5es de Sess\u00e3o: Hardware Setup e Playback Engine;<\/p>\n<p>T\u00e9cnicas de edi\u00e7\u00e3o: Loops, Clip Group, Nudge, Link Timeline and Edit Selection, Tab To Transient;<\/p>\n<p>Recursos importantes de mixagem: mandadas, plug-ins, grupos, master fader, Automa\u00e7\u00e3o<\/p>\n<p>Finaliza\u00e7\u00e3o de projetos: Bounce to Tracks, Bounce to Disk<\/p>\n<p>Exerc\u00edcios de m\u00fasica e de sonoriza\u00e7\u00e3o de imagens<\/p>\n<p>Backup e envio de sess\u00e3o para outro est\u00fadio<\/p>\n<\/div>\n<\/div>\n<\/div>\n<\/div>\n            <\/div>\r\n    \r\n            <div post_id=\"6562\" itemcount=\"2\"  header_id=\"header-17039585532\" id=\"header-17039585532\" style=\"\" class=\"accordions-head head17039585532 border-none\" toggle-text=\"\" main-text=\"Certifica\u00e7\u00e3o Oficial (opcional)\">\r\n                                    <span id=\"accordion-icons-17039585532\" class=\"accordion-icons\">\r\n                        <span class=\"accordion-icon-active accordion-plus\"><i class=\"fa fa-plus-square\"><\/i><\/span>\r\n                        <span class=\"accordion-icon-inactive accordion-minus\"><i class=\"fa fa-minus-square\"><\/i><\/span>\r\n                    <\/span>\r\n                    <span id=\"header-text-17039585532\" class=\"accordions-head-title\">Certifica\u00e7\u00e3o Oficial (opcional)<\/span>\r\n                            <\/div>\r\n            <div class=\"accordion-content content17039585532 \">\r\n                <p class=\"p1\">O que \u00e9 a certifica\u00e7\u00e3o oficial Avid?<\/p>\n<p class=\"p1\">A Avid criou um sistema de certifica\u00e7\u00f5es oficiais para que os profissionais da \u00e1rea possa atestar sua capacidade em operar os softwares da Avid. As certifica\u00e7\u00f5es oficiais s\u00e3o concedidas mediante aprova\u00e7\u00e3o em exames oficiais oferecidos e administrados por escolas homologadas, como a ProClass.<\/p>\n<p class=\"p1\">O que as certifica\u00e7\u00f5es oficiais da Avid oferecem?<\/p>\n<ul class=\"ul1\">\n<li class=\"li1\">Seu nome, seu curr\u00edculo e seus contatos no site da Avid, na lista de profissionais certificados. http:\/\/www.avid.com\/education\/find-a-certified-professional<\/li>\n<li class=\"li1\">Uso da marca Avid e seu n\u00edvel de certifica\u00e7\u00e3o em sua correspond\u00eancia digital, cart\u00f5es de visita, site, blog etc.<\/li>\n<li class=\"li1\">Reconhecimento de suas capacidades perante ao mercado de trabalho: Atualmente algumas emissoras televisivas t\u00eam exigido certifica\u00e7\u00e3o oficial de seus funcion\u00e1rios.<\/li>\n<\/ul>\n<p class=\"p1\">O que as certifica\u00e7\u00f5es representam?<\/p>\n<p class=\"p1\">Demonstram sua compet\u00eancia fundamental em edi\u00e7\u00e3o de \u00e1udio e\/ou v\u00eddeo na vers\u00e3o atual do software.<\/p>\n<p class=\"p1\">Diferenciam voc\u00ea dos seus competidores e chama aten\u00e7\u00e3o para seu curr\u00edculo.<\/p>\n<p class=\"p1\">Confirmam suas credenciais com o diploma Certificate of Achievement e com seu nome na lista de profissionais no site da Avid.<\/p>\n<p class=\"p1\">Como \u00e9 o exame?<\/p>\n<p class=\"p1\">O exame \u00e9 te\u00f3rico, com 50 quest\u00f5es de m\u00faltipla escolha.<\/p>\n<p class=\"p1\">Qual o idioma dos exames?<\/p>\n<p class=\"p1\">Os exames s\u00e3o em ingl\u00eas.<\/p>\n<p class=\"p1\">Os exames de certifica\u00e7\u00e3o s\u00e3o pagos \u00e0 parte?<\/p>\n<p class=\"p1\">Sim, os exames s\u00e3o pagos \u00e0 parte. Os pre\u00e7os variam de acordo com o software e o n\u00edvel de certifica\u00e7\u00e3o. Na p\u00e1gina de pagamento do curso PT 101 + 110, existe a op\u00e7\u00e3o de adicionar o exame de certifica\u00e7\u00e3o.<\/p>\n<p class=\"p1\">Quando devo pagar pelos exames?<\/p>\n<p class=\"p1\">\u00c9 poss\u00edvel fazer o pagamento dos exames no ato da inscri\u00e7\u00e3o no curso de PT 101 + 110. Mas tamb\u00e9m \u00e9 poss\u00edvel fazer o pagamento<span class=\"Apple-converted-space\">\u00a0 <\/span>durante ou at\u00e9 mesmo ap\u00f3s a finaliza\u00e7\u00e3o do curso. Basta entrar em contato com nosso atendimento<\/p>\n<p class=\"p1\">Existe uma prepara\u00e7\u00e3o para o exame?<\/p>\n<p class=\"p1\">Sim, ao fazer o pagamento dos exames, a ProClass fornece um conte\u00fado extra para revisar antes do exame.<\/p>\n<p class=\"p1\">O exame pode ser feito online?<\/p>\n<p class=\"p1\">Sim! Atualmente o exame pode ser feito online<\/p>\n<p class=\"p1\">Qual a taxa para ser aprovado?<\/p>\n<p class=\"p1\">\u00c9 necess\u00e1rio ter o m\u00ednimo de 80% de acertos para ser aprovado. Ou seja \u00e9 preciso acertar 40 quest\u00f5es.<\/p>\n<p class=\"p1\">Caso eu seja reprovado, o que acontece?<\/p>\n<p class=\"p1\">O candidato pode fazer uma segunda tentativa ap\u00f3s 24 horas sem nenhum custo adicional. A partir da terceira tentativa, a Avid cobra $30 d\u00f3lares por cada nova tentativa.<\/p>\n            <\/div>\r\n    <\/div>\r\n\r\n\r\n\r\n            <\/div>\n<p>&nbsp;<\/p>\n<h3>\u00a0<a href=\"#inicio\">Voltar ao in\u00edcio<\/a><\/h3>\n<hr \/>\n<\/div>\n<\/div><\/div><\/div><\/div><div id=\"pg-17457-4\"  class=\"panel-grid panel-has-style\" ><div class=\"panel-row-style panel-row-style-for-17457-4\" ><div id=\"pgc-17457-4-0\"  class=\"panel-grid-cell panel-grid-cell-empty\" ><div class=\"panel-cell-style panel-cell-style-for-17457-4-0\" ><\/div><\/div><div id=\"pgc-17457-4-1\"  class=\"panel-grid-cell panel-grid-cell-mobile-last\" ><div id=\"panel-17457-4-1-0\" class=\"so-panel widget widget_sow-editor panel-first-child panel-last-child\" data-index=\"4\" ><div\n\t\t\t\n\t\t\tclass=\"so-widget-sow-editor so-widget-sow-editor-base\"\n\t\t\t\n\t\t>\n<div class=\"siteorigin-widget-tinymce textwidget\">\n\t<h2><strong><a name=\"full\"><\/a>PRO TOOLS N\u00cdVEL 200<\/strong><\/h2>\n<p><img fetchpriority=\"high\" fetchpriority=\"high\" decoding=\"async\" class=\"aligncenter size-full wp-image-9039\" src=\"http:\/\/proclass.com.br\/home\/wp-content\/uploads\/2018\/03\/PRO-TOOLS-NIVEL-200.jpg\" alt=\"\" width=\"906\" height=\"513\" srcset=\"https:\/\/proclass.com.br\/home\/wp-content\/uploads\/2018\/03\/PRO-TOOLS-NIVEL-200.jpg 906w, https:\/\/proclass.com.br\/home\/wp-content\/uploads\/2018\/03\/PRO-TOOLS-NIVEL-200-300x170.jpg 300w, https:\/\/proclass.com.br\/home\/wp-content\/uploads\/2018\/03\/PRO-TOOLS-NIVEL-200-768x435.jpg 768w\" sizes=\"(max-width: 906px) 100vw, 906px\" \/><\/p>\n<\/div>\n<\/div><\/div><\/div><div id=\"pgc-17457-4-2\"  class=\"panel-grid-cell panel-grid-cell-empty\" ><\/div><\/div><\/div><div id=\"pg-17457-5\"  class=\"panel-grid panel-no-style\" ><div id=\"pgc-17457-5-0\"  class=\"panel-grid-cell\" ><div id=\"panel-17457-5-0-0\" class=\"so-panel widget widget_sow-editor panel-first-child panel-last-child\" data-index=\"5\" ><div\n\t\t\t\n\t\t\tclass=\"so-widget-sow-editor so-widget-sow-editor-base\"\n\t\t\t\n\t\t>\n<div class=\"siteorigin-widget-tinymce textwidget\">\n\t<p>Alunos formados no n\u00edvel 100, podem se tornar verdadeiros especialistas em Pro Tools com o n\u00edvel 200. Neste curso\u00a0est\u00e3o os principais atalhos do Pro Tools, aqueles que fazer com que horas de trabalho sejam economizados e\u00a0\u00e9 voltado a formar profissionais seguros mesmo em sistemas de grande porte como Pro Tools HD.<\/p>\n<p>Por ser um curso muito especializado, o aluno precisa obrigatoriamente escolher uma das \u00e1rea de\u00a0\u00eanfase abaixo:<\/p>\n<p><strong>Produ\u00e7\u00e3o musical:<\/strong>\u00a0t\u00e9cnicas de grava\u00e7\u00e3o edi\u00e7\u00e3o de bateria, produ\u00e7\u00e3o vocal, trabalhos com instrumentos virtuais e MIDI de forma muito mais profunda.<\/p>\n<p><strong>P\u00f3s-Produ\u00e7\u00e3o de Som para V\u00eddeo:<\/strong>\u00a0Edi\u00e7\u00e3o de ambientes, di\u00e1logos, efeitos e todas as min\u00facias do interc\u00e2mbio entre o material entre o editor de v\u00eddeo e o sonoplasta.<\/p>\n<p>Ao concluir o curso e passar nos exames, o aluno recebe a certifica\u00e7\u00e3o oficial: Pro Tools\u00a0Certified Operator Music ou Post, de acordo com a especializa\u00e7\u00e3o escolhida.<\/p>\n<p>A certifica\u00e7\u00e3o oficial \u00e9 opcional e deve ser paga \u00e0 parte.<\/p>\n<div id=\"accordions-15190\" class=\"accordions-15190 accordions\" data-accordions={&quot;lazyLoad&quot;:false,&quot;id&quot;:&quot;15190&quot;,&quot;event&quot;:&quot;click&quot;,&quot;collapsible&quot;:&quot;true&quot;,&quot;heightStyle&quot;:&quot;content&quot;,&quot;animateStyle&quot;:&quot;swing&quot;,&quot;animateDelay&quot;:1000,&quot;navigation&quot;:true,&quot;active&quot;:999,&quot;expandedOther&quot;:&quot;no&quot;}>\r\n                <div class=\"items\" >\r\n    \r\n            <div post_id=\"15190\" itemcount=\"0\"  header_id=\"header-0\" id=\"header-0\" style=\"\" class=\"accordions-head head0 border-none\" toggle-text=\"\" main-text=\"Objetivos - Produ\u00e7\u00e3o Musical\">\r\n                                    <span id=\"accordion-icons-0\" class=\"accordion-icons\">\r\n                        <span class=\"accordion-icon-active accordion-plus\"><i class=\"fa fa-plus-square\"><\/i><\/span>\r\n                        <span class=\"accordion-icon-inactive accordion-minus\"><i class=\"fa fa-minus-square\"><\/i><\/span>\r\n                    <\/span>\r\n                    <span id=\"header-text-0\" class=\"accordions-head-title\">Objetivos - Produ\u00e7\u00e3o Musical<\/span>\r\n                            <\/div>\r\n            <div class=\"accordion-content content0 \">\r\n                <div class=\"page\" title=\"Page 13\">\n<div class=\"section\">\n<div class=\"layoutArea\">\n<div class=\"column\">\n<div class=\"page\" title=\"Page 15\">\n<div class=\"section\">\n<div class=\"layoutArea\">\n<div class=\"column\">\n<p><span style=\"color: #ff0000;\"><strong>Aten\u00e7\u00e3o: apenas para alunos que optaram pela especializa\u00e7\u00e3o em produ\u00e7\u00e3o musical.<\/strong><\/span><\/p>\n<p>Compreender as configura\u00e7\u00f5es dos sistemas de Pro Tools HD<\/p>\n<p>Consolidar conhecimentos para atuar em um ambiente de \u00e1udio profissional atrav\u00e9s de t\u00e9cnicas avan\u00e7adas de grava\u00e7\u00e3o, edi\u00e7\u00e3o e mixagem<\/p>\n<p>Aprofundar estudos em diversos cen\u00e1rios pr\u00e1ticos para agilizar o processo de produ\u00e7\u00e3o para aplica\u00e7\u00e3o em projetos musicais<\/p>\n<p>Ter controle completo de altera\u00e7\u00f5es de compasso e andamento<\/p>\n<p>Reutilizar materiais e informa\u00e7\u00f5es de outras sess\u00f5es de maneira r\u00e1pida e inteligente<\/p>\n<p>Organizar takes, usar playlists e compilar performances musicais como vocais e solos (comping)<\/p>\n<p>Dominar trabalhos complexos com instrumentos virtuais<\/p>\n<p>Extrair o m\u00e1ximo do Beat Detective para ajustar performance de bateria gravada em v\u00e1rias pistas<\/p>\n<\/div>\n<\/div>\n<\/div>\n<\/div>\n<\/div>\n<\/div>\n<\/div>\n<\/div>\n            <\/div>\r\n    \r\n            <div post_id=\"15190\" itemcount=\"1\"  header_id=\"header-1482876181799\" id=\"header-1482876181799\" style=\"\" class=\"accordions-head head1482876181799 border-none\" toggle-text=\"\" main-text=\"Conte\u00fados - Produ\u00e7\u00e3o Musical\">\r\n                                    <span id=\"accordion-icons-1482876181799\" class=\"accordion-icons\">\r\n                        <span class=\"accordion-icon-active accordion-plus\"><i class=\"fa fa-plus-square\"><\/i><\/span>\r\n                        <span class=\"accordion-icon-inactive accordion-minus\"><i class=\"fa fa-minus-square\"><\/i><\/span>\r\n                    <\/span>\r\n                    <span id=\"header-text-1482876181799\" class=\"accordions-head-title\">Conte\u00fados - Produ\u00e7\u00e3o Musical<\/span>\r\n                            <\/div>\r\n            <div class=\"accordion-content content1482876181799 \">\r\n                <div class=\"page\" title=\"Page 13\">\n<div class=\"section\">\n<div class=\"layoutArea\">\n<div class=\"column\">\n<div class=\"page\" title=\"Page 15\">\n<div class=\"section\">\n<div class=\"layoutArea\">\n<div class=\"column\">\n<p><span style=\"color: #ff0000;\"><strong>Aten\u00e7\u00e3o: apenas para alunos que optaram pela especializa\u00e7\u00e3o em produ\u00e7\u00e3o musical.<\/strong><\/span><\/p>\n<p>Configura\u00e7\u00f5es do Pro Tools|HD<\/p>\n<p>Disk Allocation<\/p>\n<p>Principais prefer\u00eancias do Pro Tools<\/p>\n<p>Relink M\u00eddia<\/p>\n<p>T\u00e9cnicas avan\u00e7adas de sele\u00e7\u00e3o, inclusive com atalhos<\/p>\n<p>T\u00e9cnicas avan\u00e7adas de edi\u00e7\u00e3o, inclusive com atalhos<\/p>\n<p>Ferramentas de edi\u00e7\u00e3o alternativas (Alternate Tools)<\/p>\n<p>Nudge avan\u00e7ado<\/p>\n<p>Strip Silence<\/p>\n<p>Automa\u00e7\u00e3o Avan\u00e7ada (Manual Write, Write on stop, AutoMatch, Edit Special)<\/p>\n<p>Modos de Solo<\/p>\n<p>VCA Master Tracks<\/p>\n<p>Maneiras de gerenciar plug-ins e seus recursos<\/p>\n<p>Identify Beat<\/p>\n<p>Import Session Data avan\u00e7ado<\/p>\n<p>Dynamic Transport<\/p>\n<p>QuickPunch e TrackPunch<\/p>\n<p>Playlists<\/p>\n<p>Roteamento m\u00faltiplo em Instrumentos Virtuais<\/p>\n<p>MIDI Real Time Properties avan\u00e7ado<\/p>\n<p>Score Editor e MIDI Editor<\/p>\n<p>Beat Detective<\/p>\n<p>Bar\/Beat Markers Vs. Tempo Event<\/p>\n<p>Window Configuration<\/p>\n<p>Auto Trim e Preview<\/p>\n<p>Discuss\u00e3o de fluxos com automa\u00e7\u00e3o est\u00e1tica<\/p>\n<p>Trim Mode<\/p>\n<\/div>\n<\/div>\n<\/div>\n<\/div>\n<\/div>\n<\/div>\n<\/div>\n<\/div>\n            <\/div>\r\n    \r\n            <div post_id=\"15190\" itemcount=\"2\"  header_id=\"header-1483302438209\" id=\"header-1483302438209\" style=\"\" class=\"accordions-head head1483302438209 border-none\" toggle-text=\"\" main-text=\"Objetivos - P\u00f3s-Produ\u00e7\u00e3o\">\r\n                                    <span id=\"accordion-icons-1483302438209\" class=\"accordion-icons\">\r\n                        <span class=\"accordion-icon-active accordion-plus\"><i class=\"fa fa-plus-square\"><\/i><\/span>\r\n                        <span class=\"accordion-icon-inactive accordion-minus\"><i class=\"fa fa-minus-square\"><\/i><\/span>\r\n                    <\/span>\r\n                    <span id=\"header-text-1483302438209\" class=\"accordions-head-title\">Objetivos - P\u00f3s-Produ\u00e7\u00e3o<\/span>\r\n                            <\/div>\r\n            <div class=\"accordion-content content1483302438209 \">\r\n                <p style=\"color: #333333; font-family: Georgia, 'Times New Roman', 'Bitstream Charter', Times, serif; font-size: 16px;\"><span style=\"color: #ff0000;\"><strong>Aten\u00e7\u00e3o: apenas para alunos que optaram pela especializa\u00e7\u00e3o em p\u00f3s-produ\u00e7\u00e3o.<\/strong><\/span><\/p>\n<p style=\"color: #333333; font-family: Georgia, 'Times New Roman', 'Bitstream Charter', Times, serif; font-size: 16px;\">Compreender as configura\u00e7\u00f5es dos sistemas de Pro Tools HD<\/p>\n<p style=\"color: #333333; font-family: Georgia, 'Times New Roman', 'Bitstream Charter', Times, serif; font-size: 16px;\">Entender o processo de recebimento do material do editor de imagens<\/p>\n<p style=\"color: #333333; font-family: Georgia, 'Times New Roman', 'Bitstream Charter', Times, serif; font-size: 16px;\">Import Session Data avan\u00e7ado<\/p>\n<p style=\"color: #333333; font-family: Georgia, 'Times New Roman', 'Bitstream Charter', Times, serif; font-size: 16px;\">Sincronizar o Pro Tools em um ambiente de p\u00f3s produ\u00e7\u00e3o<\/p>\n<p style=\"color: #333333; font-family: Georgia, 'Times New Roman', 'Bitstream Charter', Times, serif; font-size: 16px;\">Gerenciar, organizar e catalogar arquivos de maneira profissional (Media Asset Management)<\/p>\n<p style=\"color: #333333; font-family: Georgia, 'Times New Roman', 'Bitstream Charter', Times, serif; font-size: 16px;\">Entender quais s\u00e3o as fun\u00e7\u00f5es de um editor de som e dominar t\u00e9cnicas necess\u00e1rias para essa atividade<\/p>\n<p style=\"color: #333333; font-family: Georgia, 'Times New Roman', 'Bitstream Charter', Times, serif; font-size: 16px;\">Desenvolver t\u00e9cnicas de mixagem de som para imagem<\/p>\n<p style=\"color: #333333; font-family: Georgia, 'Times New Roman', 'Bitstream Charter', Times, serif; font-size: 16px;\">Aprender e otimizar m\u00e9todos de entrega do material finalizado<\/p>\n<p style=\"color: #333333; font-family: Georgia, 'Times New Roman', 'Bitstream Charter', Times, serif; font-size: 16px;\">Conhecer os formatos de v\u00eddeo e\u00a0CODECs<\/p>\n            <\/div>\r\n    \r\n            <div post_id=\"15190\" itemcount=\"3\"  header_id=\"header-1483302475746\" id=\"header-1483302475746\" style=\"\" class=\"accordions-head head1483302475746 border-none\" toggle-text=\"\" main-text=\"Conte\u00fados - P\u00f3s-Produ\u00e7\u00e3o\">\r\n                                    <span id=\"accordion-icons-1483302475746\" class=\"accordion-icons\">\r\n                        <span class=\"accordion-icon-active accordion-plus\"><i class=\"fa fa-plus-square\"><\/i><\/span>\r\n                        <span class=\"accordion-icon-inactive accordion-minus\"><i class=\"fa fa-minus-square\"><\/i><\/span>\r\n                    <\/span>\r\n                    <span id=\"header-text-1483302475746\" class=\"accordions-head-title\">Conte\u00fados - P\u00f3s-Produ\u00e7\u00e3o<\/span>\r\n                            <\/div>\r\n            <div class=\"accordion-content content1483302475746 \">\r\n                <p style=\"color: #333333; font-family: Georgia, 'Times New Roman', 'Bitstream Charter', Times, serif; font-size: 16px;\"><span style=\"color: #ff0000;\"><strong>Aten\u00e7\u00e3o: apenas para alunos que optaram pela especializa\u00e7\u00e3o em p\u00f3s-produ\u00e7\u00e3o.<\/strong><\/span><\/p>\n<p style=\"color: #333333; font-family: Georgia, 'Times New Roman', 'Bitstream Charter', Times, serif; font-size: 16px;\">Configura\u00e7\u00f5es do Pro Tools|HD<\/p>\n<p style=\"color: #333333; font-family: Georgia, 'Times New Roman', 'Bitstream Charter', Times, serif; font-size: 16px;\">Disk Allocation<\/p>\n<p style=\"color: #333333; font-family: Georgia, 'Times New Roman', 'Bitstream Charter', Times, serif; font-size: 16px;\">Principais prefer\u00eancias do Pro Tools<\/p>\n<p style=\"color: #333333; font-family: Georgia, 'Times New Roman', 'Bitstream Charter', Times, serif; font-size: 16px;\">Relink M\u00eddia<\/p>\n<p style=\"color: #333333; font-family: Georgia, 'Times New Roman', 'Bitstream Charter', Times, serif; font-size: 16px;\">T\u00e9cnicas avan\u00e7adas de sele\u00e7\u00e3o, inclusive com atalhos<\/p>\n<p style=\"color: #333333; font-family: Georgia, 'Times New Roman', 'Bitstream Charter', Times, serif; font-size: 16px;\">T\u00e9cnicas avan\u00e7adas de edi\u00e7\u00e3o, inclusive com atalhos<\/p>\n<p style=\"color: #333333; font-family: Georgia, 'Times New Roman', 'Bitstream Charter', Times, serif; font-size: 16px;\">Ferramentas de edi\u00e7\u00e3o alternativas (Alternate Tools)<\/p>\n<p style=\"color: #333333; font-family: Georgia, 'Times New Roman', 'Bitstream Charter', Times, serif; font-size: 16px;\">Nudge avan\u00e7ado<\/p>\n<p style=\"color: #333333; font-family: Georgia, 'Times New Roman', 'Bitstream Charter', Times, serif; font-size: 16px;\">Strip Silence<\/p>\n<p style=\"color: #333333; font-family: Georgia, 'Times New Roman', 'Bitstream Charter', Times, serif; font-size: 16px;\">Automa\u00e7\u00e3o Avan\u00e7ada (Manual Write, Write on stop, AutoMatch, Edit Special)<\/p>\n<p style=\"color: #333333; font-family: Georgia, 'Times New Roman', 'Bitstream Charter', Times, serif; font-size: 16px;\">Modos de Solo<\/p>\n<p style=\"color: #333333; font-family: Georgia, 'Times New Roman', 'Bitstream Charter', Times, serif; font-size: 16px;\">VCA Master Tracks<\/p>\n<p style=\"color: #333333; font-family: Georgia, 'Times New Roman', 'Bitstream Charter', Times, serif; font-size: 16px;\">Maneiras de gerenciar plug-ins e seus recursos<\/p>\n<p style=\"color: #333333; font-family: Georgia, 'Times New Roman', 'Bitstream Charter', Times, serif; font-size: 16px;\">Dynamic Transport<\/p>\n<p style=\"color: #333333; font-family: Georgia, 'Times New Roman', 'Bitstream Charter', Times, serif; font-size: 16px;\">T\u00e9cnicas de grava\u00e7\u00e3o espec\u00edficas para dublagem<\/p>\n<p style=\"color: #333333; font-family: Georgia, 'Times New Roman', 'Bitstream Charter', Times, serif; font-size: 16px;\">QuickPunch e TrackPunch<\/p>\n<p style=\"color: #333333; font-family: Georgia, 'Times New Roman', 'Bitstream Charter', Times, serif; font-size: 16px;\">Playlists<\/p>\n<p style=\"color: #333333; font-family: Georgia, 'Times New Roman', 'Bitstream Charter', Times, serif; font-size: 16px;\">Window Configuration<\/p>\n<p style=\"color: #333333; font-family: Georgia, 'Times New Roman', 'Bitstream Charter', Times, serif; font-size: 16px;\">Auto Trim e Preview<\/p>\n<p style=\"color: #333333; font-family: Georgia, 'Times New Roman', 'Bitstream Charter', Times, serif; font-size: 16px;\">Discuss\u00e3o de fluxos com automa\u00e7\u00e3o est\u00e1tica<\/p>\n<p style=\"color: #333333; font-family: Georgia, 'Times New Roman', 'Bitstream Charter', Times, serif; font-size: 16px;\">Trim Mode<\/p>\n<p style=\"color: #333333; font-family: Georgia, 'Times New Roman', 'Bitstream Charter', Times, serif; font-size: 16px;\">Video track e edi\u00e7\u00e3o b\u00e1sica de v\u00eddeo<\/p>\n<p style=\"color: #333333; font-family: Georgia, 'Times New Roman', 'Bitstream Charter', Times, serif; font-size: 16px;\">Video Universe<\/p>\n<p style=\"color: #333333; font-family: Georgia, 'Times New Roman', 'Bitstream Charter', Times, serif; font-size: 16px;\">Video Satellite;<\/p>\n<p style=\"color: #333333; font-family: Georgia, 'Times New Roman', 'Bitstream Charter', Times, serif; font-size: 16px;\">Integra\u00e7\u00e3o com Avid Media Composer<\/p>\n<p style=\"color: #333333; font-family: Georgia, 'Times New Roman', 'Bitstream Charter', Times, serif; font-size: 16px;\">OMF, AAF e MXF<\/p>\n<p style=\"color: #333333; font-family: Georgia, 'Times New Roman', 'Bitstream Charter', Times, serif; font-size: 16px;\">Workflow com o equipamento de grava\u00e7\u00e3o do som direto<\/p>\n<p style=\"color: #333333; font-family: Georgia, 'Times New Roman', 'Bitstream Charter', Times, serif; font-size: 16px;\">Edi\u00e7\u00e3o de di\u00e1logos, ADR<\/p>\n<p style=\"color: #333333; font-family: Georgia, 'Times New Roman', 'Bitstream Charter', Times, serif; font-size: 16px;\">Gerenciamento e edi\u00e7\u00e3o de ambientes e efeitos sonoros<\/p>\n<p style=\"color: #333333; font-family: Georgia, 'Times New Roman', 'Bitstream Charter', Times, serif; font-size: 16px;\">Mixagem para Imagem<\/p>\n<p style=\"color: #333333; font-family: Georgia, 'Times New Roman', 'Bitstream Charter', Times, serif; font-size: 16px;\">Formatos de finaliza\u00e7\u00e3o<\/p>\n            <\/div>\r\n    \r\n            <div post_id=\"15190\" itemcount=\"4\"  header_id=\"header-1483131947244\" id=\"header-1483131947244\" style=\"\" class=\"accordions-head head1483131947244 border-none\" toggle-text=\"\" main-text=\"Certifica\u00e7\u00e3o Oficial (opcional)\">\r\n                                    <span id=\"accordion-icons-1483131947244\" class=\"accordion-icons\">\r\n                        <span class=\"accordion-icon-active accordion-plus\"><i class=\"fa fa-plus-square\"><\/i><\/span>\r\n                        <span class=\"accordion-icon-inactive accordion-minus\"><i class=\"fa fa-minus-square\"><\/i><\/span>\r\n                    <\/span>\r\n                    <span id=\"header-text-1483131947244\" class=\"accordions-head-title\">Certifica\u00e7\u00e3o Oficial (opcional)<\/span>\r\n                            <\/div>\r\n            <div class=\"accordion-content content1483131947244 \">\r\n                <p><iframe title=\"ProClass - Sistema de certifica\u00e7\u00e3o em Pro Tools\" width=\"1440\" height=\"810\" src=\"https:\/\/www.youtube.com\/embed\/8NFLOz1BTUI?feature=oembed\" frameborder=\"0\" allow=\"accelerometer; autoplay; clipboard-write; encrypted-media; gyroscope; picture-in-picture; web-share\" referrerpolicy=\"strict-origin-when-cross-origin\" allowfullscreen><\/iframe><\/p>\n<p><strong>O que as certifica\u00e7\u00f5es oficiais da Avid oferecem?<\/strong><\/p>\n<p>Seu nome, seu curr\u00edculo e seus contatos no site da Avid, na lista de profissionais certificados. http:\/\/www.avid.com\/education\/find-a-certified-professional<br \/>\nUso da marca Avid e seu n\u00edvel de certifica\u00e7\u00e3o em sua correspond\u00eancia digital, cart\u00f5es de visita, site, blog etc.<br \/>\nReconhecimento de suas capacidades perante ao mercado de trabalho: Atualmente algumas emissoras televisivas t\u00eam exigido certifica\u00e7\u00e3o oficial de seus funcion\u00e1rios.<\/p>\n<p><strong>O que as certifica\u00e7\u00f5es representam?<\/strong><\/p>\n<p>Demonstram sua compet\u00eancia fundamental em edi\u00e7\u00e3o de \u00e1udio e\/ou v\u00eddeo na vers\u00e3o atual do software<br \/>\nDiferenciam voc\u00ea dos seus competidores e chama aten\u00e7\u00e3o para seu curr\u00edculo.<br \/>\nConfirmam suas credenciais com o diploma Certificate of Achievement e com seu nome na lista de profissionais no site da Avid.<\/p>\n<p><strong>S\u00e3o quantos exames?<\/strong><\/p>\n<p>Em cada n\u00edvel de certifica\u00e7\u00e3o o candidato ser\u00e1 submetido a dois exames com conte\u00fados diferente, por\u00e9m n\u00e3o h\u00e1 exames pr\u00e1ticos. Os dois exames s\u00e3o te\u00f3ricos, com 50 quest\u00f5es de m\u00faltipla escolha.<\/p>\n<p><strong>Os exames de certifica\u00e7\u00e3o s\u00e3o pagos a partes?<\/strong><\/p>\n<p>Sim. Os pre\u00e7os variam de acordo com o software e o n\u00edvel de certifica\u00e7\u00e3o.<\/p>\n<p><strong>O que est\u00e1 incluso?<\/strong><\/p>\n<p>Dois livros digitais (em ingl\u00eas) fornecidos pela Avid<br \/>\n02 tentativas para ser aprovado no primeiro exame + 2 tentativas para ser aprovado no segundo exame de certifica\u00e7\u00e3o.<\/p>\n<p><strong>O exame pode ser feito online?<\/strong><\/p>\n<p>Sim! Por conta da pandemia o exame pode ser feito de maneira online com supervis\u00e3o por videoconfer\u00eancia. O exame \u00e9 agendado diretamente com nosso atendimento.<\/p>\n<p><strong>Qual o idioma dos exames?<\/strong><\/p>\n<p>Os exames s\u00e3o em ingl\u00eas.<\/p>\n<p><strong>Qual a taxa para ser aprovado?<\/strong><\/p>\n<p>\u00c9 necess\u00e1rio ter o m\u00ednimo de 80% de acertos para ser aprovado. Ou seja \u00e9 preciso acertar 40 quest\u00f5es.<\/p>\n<p><strong>Caso eu seja reprovado, o que acontece?<\/strong><\/p>\n<p>O candidato pode fazer uma segunda tentativa ap\u00f3s 24 horas sem nenhum custo adicional. A partir da terceira tentativa, a Avid cobra $30 d\u00f3lares por cada nova tentativa.<\/p>\n<p>&nbsp;<\/p>\n<p><img decoding=\"async\" class=\"wp-image-6880 aligncenter\" src=\"http:\/\/proclass.com.br\/home\/wp-content\/uploads\/2016\/12\/My-Pro-Tools-User-certificate-300x232.jpg\" width=\"500\" height=\"386\" srcset=\"https:\/\/proclass.com.br\/home\/wp-content\/uploads\/2016\/12\/My-Pro-Tools-User-certificate-300x232.jpg 300w, https:\/\/proclass.com.br\/home\/wp-content\/uploads\/2016\/12\/My-Pro-Tools-User-certificate-768x593.jpg 768w, https:\/\/proclass.com.br\/home\/wp-content\/uploads\/2016\/12\/My-Pro-Tools-User-certificate-1024x791.jpg 1024w, https:\/\/proclass.com.br\/home\/wp-content\/uploads\/2016\/12\/My-Pro-Tools-User-certificate.jpg 1650w\" sizes=\"(max-width: 500px) 100vw, 500px\" \/><\/p>\n            <\/div>\r\n    <\/div>\r\n\r\n\r\n\r\n            <\/div>\n<p>&nbsp;<\/p>\n<h3>\u00a0<a href=\"#inicio\">Voltar ao in\u00edcio<\/a><\/h3>\n<hr \/>\n<\/div>\n<\/div><\/div><\/div><\/div><div id=\"pg-17457-6\"  class=\"panel-grid panel-has-style\" ><div class=\"panel-row-style panel-row-style-for-17457-6\" ><div id=\"pgc-17457-6-0\"  class=\"panel-grid-cell panel-grid-cell-empty\" ><div class=\"panel-cell-style panel-cell-style-for-17457-6-0\" ><\/div><\/div><div id=\"pgc-17457-6-1\"  class=\"panel-grid-cell panel-grid-cell-mobile-last\" ><div id=\"panel-17457-6-1-0\" class=\"so-panel widget widget_sow-editor panel-first-child panel-last-child\" data-index=\"6\" ><div\n\t\t\t\n\t\t\tclass=\"so-widget-sow-editor so-widget-sow-editor-base\"\n\t\t\t\n\t\t>\n<div class=\"siteorigin-widget-tinymce textwidget\">\n\t<p><iframe title=\"Depoimentos de Alunos de Pro Tools da ProClass\" width=\"1440\" height=\"810\" src=\"https:\/\/www.youtube.com\/embed\/cu_GiDpSbCs?feature=oembed\" frameborder=\"0\" allow=\"accelerometer; autoplay; clipboard-write; encrypted-media; gyroscope; picture-in-picture; web-share\" referrerpolicy=\"strict-origin-when-cross-origin\" allowfullscreen><\/iframe><\/p>\n<h3>\u00a0<a href=\"#inicio\">Voltar ao in\u00edcio<\/a><\/h3>\n<\/div>\n<\/div><\/div><\/div><div id=\"pgc-17457-6-2\"  class=\"panel-grid-cell panel-grid-cell-empty\" ><\/div><\/div><\/div><\/div>","protected":false},"excerpt":{"rendered":"<p>Pro Tools Treinamentos Oficiais Avid &#8211; Para Grupos ou Empresas Pro Tools e a ProClass Em 2005 a ProClass trouxe pela primeira vez ao Brasil os cursos oficiais de certifica\u00e7\u00e3o. Atualmente, a ProClass \u00e9 a \u00fanica escola do Brasil e uma das poucas do mundo credenciadas a oferecer todos os n\u00edveis de treinamentos. Oferecemos treinamentosContinue reading &rarr;<\/p>\n","protected":false},"author":4,"featured_media":0,"parent":0,"menu_order":0,"comment_status":"closed","ping_status":"closed","template":"","meta":{"footnotes":""},"class_list":["post-17457","page","type-page","status-publish","hentry","no-thumb"],"yoast_head":"<!-- This site is optimized with the Yoast SEO plugin v26.9 - https:\/\/yoast.com\/product\/yoast-seo-wordpress\/ -->\n<title>Curso de Pro Tools Oficial Avid - Empresarial - PROCLASS<\/title>\n<meta name=\"robots\" content=\"index, follow, max-snippet:-1, max-image-preview:large, max-video-preview:-1\" \/>\n<link rel=\"canonical\" href=\"https:\/\/proclass.com.br\/home\/pro-tools-empresas\/\" \/>\n<meta property=\"og:locale\" content=\"pt_BR\" \/>\n<meta property=\"og:type\" content=\"article\" \/>\n<meta property=\"og:title\" content=\"Curso de Pro Tools Oficial Avid - Empresarial - PROCLASS\" \/>\n<meta property=\"og:description\" content=\"Pro Tools Treinamentos Oficiais Avid - Para Grupos ou Empresas Pro Tools e a ProClass Em 2005 a ProClass trouxe pela primeira vez ao Brasil os cursos oficiais de certifica\u00e7\u00e3o. Atualmente, a ProClass \u00e9 a \u00fanica escola do Brasil e uma das poucas do mundo credenciadas a oferecer todos os n\u00edveis de treinamentos. Oferecemos treinamentosContinue reading &rarr;\" \/>\n<meta property=\"og:url\" content=\"https:\/\/proclass.com.br\/home\/pro-tools-empresas\/\" \/>\n<meta property=\"og:site_name\" content=\"PROCLASS\" \/>\n<meta property=\"article:modified_time\" content=\"2021-12-24T20:10:10+00:00\" \/>\n<meta property=\"og:image\" content=\"https:\/\/proclass.com.br\/home\/wp-content\/uploads\/2012\/08\/ALP_Professional-transparent.png\" \/>\n\t<meta property=\"og:image:width\" content=\"1207\" \/>\n\t<meta property=\"og:image:height\" content=\"152\" \/>\n\t<meta property=\"og:image:type\" content=\"image\/png\" \/>\n<meta name=\"twitter:card\" content=\"summary_large_image\" \/>\n<meta name=\"twitter:label1\" content=\"Est. tempo de leitura\" \/>\n\t<meta name=\"twitter:data1\" content=\"2 minutos\" \/>\n<script type=\"application\/ld+json\" class=\"yoast-schema-graph\">{\"@context\":\"https:\/\/schema.org\",\"@graph\":[{\"@type\":\"WebPage\",\"@id\":\"https:\/\/proclass.com.br\/home\/pro-tools-empresas\/\",\"url\":\"https:\/\/proclass.com.br\/home\/pro-tools-empresas\/\",\"name\":\"Curso de Pro Tools Oficial Avid - Empresarial - PROCLASS\",\"isPartOf\":{\"@id\":\"https:\/\/proclass.com.br\/home\/#website\"},\"primaryImageOfPage\":{\"@id\":\"https:\/\/proclass.com.br\/home\/pro-tools-empresas\/#primaryimage\"},\"image\":{\"@id\":\"https:\/\/proclass.com.br\/home\/pro-tools-empresas\/#primaryimage\"},\"thumbnailUrl\":\"http:\/\/proclass.com.br\/home\/wp-content\/uploads\/2012\/08\/ALP_Professional-transparent-1024x129.png\",\"datePublished\":\"2021-06-15T19:17:36+00:00\",\"dateModified\":\"2021-12-24T20:10:10+00:00\",\"breadcrumb\":{\"@id\":\"https:\/\/proclass.com.br\/home\/pro-tools-empresas\/#breadcrumb\"},\"inLanguage\":\"pt-BR\",\"potentialAction\":[{\"@type\":\"ReadAction\",\"target\":[\"https:\/\/proclass.com.br\/home\/pro-tools-empresas\/\"]}]},{\"@type\":\"ImageObject\",\"inLanguage\":\"pt-BR\",\"@id\":\"https:\/\/proclass.com.br\/home\/pro-tools-empresas\/#primaryimage\",\"url\":\"https:\/\/proclass.com.br\/home\/wp-content\/uploads\/2012\/08\/ALP_Professional-transparent.png\",\"contentUrl\":\"https:\/\/proclass.com.br\/home\/wp-content\/uploads\/2012\/08\/ALP_Professional-transparent.png\",\"width\":1207,\"height\":152},{\"@type\":\"BreadcrumbList\",\"@id\":\"https:\/\/proclass.com.br\/home\/pro-tools-empresas\/#breadcrumb\",\"itemListElement\":[{\"@type\":\"ListItem\",\"position\":1,\"name\":\"In\u00edcio\",\"item\":\"https:\/\/proclass.com.br\/home\/\"},{\"@type\":\"ListItem\",\"position\":2,\"name\":\"Curso de Pro Tools Oficial Avid &#8211; Empresarial\"}]},{\"@type\":\"WebSite\",\"@id\":\"https:\/\/proclass.com.br\/home\/#website\",\"url\":\"https:\/\/proclass.com.br\/home\/\",\"name\":\"PROCLASS\",\"description\":\"CURSOS E TREINAMENTOS\",\"publisher\":{\"@id\":\"https:\/\/proclass.com.br\/home\/#organization\"},\"potentialAction\":[{\"@type\":\"SearchAction\",\"target\":{\"@type\":\"EntryPoint\",\"urlTemplate\":\"https:\/\/proclass.com.br\/home\/?s={search_term_string}\"},\"query-input\":{\"@type\":\"PropertyValueSpecification\",\"valueRequired\":true,\"valueName\":\"search_term_string\"}}],\"inLanguage\":\"pt-BR\"},{\"@type\":\"Organization\",\"@id\":\"https:\/\/proclass.com.br\/home\/#organization\",\"name\":\"PROCLASS\",\"url\":\"https:\/\/proclass.com.br\/home\/\",\"logo\":{\"@type\":\"ImageObject\",\"inLanguage\":\"pt-BR\",\"@id\":\"https:\/\/proclass.com.br\/home\/#\/schema\/logo\/image\/\",\"url\":\"https:\/\/proclass.com.br\/home\/wp-content\/uploads\/2023\/06\/CABECALHO-black_PROCLASS-2023.png\",\"contentUrl\":\"https:\/\/proclass.com.br\/home\/wp-content\/uploads\/2023\/06\/CABECALHO-black_PROCLASS-2023.png\",\"width\":2563,\"height\":911,\"caption\":\"PROCLASS\"},\"image\":{\"@id\":\"https:\/\/proclass.com.br\/home\/#\/schema\/logo\/image\/\"}}]}<\/script>\n<!-- \/ Yoast SEO plugin. -->","yoast_head_json":{"title":"Curso de Pro Tools Oficial Avid - Empresarial - PROCLASS","robots":{"index":"index","follow":"follow","max-snippet":"max-snippet:-1","max-image-preview":"max-image-preview:large","max-video-preview":"max-video-preview:-1"},"canonical":"https:\/\/proclass.com.br\/home\/pro-tools-empresas\/","og_locale":"pt_BR","og_type":"article","og_title":"Curso de Pro Tools Oficial Avid - Empresarial - PROCLASS","og_description":"Pro Tools Treinamentos Oficiais Avid - Para Grupos ou Empresas Pro Tools e a ProClass Em 2005 a ProClass trouxe pela primeira vez ao Brasil os cursos oficiais de certifica\u00e7\u00e3o. Atualmente, a ProClass \u00e9 a \u00fanica escola do Brasil e uma das poucas do mundo credenciadas a oferecer todos os n\u00edveis de treinamentos. Oferecemos treinamentosContinue reading &rarr;","og_url":"https:\/\/proclass.com.br\/home\/pro-tools-empresas\/","og_site_name":"PROCLASS","article_modified_time":"2021-12-24T20:10:10+00:00","og_image":[{"width":1207,"height":152,"url":"https:\/\/proclass.com.br\/home\/wp-content\/uploads\/2012\/08\/ALP_Professional-transparent.png","type":"image\/png"}],"twitter_card":"summary_large_image","twitter_misc":{"Est. tempo de leitura":"2 minutos"},"schema":{"@context":"https:\/\/schema.org","@graph":[{"@type":"WebPage","@id":"https:\/\/proclass.com.br\/home\/pro-tools-empresas\/","url":"https:\/\/proclass.com.br\/home\/pro-tools-empresas\/","name":"Curso de Pro Tools Oficial Avid - Empresarial - PROCLASS","isPartOf":{"@id":"https:\/\/proclass.com.br\/home\/#website"},"primaryImageOfPage":{"@id":"https:\/\/proclass.com.br\/home\/pro-tools-empresas\/#primaryimage"},"image":{"@id":"https:\/\/proclass.com.br\/home\/pro-tools-empresas\/#primaryimage"},"thumbnailUrl":"http:\/\/proclass.com.br\/home\/wp-content\/uploads\/2012\/08\/ALP_Professional-transparent-1024x129.png","datePublished":"2021-06-15T19:17:36+00:00","dateModified":"2021-12-24T20:10:10+00:00","breadcrumb":{"@id":"https:\/\/proclass.com.br\/home\/pro-tools-empresas\/#breadcrumb"},"inLanguage":"pt-BR","potentialAction":[{"@type":"ReadAction","target":["https:\/\/proclass.com.br\/home\/pro-tools-empresas\/"]}]},{"@type":"ImageObject","inLanguage":"pt-BR","@id":"https:\/\/proclass.com.br\/home\/pro-tools-empresas\/#primaryimage","url":"https:\/\/proclass.com.br\/home\/wp-content\/uploads\/2012\/08\/ALP_Professional-transparent.png","contentUrl":"https:\/\/proclass.com.br\/home\/wp-content\/uploads\/2012\/08\/ALP_Professional-transparent.png","width":1207,"height":152},{"@type":"BreadcrumbList","@id":"https:\/\/proclass.com.br\/home\/pro-tools-empresas\/#breadcrumb","itemListElement":[{"@type":"ListItem","position":1,"name":"In\u00edcio","item":"https:\/\/proclass.com.br\/home\/"},{"@type":"ListItem","position":2,"name":"Curso de Pro Tools Oficial Avid &#8211; Empresarial"}]},{"@type":"WebSite","@id":"https:\/\/proclass.com.br\/home\/#website","url":"https:\/\/proclass.com.br\/home\/","name":"PROCLASS","description":"CURSOS E TREINAMENTOS","publisher":{"@id":"https:\/\/proclass.com.br\/home\/#organization"},"potentialAction":[{"@type":"SearchAction","target":{"@type":"EntryPoint","urlTemplate":"https:\/\/proclass.com.br\/home\/?s={search_term_string}"},"query-input":{"@type":"PropertyValueSpecification","valueRequired":true,"valueName":"search_term_string"}}],"inLanguage":"pt-BR"},{"@type":"Organization","@id":"https:\/\/proclass.com.br\/home\/#organization","name":"PROCLASS","url":"https:\/\/proclass.com.br\/home\/","logo":{"@type":"ImageObject","inLanguage":"pt-BR","@id":"https:\/\/proclass.com.br\/home\/#\/schema\/logo\/image\/","url":"https:\/\/proclass.com.br\/home\/wp-content\/uploads\/2023\/06\/CABECALHO-black_PROCLASS-2023.png","contentUrl":"https:\/\/proclass.com.br\/home\/wp-content\/uploads\/2023\/06\/CABECALHO-black_PROCLASS-2023.png","width":2563,"height":911,"caption":"PROCLASS"},"image":{"@id":"https:\/\/proclass.com.br\/home\/#\/schema\/logo\/image\/"}}]}},"_links":{"self":[{"href":"https:\/\/proclass.com.br\/home\/wp-json\/wp\/v2\/pages\/17457","targetHints":{"allow":["GET"]}}],"collection":[{"href":"https:\/\/proclass.com.br\/home\/wp-json\/wp\/v2\/pages"}],"about":[{"href":"https:\/\/proclass.com.br\/home\/wp-json\/wp\/v2\/types\/page"}],"author":[{"embeddable":true,"href":"https:\/\/proclass.com.br\/home\/wp-json\/wp\/v2\/users\/4"}],"replies":[{"embeddable":true,"href":"https:\/\/proclass.com.br\/home\/wp-json\/wp\/v2\/comments?post=17457"}],"version-history":[{"count":0,"href":"https:\/\/proclass.com.br\/home\/wp-json\/wp\/v2\/pages\/17457\/revisions"}],"wp:attachment":[{"href":"https:\/\/proclass.com.br\/home\/wp-json\/wp\/v2\/media?parent=17457"}],"curies":[{"name":"wp","href":"https:\/\/api.w.org\/{rel}","templated":true}]}}